{"id":394,"date":"2019-03-08T11:12:56","date_gmt":"2019-03-08T10:12:56","guid":{"rendered":"http:\/\/nfs-sigmaringen.de\/?page_id=394"},"modified":"2025-10-12T20:37:23","modified_gmt":"2025-10-12T18:37:23","slug":"news","status":"publish","type":"page","link":"https:\/\/nfs-sigmaringen.de\/","title":{"rendered":"News"},"content":{"rendered":"\n<h2 class=\"wp-block-heading\" style=\"line-height:1.4\">Unsere Neuigkeiten<\/h2>\n\n\n\n<p>Hier finden Sie unsere neuesten Beitr\u00e4ge in chronologischer Abfolge. Sollten Sie sich f\u00fcr spezielle Bereiche unserer Arbeit interessieren, so w\u00e4hlen Sie im Menue oben die entsprechende Kategorie aus.<\/p>\n\n\n<ul class=\"wp-block-latest-posts__list has-dates wp-block-latest-posts\"><li><div class=\"wp-block-latest-posts__featured-image aligncenter\"><img decoding=\"async\" width=\"525\" height=\"394\" src=\"https:\/\/nfs-sigmaringen.de\/wp-content\/uploads\/2026\/04\/img_3593-3-1024x768.jpg\" class=\"attachment-large size-large wp-post-image\" alt=\"\" style=\"max-width:768px;max-height:768px;\" srcset=\"https:\/\/nfs-sigmaringen.de\/wp-content\/uploads\/2026\/04\/img_3593-3-1024x768.jpg 1024w, https:\/\/nfs-sigmaringen.de\/wp-content\/uploads\/2026\/04\/img_3593-3-300x225.jpg 300w, https:\/\/nfs-sigmaringen.de\/wp-content\/uploads\/2026\/04\/img_3593-3-768x576.jpg 768w, https:\/\/nfs-sigmaringen.de\/wp-content\/uploads\/2026\/04\/img_3593-3-1536x1152.jpg 1536w, https:\/\/nfs-sigmaringen.de\/wp-content\/uploads\/2026\/04\/img_3593-3.jpg 2000w\" sizes=\"100vw\" \/><\/div><a class=\"wp-block-latest-posts__post-title\" href=\"https:\/\/nfs-sigmaringen.de\/?p=5082\">Neue Mitglieder im PSNV-Leitungsteam<\/a><time datetime=\"2026-04-14T23:14:44+02:00\" class=\"wp-block-latest-posts__post-date\">14. April 2026<\/time><div class=\"wp-block-latest-posts__post-excerpt\">Unser PSNV-Team stellt sich personell neu auf: Daniela Ziemer \u00fcbernimmt die fachliche Leitung des Einsatzkr\u00e4fteschulungsteams (EKS) und folgt damit auf Edwin M\u00fcller.Silke Haag verst\u00e4rkt das Leitungsteam und \u00fcbernimmt die Aufgaben der Einsatzkoordination des EKS von Elke Gehrling. Wir danken Edwin M\u00fcller und Elke Gehrling ganz herzlich f\u00fcr ihr gro\u00dfes Engagement &hellip; <p class=\"link-more\"><a href=\"https:\/\/nfs-sigmaringen.de\/?p=5082\" class=\"more-link\"><span class=\"screen-reader-text\">\u201eNeue Mitglieder im PSNV-Leitungsteam\u201c <\/span>weiterlesen<\/a><\/p><\/div><\/li>\n<li><div class=\"wp-block-latest-posts__featured-image aligncenter\"><img decoding=\"async\" width=\"525\" height=\"431\" src=\"https:\/\/nfs-sigmaringen.de\/wp-content\/uploads\/2026\/04\/img_3492-1024x841.jpg\" class=\"attachment-large size-large wp-post-image\" alt=\"\" style=\"max-width:768px;max-height:768px;\" srcset=\"https:\/\/nfs-sigmaringen.de\/wp-content\/uploads\/2026\/04\/img_3492-1024x841.jpg 1024w, https:\/\/nfs-sigmaringen.de\/wp-content\/uploads\/2026\/04\/img_3492-300x246.jpg 300w, https:\/\/nfs-sigmaringen.de\/wp-content\/uploads\/2026\/04\/img_3492-768x631.jpg 768w, https:\/\/nfs-sigmaringen.de\/wp-content\/uploads\/2026\/04\/img_3492-1536x1261.jpg 1536w, https:\/\/nfs-sigmaringen.de\/wp-content\/uploads\/2026\/04\/img_3492.jpg 2000w\" sizes=\"100vw\" \/><\/div><a class=\"wp-block-latest-posts__post-title\" href=\"https:\/\/nfs-sigmaringen.de\/?p=5038\">Heeresmusikkorps spielt f\u00fcr Notfallseelsorge<\/a><time datetime=\"2026-04-01T21:41:00+02:00\" class=\"wp-block-latest-posts__post-date\">1. April 2026<\/time><div class=\"wp-block-latest-posts__post-excerpt\">Das Heeresmusikkorps Ulm unter der Leitung von Herrn Major Dominik Koch begeisterte mit einer eindrucksvollen musikalischen Performance. Auf Initiative von B\u00fcrgermeister Lothar Fischer fand das Konzert zugunsten der Notfallseelsorge des Landkreises Sigmaringen statt. Ein Abend voller Musik, Engagement und gro\u00dfer Wertsch\u00e4tzung f\u00fcr die wichtige Arbeit der Notfallseelsorge. Herzlichen Dank an &hellip; <p class=\"link-more\"><a href=\"https:\/\/nfs-sigmaringen.de\/?p=5038\" class=\"more-link\"><span class=\"screen-reader-text\">\u201eHeeresmusikkorps spielt f\u00fcr Notfallseelsorge\u201c <\/span>weiterlesen<\/a><\/p><\/div><\/li>\n<li><div class=\"wp-block-latest-posts__featured-image aligncenter\"><img decoding=\"async\" width=\"525\" height=\"319\" src=\"https:\/\/nfs-sigmaringen.de\/wp-content\/uploads\/2026\/03\/20260321_133312507_ios-1-1024x622.jpg\" class=\"attachment-large size-large wp-post-image\" alt=\"\" style=\"max-width:768px;max-height:768px;\" srcset=\"https:\/\/nfs-sigmaringen.de\/wp-content\/uploads\/2026\/03\/20260321_133312507_ios-1-1024x622.jpg 1024w, https:\/\/nfs-sigmaringen.de\/wp-content\/uploads\/2026\/03\/20260321_133312507_ios-1-300x182.jpg 300w, https:\/\/nfs-sigmaringen.de\/wp-content\/uploads\/2026\/03\/20260321_133312507_ios-1-768x466.jpg 768w, https:\/\/nfs-sigmaringen.de\/wp-content\/uploads\/2026\/03\/20260321_133312507_ios-1-1536x932.jpg 1536w, https:\/\/nfs-sigmaringen.de\/wp-content\/uploads\/2026\/03\/20260321_133312507_ios-1.jpg 2000w\" sizes=\"100vw\" \/><\/div><a class=\"wp-block-latest-posts__post-title\" href=\"https:\/\/nfs-sigmaringen.de\/?p=5015\">Erich Glaser verabschiedet sich aus dem SbE-Team Sigmaringen<\/a><time datetime=\"2026-03-21T18:52:00+01:00\" class=\"wp-block-latest-posts__post-date\">21. M\u00e4rz 2026<\/time><div class=\"wp-block-latest-posts__post-excerpt\">Heute verabschieden wir Erich Glaser aus unserem SbE-Team Sigmaringen. Als Gr\u00fcndungsmitglied des SbE-Teams im Landkreis Sigmaringen hat er unser Team \u00fcber viele Jahre gepr\u00e4gt. \u00dcber 21 Jahre hinweg nahm er regelm\u00e4\u00dfig an unseren \u00dcbungstagen teil und begleitete zahlreiche PSNV-E-Ma\u00dfnahmen im Landkreis bei Rettungsdienst und Feuerwehr. Seine gro\u00dfe Fachkompetenz aus dem &hellip; <p class=\"link-more\"><a href=\"https:\/\/nfs-sigmaringen.de\/?p=5015\" class=\"more-link\"><span class=\"screen-reader-text\">\u201eErich Glaser verabschiedet sich aus dem SbE-Team Sigmaringen\u201c <\/span>weiterlesen<\/a><\/p><\/div><\/li>\n<li><div class=\"wp-block-latest-posts__featured-image aligncenter\"><img decoding=\"async\" width=\"525\" height=\"708\" src=\"https:\/\/nfs-sigmaringen.de\/wp-content\/uploads\/2026\/02\/img_3319-759x1024.jpg\" class=\"attachment-large size-large wp-post-image\" alt=\"\" style=\"max-width:768px;max-height:768px;\" srcset=\"https:\/\/nfs-sigmaringen.de\/wp-content\/uploads\/2026\/02\/img_3319-759x1024.jpg 759w, https:\/\/nfs-sigmaringen.de\/wp-content\/uploads\/2026\/02\/img_3319-222x300.jpg 222w, https:\/\/nfs-sigmaringen.de\/wp-content\/uploads\/2026\/02\/img_3319-768x1036.jpg 768w, https:\/\/nfs-sigmaringen.de\/wp-content\/uploads\/2026\/02\/img_3319-1138x1536.jpg 1138w, https:\/\/nfs-sigmaringen.de\/wp-content\/uploads\/2026\/02\/img_3319.jpg 1482w\" sizes=\"100vw\" \/><\/div><a class=\"wp-block-latest-posts__post-title\" href=\"https:\/\/nfs-sigmaringen.de\/?p=4967\">Ehrenmedaille in Gold f\u00fcr Winfried Fritz<\/a><time datetime=\"2026-02-20T01:06:00+01:00\" class=\"wp-block-latest-posts__post-date\">20. Februar 2026<\/time><div class=\"wp-block-latest-posts__post-excerpt\">Bei der Verbandsversammlung desKFV Sigmaringen war das Leitungsteam der PSNV Sigmaringen vertreten. Im Rahmen der Ehrungen hat Winfried Fritz die Ehrenmedaille in Gold des LFV Baden-W\u00fcrttemberg erhalten. Gew\u00fcrdigt wurde sein Engagement \u00fcber 25 Jahre in der Psychosozialen Notfallversorgung im Landkreis Sigmaringen. Es war ein gro\u00dfes Wiedersehen der Blaulichtfamilie des Landkreises &hellip; <p class=\"link-more\"><a href=\"https:\/\/nfs-sigmaringen.de\/?p=4967\" class=\"more-link\"><span class=\"screen-reader-text\">\u201eEhrenmedaille in Gold f\u00fcr Winfried Fritz\u201c <\/span>weiterlesen<\/a><\/p><\/div><\/li>\n<li><div class=\"wp-block-latest-posts__featured-image aligncenter\"><img decoding=\"async\" width=\"525\" height=\"394\" src=\"https:\/\/nfs-sigmaringen.de\/wp-content\/uploads\/2026\/02\/2026-PSNV-Jahresrueckblick-2025.jpg\" class=\"attachment-large size-large wp-post-image\" alt=\"\" style=\"max-width:768px;max-height:768px;\" srcset=\"https:\/\/nfs-sigmaringen.de\/wp-content\/uploads\/2026\/02\/2026-PSNV-Jahresrueckblick-2025.jpg 960w, https:\/\/nfs-sigmaringen.de\/wp-content\/uploads\/2026\/02\/2026-PSNV-Jahresrueckblick-2025-300x225.jpg 300w, https:\/\/nfs-sigmaringen.de\/wp-content\/uploads\/2026\/02\/2026-PSNV-Jahresrueckblick-2025-768x576.jpg 768w\" sizes=\"100vw\" \/><\/div><a class=\"wp-block-latest-posts__post-title\" href=\"https:\/\/nfs-sigmaringen.de\/?p=4944\">244 PSNV-B Eins\u00e4tze in 2025<\/a><time datetime=\"2026-02-07T21:57:05+01:00\" class=\"wp-block-latest-posts__post-date\">7. Februar 2026<\/time><div class=\"wp-block-latest-posts__post-excerpt\"><\/div><\/li>\n<li><div class=\"wp-block-latest-posts__featured-image aligncenter\"><img decoding=\"async\" width=\"525\" height=\"378\" src=\"https:\/\/nfs-sigmaringen.de\/wp-content\/uploads\/2026\/02\/20260124_115359461_iOS-1-1024x737.jpg\" class=\"attachment-large size-large wp-post-image\" alt=\"\" style=\"max-width:768px;max-height:768px;\" srcset=\"https:\/\/nfs-sigmaringen.de\/wp-content\/uploads\/2026\/02\/20260124_115359461_iOS-1-1024x737.jpg 1024w, https:\/\/nfs-sigmaringen.de\/wp-content\/uploads\/2026\/02\/20260124_115359461_iOS-1-300x216.jpg 300w, https:\/\/nfs-sigmaringen.de\/wp-content\/uploads\/2026\/02\/20260124_115359461_iOS-1-768x553.jpg 768w, https:\/\/nfs-sigmaringen.de\/wp-content\/uploads\/2026\/02\/20260124_115359461_iOS-1-1536x1105.jpg 1536w, https:\/\/nfs-sigmaringen.de\/wp-content\/uploads\/2026\/02\/20260124_115359461_iOS-1-2048x1474.jpg 2048w\" sizes=\"100vw\" \/><\/div><a class=\"wp-block-latest-posts__post-title\" href=\"https:\/\/nfs-sigmaringen.de\/?p=4935\">SbE-\u00dcbungstag \/ PSNV-E<\/a><time datetime=\"2026-01-24T21:18:29+01:00\" class=\"wp-block-latest-posts__post-date\">24. Januar 2026<\/time><div class=\"wp-block-latest-posts__post-excerpt\">Im Rahmen unseres \u00dcbungstags haben wir uns auf die Kurzbesprechung mit Einsatzkr\u00e4ften nach belastenden Ereignissen vorbereitet. Gemeinsam haben wir das Defusing anhand unserer SbE-Standards besprochen und erneut eingeordnet. Ein besonderer Schwerpunkt bei diesem \u00dcbungstag lag auf dem gemeinsamen Lernen sowie dem Austausch zwischen erfahrenen Peers und neuen Teammitgliedern. Qualit\u00e4t in &hellip; <p class=\"link-more\"><a href=\"https:\/\/nfs-sigmaringen.de\/?p=4935\" class=\"more-link\"><span class=\"screen-reader-text\">\u201eSbE-\u00dcbungstag \/ PSNV-E\u201c <\/span>weiterlesen<\/a><\/p><\/div><\/li>\n<li><div class=\"wp-block-latest-posts__featured-image aligncenter\"><img decoding=\"async\" width=\"525\" height=\"350\" src=\"https:\/\/nfs-sigmaringen.de\/wp-content\/uploads\/2026\/01\/dsc_1536-1024x683.jpg\" class=\"attachment-large size-large wp-post-image\" alt=\"\" style=\"max-width:768px;max-height:768px;\" srcset=\"https:\/\/nfs-sigmaringen.de\/wp-content\/uploads\/2026\/01\/dsc_1536-1024x683.jpg 1024w, https:\/\/nfs-sigmaringen.de\/wp-content\/uploads\/2026\/01\/dsc_1536-300x200.jpg 300w, https:\/\/nfs-sigmaringen.de\/wp-content\/uploads\/2026\/01\/dsc_1536-768x512.jpg 768w, https:\/\/nfs-sigmaringen.de\/wp-content\/uploads\/2026\/01\/dsc_1536-1536x1025.jpg 1536w, https:\/\/nfs-sigmaringen.de\/wp-content\/uploads\/2026\/01\/dsc_1536.jpg 2000w\" sizes=\"100vw\" \/><\/div><a class=\"wp-block-latest-posts__post-title\" href=\"https:\/\/nfs-sigmaringen.de\/?p=4905\">Spende f\u00fcr die Notfallseelsorge<\/a><time datetime=\"2026-01-16T20:09:00+01:00\" class=\"wp-block-latest-posts__post-date\">16. Januar 2026<\/time><div class=\"wp-block-latest-posts__post-excerpt\">Schon seit mehreren Jahren unterst\u00fctzt das Diakoniel\u00e4dele Mengen regelm\u00e4\u00dfig die Notfallseelsorge im Landkreis Sigmaringen. Bei der Spenden\u00fcbergabe am 16.01.2026 wurde die Notfallseelsorge Sigmaringen mit einer Spende in H\u00f6he von 1.000 Euro bedacht. Die Spende kommt der Arbeit der Notfallseelsorge zugute, die Menschen in akuten Krisen- und Notsituationen begleitet und ihnen &hellip; <p class=\"link-more\"><a href=\"https:\/\/nfs-sigmaringen.de\/?p=4905\" class=\"more-link\"><span class=\"screen-reader-text\">\u201eSpende f\u00fcr die Notfallseelsorge\u201c <\/span>weiterlesen<\/a><\/p><\/div><\/li>\n<li><div class=\"wp-block-latest-posts__featured-image aligncenter\"><img decoding=\"async\" width=\"525\" height=\"440\" src=\"https:\/\/nfs-sigmaringen.de\/wp-content\/uploads\/2025\/12\/20251213_090719540_ios-1024x858.jpg\" class=\"attachment-large size-large wp-post-image\" alt=\"\" style=\"max-width:768px;max-height:768px;\" srcset=\"https:\/\/nfs-sigmaringen.de\/wp-content\/uploads\/2025\/12\/20251213_090719540_ios-1024x858.jpg 1024w, https:\/\/nfs-sigmaringen.de\/wp-content\/uploads\/2025\/12\/20251213_090719540_ios-300x251.jpg 300w, https:\/\/nfs-sigmaringen.de\/wp-content\/uploads\/2025\/12\/20251213_090719540_ios-768x644.jpg 768w, https:\/\/nfs-sigmaringen.de\/wp-content\/uploads\/2025\/12\/20251213_090719540_ios-1536x1287.jpg 1536w, https:\/\/nfs-sigmaringen.de\/wp-content\/uploads\/2025\/12\/20251213_090719540_ios.jpg 2000w\" sizes=\"100vw\" \/><\/div><a class=\"wp-block-latest-posts__post-title\" href=\"https:\/\/nfs-sigmaringen.de\/?p=4778\">SbE \u00dcbungstag<\/a><time datetime=\"2025-12-13T20:28:11+01:00\" class=\"wp-block-latest-posts__post-date\">13. Dezember 2025<\/time><div class=\"wp-block-latest-posts__post-excerpt\">Heute hatte das SbE-Team Sigmaringen \u00dcbungstag. Gemeinsam haben wir wieder die Kriterien f\u00fcr eine strukturierte Einsatznachbesprechung wiederholt und das Vorgehen anschlie\u00dfend im Rollenspiel realit\u00e4tsnah trainiert &#8211; als Vorbereitung auf unsere Eins\u00e4tze im Bereich PSNV-E. Besonders sch\u00f6n: Unser Team w\u00e4chst weiter. Neue Mitglieder aus Feuerwehr, Rettungsdienst und Krankenpflege sind dazugekommen und &hellip; <p class=\"link-more\"><a href=\"https:\/\/nfs-sigmaringen.de\/?p=4778\" class=\"more-link\"><span class=\"screen-reader-text\">\u201eSbE \u00dcbungstag\u201c <\/span>weiterlesen<\/a><\/p><\/div><\/li>\n<li><div class=\"wp-block-latest-posts__featured-image aligncenter\"><img decoding=\"async\" width=\"525\" height=\"566\" src=\"https:\/\/nfs-sigmaringen.de\/wp-content\/uploads\/2025\/12\/img_1346-949x1024.jpg\" class=\"attachment-large size-large wp-post-image\" alt=\"\" style=\"max-width:768px;max-height:768px;\" srcset=\"https:\/\/nfs-sigmaringen.de\/wp-content\/uploads\/2025\/12\/img_1346-949x1024.jpg 949w, https:\/\/nfs-sigmaringen.de\/wp-content\/uploads\/2025\/12\/img_1346-278x300.jpg 278w, https:\/\/nfs-sigmaringen.de\/wp-content\/uploads\/2025\/12\/img_1346-768x828.jpg 768w, https:\/\/nfs-sigmaringen.de\/wp-content\/uploads\/2025\/12\/img_1346-1424x1536.jpg 1424w, https:\/\/nfs-sigmaringen.de\/wp-content\/uploads\/2025\/12\/img_1346.jpg 1854w\" sizes=\"100vw\" \/><\/div><a class=\"wp-block-latest-posts__post-title\" href=\"https:\/\/nfs-sigmaringen.de\/?p=4764\">Weihnachtsgeschenk von AET<\/a><time datetime=\"2025-12-08T18:00:00+01:00\" class=\"wp-block-latest-posts__post-date\">8. Dezember 2025<\/time><div class=\"wp-block-latest-posts__post-excerpt\">Bei der Scheck\u00fcbergabe in Sigmaringen \u00fcberreichte die Firma AET eine Spende in H\u00f6he von 1.000 \u20ac an die PSNV Sigmaringen. Vielen Dank f\u00fcr diese so wertvolle Unterst\u00fctzung.<\/div><\/li>\n<li><div class=\"wp-block-latest-posts__featured-image aligncenter\"><img decoding=\"async\" width=\"525\" height=\"864\" src=\"https:\/\/nfs-sigmaringen.de\/wp-content\/uploads\/2025\/11\/img_2705-1-622x1024.jpg\" class=\"attachment-large size-large wp-post-image\" alt=\"\" style=\"max-width:768px;max-height:768px;\" srcset=\"https:\/\/nfs-sigmaringen.de\/wp-content\/uploads\/2025\/11\/img_2705-1-622x1024.jpg 622w, https:\/\/nfs-sigmaringen.de\/wp-content\/uploads\/2025\/11\/img_2705-1-182x300.jpg 182w, https:\/\/nfs-sigmaringen.de\/wp-content\/uploads\/2025\/11\/img_2705-1-768x1265.jpg 768w, https:\/\/nfs-sigmaringen.de\/wp-content\/uploads\/2025\/11\/img_2705-1-932x1536.jpg 932w, https:\/\/nfs-sigmaringen.de\/wp-content\/uploads\/2025\/11\/img_2705-1.jpg 1214w\" sizes=\"100vw\" \/><\/div><a class=\"wp-block-latest-posts__post-title\" href=\"https:\/\/nfs-sigmaringen.de\/?p=4701\">Vorbereitung auf PSNV-E<\/a><time datetime=\"2025-11-15T16:00:00+01:00\" class=\"wp-block-latest-posts__post-date\">15. November 2025<\/time><div class=\"wp-block-latest-posts__post-excerpt\">PSNV Sigmaringen f\u00fchrte den SbE Baustein 1 (\u201eStressbearbeitung nach belastenden Ereignissen\u201c) durch. Als Trainer begleitete uns Oliver Gengenbach von der SbE-Bundesvereinigung. Unser SbE-Team Sigmaringen setzt seit \u00fcber 20 Jahren auf eine standardisierte, hochwertige Ausbildung \u2013 f\u00fcr verl\u00e4ssliche Unterst\u00fctzung der Einsatzkr\u00e4fte in und nach kritischen Einsatzlagen. Lehrinhalte waren: \ud83d\udd39 Grundlagen der &hellip; <p class=\"link-more\"><a href=\"https:\/\/nfs-sigmaringen.de\/?p=4701\" class=\"more-link\"><span class=\"screen-reader-text\">\u201eVorbereitung auf PSNV-E\u201c <\/span>weiterlesen<\/a><\/p><\/div><\/li>\n<li><div class=\"wp-block-latest-posts__featured-image aligncenter\"><img decoding=\"async\" width=\"525\" height=\"892\" src=\"https:\/\/nfs-sigmaringen.de\/wp-content\/uploads\/2025\/11\/img_6310-603x1024.jpg\" class=\"attachment-large size-large wp-post-image\" alt=\"\" style=\"max-width:768px;max-height:768px;\" srcset=\"https:\/\/nfs-sigmaringen.de\/wp-content\/uploads\/2025\/11\/img_6310-603x1024.jpg 603w, https:\/\/nfs-sigmaringen.de\/wp-content\/uploads\/2025\/11\/img_6310-177x300.jpg 177w, https:\/\/nfs-sigmaringen.de\/wp-content\/uploads\/2025\/11\/img_6310-768x1303.jpg 768w, https:\/\/nfs-sigmaringen.de\/wp-content\/uploads\/2025\/11\/img_6310-905x1536.jpg 905w, https:\/\/nfs-sigmaringen.de\/wp-content\/uploads\/2025\/11\/img_6310.jpg 1148w\" sizes=\"100vw\" \/><\/div><a class=\"wp-block-latest-posts__post-title\" href=\"https:\/\/nfs-sigmaringen.de\/?p=4721\">SbE \u00dcbungstag zum Thema Einsatzbegleitung<\/a><time datetime=\"2025-11-08T17:00:00+01:00\" class=\"wp-block-latest-posts__post-date\">8. November 2025<\/time><div class=\"wp-block-latest-posts__post-excerpt\">Im Rahmen des heutigen SbE-\u00dcbungstages standen die Grundlagen der Einsatzbegleitung im Mittelpunkt.Anschlie\u00dfend konnte das Erlernte bei einer \u00dcbung der FFW Pfullendorf praktisch vertieft und angewendet werden \u2013 danke f\u00fcr die gute Zusammenarbeit!<\/div><\/li>\n<li><div class=\"wp-block-latest-posts__featured-image aligncenter\"><img decoding=\"async\" width=\"525\" height=\"526\" src=\"https:\/\/nfs-sigmaringen.de\/wp-content\/uploads\/2025\/12\/576995213_122188002758467533_6652963635923844102_n.jpg\" class=\"attachment-large size-large wp-post-image\" alt=\"\" style=\"max-width:768px;max-height:768px;\" srcset=\"https:\/\/nfs-sigmaringen.de\/wp-content\/uploads\/2025\/12\/576995213_122188002758467533_6652963635923844102_n.jpg 960w, https:\/\/nfs-sigmaringen.de\/wp-content\/uploads\/2025\/12\/576995213_122188002758467533_6652963635923844102_n-300x300.jpg 300w, https:\/\/nfs-sigmaringen.de\/wp-content\/uploads\/2025\/12\/576995213_122188002758467533_6652963635923844102_n-150x150.jpg 150w, https:\/\/nfs-sigmaringen.de\/wp-content\/uploads\/2025\/12\/576995213_122188002758467533_6652963635923844102_n-768x769.jpg 768w, https:\/\/nfs-sigmaringen.de\/wp-content\/uploads\/2025\/12\/576995213_122188002758467533_6652963635923844102_n-100x100.jpg 100w\" sizes=\"100vw\" \/><\/div><a class=\"wp-block-latest-posts__post-title\" href=\"https:\/\/nfs-sigmaringen.de\/?p=4745\">\u00dcbungstag der PSNV Sigmaringen<\/a><time datetime=\"2025-11-04T12:45:00+01:00\" class=\"wp-block-latest-posts__post-date\">4. November 2025<\/time><div class=\"wp-block-latest-posts__post-excerpt\">Am Dienstag war es wieder so weit \u2013 unser j\u00e4hrlicher \u00dcbungstag stand an! Ein gro\u00dfes Dankesch\u00f6n an die Malteser Sigmaringen f\u00fcr die tolle Organisation und die Bereitstellung der R\u00e4umlichkeiten. Nach einem gem\u00fctlichen Ankommen und ein paar organisatorischen Infos ging es f\u00fcr uns zur Polizei Sigmaringen, wo das Thema Gewaltpr\u00e4vention im &hellip; <p class=\"link-more\"><a href=\"https:\/\/nfs-sigmaringen.de\/?p=4745\" class=\"more-link\"><span class=\"screen-reader-text\">\u201e\u00dcbungstag der PSNV Sigmaringen\u201c <\/span>weiterlesen<\/a><\/p><\/div><\/li>\n<li><div class=\"wp-block-latest-posts__featured-image aligncenter\"><img decoding=\"async\" width=\"525\" height=\"366\" src=\"https:\/\/nfs-sigmaringen.de\/wp-content\/uploads\/2025\/12\/578938142_122188029818467533_6771224404860840807_n-e1764586330850-1024x713.jpg\" class=\"attachment-large size-large wp-post-image\" alt=\"\" style=\"max-width:768px;max-height:768px;\" srcset=\"https:\/\/nfs-sigmaringen.de\/wp-content\/uploads\/2025\/12\/578938142_122188029818467533_6771224404860840807_n-e1764586330850-1024x713.jpg 1024w, https:\/\/nfs-sigmaringen.de\/wp-content\/uploads\/2025\/12\/578938142_122188029818467533_6771224404860840807_n-e1764586330850-300x209.jpg 300w, https:\/\/nfs-sigmaringen.de\/wp-content\/uploads\/2025\/12\/578938142_122188029818467533_6771224404860840807_n-e1764586330850-768x535.jpg 768w, https:\/\/nfs-sigmaringen.de\/wp-content\/uploads\/2025\/12\/578938142_122188029818467533_6771224404860840807_n-e1764586330850.jpg 1048w\" sizes=\"100vw\" \/><\/div><a class=\"wp-block-latest-posts__post-title\" href=\"https:\/\/nfs-sigmaringen.de\/?p=4732\">Gewaltpr\u00e4vention bei der Polizei<\/a><time datetime=\"2025-11-04T10:43:00+01:00\" class=\"wp-block-latest-posts__post-date\">4. November 2025<\/time><div class=\"wp-block-latest-posts__post-excerpt\">Bei unserem diesj\u00e4hrigen \u00dcbungstag durften wir die Polizei Sigmaringen besuchen \u2013 der Vormittag stand ganz im Zeichen der Gewaltpr\u00e4vention. Nach der Begr\u00fc\u00dfung durch Herrn Reiser f\u00fchrte uns Holger Beutel in das Thema ein und erkl\u00e4rte, wie wichtig Gewaltpr\u00e4vention f\u00fcr unsere Eins\u00e4tze ist \u2013 um Gefahrensituationen fr\u00fchzeitig zu erkennen und sicher &hellip; <p class=\"link-more\"><a href=\"https:\/\/nfs-sigmaringen.de\/?p=4732\" class=\"more-link\"><span class=\"screen-reader-text\">\u201eGewaltpr\u00e4vention bei der Polizei\u201c <\/span>weiterlesen<\/a><\/p><\/div><\/li>\n<li><div class=\"wp-block-latest-posts__featured-image aligncenter\"><img decoding=\"async\" width=\"525\" height=\"394\" src=\"https:\/\/nfs-sigmaringen.de\/wp-content\/uploads\/2025\/10\/20251018_124137584_iOS-1024x768.jpg\" class=\"attachment-large size-large wp-post-image\" alt=\"\" style=\"max-width:768px;max-height:768px;\" srcset=\"https:\/\/nfs-sigmaringen.de\/wp-content\/uploads\/2025\/10\/20251018_124137584_iOS-1024x768.jpg 1024w, https:\/\/nfs-sigmaringen.de\/wp-content\/uploads\/2025\/10\/20251018_124137584_iOS-300x225.jpg 300w, https:\/\/nfs-sigmaringen.de\/wp-content\/uploads\/2025\/10\/20251018_124137584_iOS-768x576.jpg 768w, https:\/\/nfs-sigmaringen.de\/wp-content\/uploads\/2025\/10\/20251018_124137584_iOS-1536x1152.jpg 1536w, https:\/\/nfs-sigmaringen.de\/wp-content\/uploads\/2025\/10\/20251018_124137584_iOS-2048x1536.jpg 2048w\" sizes=\"100vw\" \/><\/div><a class=\"wp-block-latest-posts__post-title\" href=\"https:\/\/nfs-sigmaringen.de\/?p=4624\">Notfallseelsorge Landesfachtag am 18. Oktober 2025 &#8211; Pforzheim<\/a><time datetime=\"2025-10-19T23:20:33+02:00\" class=\"wp-block-latest-posts__post-date\">19. Oktober 2025<\/time><div class=\"wp-block-latest-posts__post-excerpt\">Am 18. Oktober 2025 fand in Pforzheim der Landesfachtag der Notfallseelsorge Baden-W\u00fcrttemberg statt \u2013 ein wichtiges Forum f\u00fcr alle, die in der psychosozialen Notfallversorgung (PSNV) t\u00e4tig sind. Ausgerichtet wurde der Fachtag von der Notfallseelsorge + Einsatznachsorge Enzkreis und Stadt Pforzheim, die in diesem Jahr ihr 30-j\u00e4hriges Bestehen feiert. Auch die &hellip; <p class=\"link-more\"><a href=\"https:\/\/nfs-sigmaringen.de\/?p=4624\" class=\"more-link\"><span class=\"screen-reader-text\">\u201eNotfallseelsorge Landesfachtag am 18. Oktober 2025 &#8211; Pforzheim\u201c <\/span>weiterlesen<\/a><\/p><\/div><\/li>\n<li><div class=\"wp-block-latest-posts__featured-image aligncenter\"><img decoding=\"async\" width=\"525\" height=\"700\" src=\"https:\/\/nfs-sigmaringen.de\/wp-content\/uploads\/2025\/10\/90c37c2a-e69e-4431-af72-d14910fa5a5f-768x1024.jpeg\" class=\"attachment-large size-large wp-post-image\" alt=\"\" style=\"max-width:768px;max-height:768px;\" srcset=\"https:\/\/nfs-sigmaringen.de\/wp-content\/uploads\/2025\/10\/90c37c2a-e69e-4431-af72-d14910fa5a5f-768x1024.jpeg 768w, https:\/\/nfs-sigmaringen.de\/wp-content\/uploads\/2025\/10\/90c37c2a-e69e-4431-af72-d14910fa5a5f-225x300.jpeg 225w, https:\/\/nfs-sigmaringen.de\/wp-content\/uploads\/2025\/10\/90c37c2a-e69e-4431-af72-d14910fa5a5f-1152x1536.jpeg 1152w, https:\/\/nfs-sigmaringen.de\/wp-content\/uploads\/2025\/10\/90c37c2a-e69e-4431-af72-d14910fa5a5f.jpeg 1200w\" sizes=\"100vw\" \/><\/div><a class=\"wp-block-latest-posts__post-title\" href=\"https:\/\/nfs-sigmaringen.de\/?p=4634\">PSNV-Fachkraft hat die Grundausbildung bei der Feuerwehr bestanden<\/a><time datetime=\"2025-10-18T07:22:38+02:00\" class=\"wp-block-latest-posts__post-date\">18. Oktober 2025<\/time><div class=\"wp-block-latest-posts__post-excerpt\">In den letzten Monaten hat unsere PSNV-Fachkraft Daniela Ziemer die komplette Feuerwehr-Grundausbildung bei der Feuerwehr Sigmaringen erfolgreich absolviert. Ziel war es, die Abl\u00e4ufe im Einsatzalltag besser zu verstehen und sich gezielt auf die Schulung von Einsatzkr\u00e4ften in der Psychosozialen Notfallversorgung (PSNV) vorzubereiten.<\/div><\/li>\n<li><div class=\"wp-block-latest-posts__featured-image aligncenter\"><img decoding=\"async\" width=\"525\" height=\"326\" src=\"https:\/\/nfs-sigmaringen.de\/wp-content\/uploads\/2025\/08\/20250730_164434536_ios-1024x636.jpg\" class=\"attachment-large size-large wp-post-image\" alt=\"\" style=\"max-width:768px;max-height:768px;\" srcset=\"https:\/\/nfs-sigmaringen.de\/wp-content\/uploads\/2025\/08\/20250730_164434536_ios-1024x636.jpg 1024w, https:\/\/nfs-sigmaringen.de\/wp-content\/uploads\/2025\/08\/20250730_164434536_ios-300x186.jpg 300w, https:\/\/nfs-sigmaringen.de\/wp-content\/uploads\/2025\/08\/20250730_164434536_ios-768x477.jpg 768w, https:\/\/nfs-sigmaringen.de\/wp-content\/uploads\/2025\/08\/20250730_164434536_ios-1536x954.jpg 1536w, https:\/\/nfs-sigmaringen.de\/wp-content\/uploads\/2025\/08\/20250730_164434536_ios.jpg 2000w\" sizes=\"100vw\" \/><\/div><a class=\"wp-block-latest-posts__post-title\" href=\"https:\/\/nfs-sigmaringen.de\/?p=4539\">Verleihung Bev\u00f6lkerungsschutz-Einsatzmedaille Hochwasser 2024<\/a><time datetime=\"2025-07-30T20:36:00+02:00\" class=\"wp-block-latest-posts__post-date\">30. Juli 2025<\/time><div class=\"wp-block-latest-posts__post-excerpt\">Am 30.07.2025 durften 12 unserer PSNV-KameradInnen an der Ehrungsveranstaltung des Landkreises Sigmaringen teilnehmen. Ihnen wurde feierlich die Bev\u00f6lkerungsschutz-Einsatzmedaille verliehen \u2013 als Anerkennung f\u00fcr ihren engagierten Einsatz beim Hochwasser 2024. Empfangen wurden sie von Landr\u00e4tin Stefanie B\u00fcrkle, die dankende Worte an alle Einsatzkr\u00e4fte richtete. Kreisbrandmeister Michael Reitter gab einen eindrucksvollen R\u00fcckblick &hellip; <p class=\"link-more\"><a href=\"https:\/\/nfs-sigmaringen.de\/?p=4539\" class=\"more-link\"><span class=\"screen-reader-text\">\u201eVerleihung Bev\u00f6lkerungsschutz-Einsatzmedaille Hochwasser 2024\u201c <\/span>weiterlesen<\/a><\/p><\/div><\/li>\n<li><div class=\"wp-block-latest-posts__featured-image aligncenter\"><img decoding=\"async\" width=\"525\" height=\"394\" src=\"https:\/\/nfs-sigmaringen.de\/wp-content\/uploads\/2025\/07\/20250713_151528243_iOS-1024x768.jpg\" class=\"attachment-large size-large wp-post-image\" alt=\"\" style=\"max-width:768px;max-height:768px;\" srcset=\"https:\/\/nfs-sigmaringen.de\/wp-content\/uploads\/2025\/07\/20250713_151528243_iOS-1024x768.jpg 1024w, https:\/\/nfs-sigmaringen.de\/wp-content\/uploads\/2025\/07\/20250713_151528243_iOS-300x225.jpg 300w, https:\/\/nfs-sigmaringen.de\/wp-content\/uploads\/2025\/07\/20250713_151528243_iOS-768x576.jpg 768w, https:\/\/nfs-sigmaringen.de\/wp-content\/uploads\/2025\/07\/20250713_151528243_iOS-1536x1152.jpg 1536w, https:\/\/nfs-sigmaringen.de\/wp-content\/uploads\/2025\/07\/20250713_151528243_iOS.jpg 1600w\" sizes=\"100vw\" \/><\/div><a class=\"wp-block-latest-posts__post-title\" href=\"https:\/\/nfs-sigmaringen.de\/?p=4490\">Sommerfest der PSNV \u2013 Gemeinschaft, Austausch und ein starkes Miteinander<\/a><time datetime=\"2025-07-13T19:38:00+02:00\" class=\"wp-block-latest-posts__post-date\">13. Juli 2025<\/time><div class=\"wp-block-latest-posts__post-excerpt\">Am vergangenen Sonntag lud die Psychosoziale Notfallversorgung (PSNV) aller Sektionen zum gemeinsamen Sommerfest auf die Burgruine Hornstein bei Bingen ein. Trotz durchwachsenen Wetters \u2013 zwischenzeitlich zog ein kr\u00e4ftiger Regenschauer \u00fcber die Burg \u2013 lie\u00dfen sich die Teilnehmenden die gute Stimmung nicht nehmen. Das Fest bot eine wertvolle Gelegenheit, jenseits der &hellip; <p class=\"link-more\"><a href=\"https:\/\/nfs-sigmaringen.de\/?p=4490\" class=\"more-link\"><span class=\"screen-reader-text\">\u201eSommerfest der PSNV \u2013 Gemeinschaft, Austausch und ein starkes Miteinander\u201c <\/span>weiterlesen<\/a><\/p><\/div><\/li>\n<li><div class=\"wp-block-latest-posts__featured-image aligncenter\"><img decoding=\"async\" width=\"525\" height=\"268\" src=\"https:\/\/nfs-sigmaringen.de\/wp-content\/uploads\/2025\/07\/20250710_171840562_iOS-Kopie-1024x523.jpg\" class=\"attachment-large size-large wp-post-image\" alt=\"\" style=\"max-width:768px;max-height:768px;\" srcset=\"https:\/\/nfs-sigmaringen.de\/wp-content\/uploads\/2025\/07\/20250710_171840562_iOS-Kopie-1024x523.jpg 1024w, https:\/\/nfs-sigmaringen.de\/wp-content\/uploads\/2025\/07\/20250710_171840562_iOS-Kopie-300x153.jpg 300w, https:\/\/nfs-sigmaringen.de\/wp-content\/uploads\/2025\/07\/20250710_171840562_iOS-Kopie-768x392.jpg 768w, https:\/\/nfs-sigmaringen.de\/wp-content\/uploads\/2025\/07\/20250710_171840562_iOS-Kopie-1536x785.jpg 1536w, https:\/\/nfs-sigmaringen.de\/wp-content\/uploads\/2025\/07\/20250710_171840562_iOS-Kopie-2048x1046.jpg 2048w\" sizes=\"100vw\" \/><\/div><a class=\"wp-block-latest-posts__post-title\" href=\"https:\/\/nfs-sigmaringen.de\/?p=4478\">Sektionsversammlung mit Einblick in die Klinik \u2013 PSNV-B zu Gast in ZNA und Intensivstation des SRH Klinikums in Sigmaringen<\/a><time datetime=\"2025-07-10T18:00:00+02:00\" class=\"wp-block-latest-posts__post-date\">10. Juli 2025<\/time><div class=\"wp-block-latest-posts__post-excerpt\">Am Donnerstagabend, 10. Juli 2025, fand die diesj\u00e4hrige Sektionsversammlung der PSNV-B statt \u2013 mit einem inhaltlich erweiterten und besonders bereichernden Programm. Neben den regul\u00e4ren organisatorischen Tagesordnungspunkten konnten wir einen intensiven und praxisnahen Einblick in zentrale Bereiche des Klinikums gewinnen. Zentrale Notaufnahme und Intensivstation im Fokus Dank der freundlichen Einladung durch &hellip; <p class=\"link-more\"><a href=\"https:\/\/nfs-sigmaringen.de\/?p=4478\" class=\"more-link\"><span class=\"screen-reader-text\">\u201eSektionsversammlung mit Einblick in die Klinik \u2013 PSNV-B zu Gast in ZNA und Intensivstation des SRH Klinikums in Sigmaringen\u201c <\/span>weiterlesen<\/a><\/p><\/div><\/li>\n<li><div class=\"wp-block-latest-posts__featured-image aligncenter\"><img decoding=\"async\" width=\"525\" height=\"370\" src=\"https:\/\/nfs-sigmaringen.de\/wp-content\/uploads\/2025\/10\/IMG_4594-scaled-e1761030391441-1024x722.jpeg\" class=\"attachment-large size-large wp-post-image\" alt=\"\" style=\"max-width:768px;max-height:768px;\" srcset=\"https:\/\/nfs-sigmaringen.de\/wp-content\/uploads\/2025\/10\/IMG_4594-scaled-e1761030391441-1024x722.jpeg 1024w, https:\/\/nfs-sigmaringen.de\/wp-content\/uploads\/2025\/10\/IMG_4594-scaled-e1761030391441-300x212.jpeg 300w, https:\/\/nfs-sigmaringen.de\/wp-content\/uploads\/2025\/10\/IMG_4594-scaled-e1761030391441-768x542.jpeg 768w, https:\/\/nfs-sigmaringen.de\/wp-content\/uploads\/2025\/10\/IMG_4594-scaled-e1761030391441-1536x1083.jpeg 1536w, https:\/\/nfs-sigmaringen.de\/wp-content\/uploads\/2025\/10\/IMG_4594-scaled-e1761030391441-2048x1444.jpeg 2048w\" sizes=\"100vw\" \/><\/div><a class=\"wp-block-latest-posts__post-title\" href=\"https:\/\/nfs-sigmaringen.de\/?p=4645\">Katastrophenschutztage 2025<\/a><time datetime=\"2025-07-10T07:23:00+02:00\" class=\"wp-block-latest-posts__post-date\">10. Juli 2025<\/time><div class=\"wp-block-latest-posts__post-excerpt\">F\u00fcr die 6. Klassen des Gymnasium Gammertingen und der Schulen aus Pfullendorf (Realschule, des Staufer-Gymnasiums, der Kasimir-Walchner-Schule und der Sechslindenschule) fanden im Juni und Juli die Katastrophenschutztage statt. Nach einer allgemeinen Einf\u00fchrung zum Thema Katastrophenschutz durch ihre Lehrkr\u00e4fte hatten die Sch\u00fclerinnen und Sch\u00fcler die M\u00f6glichkeit, an verschiedenen Stationen die Arbeit &hellip; <p class=\"link-more\"><a href=\"https:\/\/nfs-sigmaringen.de\/?p=4645\" class=\"more-link\"><span class=\"screen-reader-text\">\u201eKatastrophenschutztage 2025\u201c <\/span>weiterlesen<\/a><\/p><\/div><\/li>\n<li><div class=\"wp-block-latest-posts__featured-image aligncenter\"><img decoding=\"async\" width=\"525\" height=\"353\" src=\"https:\/\/nfs-sigmaringen.de\/wp-content\/uploads\/2025\/06\/img_1510-2-1-1024x689.jpg\" class=\"attachment-large size-large wp-post-image\" alt=\"\" style=\"max-width:768px;max-height:768px;\" srcset=\"https:\/\/nfs-sigmaringen.de\/wp-content\/uploads\/2025\/06\/img_1510-2-1-1024x689.jpg 1024w, https:\/\/nfs-sigmaringen.de\/wp-content\/uploads\/2025\/06\/img_1510-2-1-300x202.jpg 300w, https:\/\/nfs-sigmaringen.de\/wp-content\/uploads\/2025\/06\/img_1510-2-1-768x517.jpg 768w, https:\/\/nfs-sigmaringen.de\/wp-content\/uploads\/2025\/06\/img_1510-2-1-1536x1034.jpg 1536w, https:\/\/nfs-sigmaringen.de\/wp-content\/uploads\/2025\/06\/img_1510-2-1.jpg 2000w\" sizes=\"100vw\" \/><\/div><a class=\"wp-block-latest-posts__post-title\" href=\"https:\/\/nfs-sigmaringen.de\/?p=4455\">SbE-Team Sigmaringen \u00fcbt mit Einsatznachsorgeteam Konstanz<\/a><time datetime=\"2025-06-28T18:51:56+02:00\" class=\"wp-block-latest-posts__post-date\">28. Juni 2025<\/time><div class=\"wp-block-latest-posts__post-excerpt\">Auch in diesem Jahr pflegten das ENT Konstanz und das SbE-Team Sigmaringen ihre langj\u00e4hrige Zusammenarbeit mit einem gemeinsamen \u00dcbungstag \u2013 diesmal im Haus Bethlehem in Sigmaringen. Ge\u00fcbt wurde am Beispiel einer Nachbetreuung einer Feuerwehr nach einem Verkehrsunfall.In diesem Rollenspiel wurde das Debriefing nach einem solchen Einsatz durchgef\u00fchrt und anschlie\u00dfend gemeinsam &hellip; <p class=\"link-more\"><a href=\"https:\/\/nfs-sigmaringen.de\/?p=4455\" class=\"more-link\"><span class=\"screen-reader-text\">\u201eSbE-Team Sigmaringen \u00fcbt mit Einsatznachsorgeteam Konstanz\u201c <\/span>weiterlesen<\/a><\/p><\/div><\/li>\n<li><div class=\"wp-block-latest-posts__featured-image aligncenter\"><img decoding=\"async\" width=\"525\" height=\"371\" src=\"https:\/\/nfs-sigmaringen.de\/wp-content\/uploads\/2025\/06\/96cfc04a-bb47-4169-b1d9-80801f0f51c7-1-1024x724.jpg\" class=\"attachment-large size-large wp-post-image\" alt=\"\" style=\"max-width:768px;max-height:768px;\" srcset=\"https:\/\/nfs-sigmaringen.de\/wp-content\/uploads\/2025\/06\/96cfc04a-bb47-4169-b1d9-80801f0f51c7-1-1024x724.jpg 1024w, https:\/\/nfs-sigmaringen.de\/wp-content\/uploads\/2025\/06\/96cfc04a-bb47-4169-b1d9-80801f0f51c7-1-300x212.jpg 300w, https:\/\/nfs-sigmaringen.de\/wp-content\/uploads\/2025\/06\/96cfc04a-bb47-4169-b1d9-80801f0f51c7-1-768x543.jpg 768w, https:\/\/nfs-sigmaringen.de\/wp-content\/uploads\/2025\/06\/96cfc04a-bb47-4169-b1d9-80801f0f51c7-1-1536x1086.jpg 1536w, https:\/\/nfs-sigmaringen.de\/wp-content\/uploads\/2025\/06\/96cfc04a-bb47-4169-b1d9-80801f0f51c7-1.jpg 2000w\" sizes=\"100vw\" \/><\/div><a class=\"wp-block-latest-posts__post-title\" href=\"https:\/\/nfs-sigmaringen.de\/?p=4461\">Spende f\u00fcr die Notfallseelsorge<\/a><time datetime=\"2025-06-27T16:16:00+02:00\" class=\"wp-block-latest-posts__post-date\">27. Juni 2025<\/time><div class=\"wp-block-latest-posts__post-excerpt\">Das&nbsp;\u201eKleider Reich\u201c, der Second-Hand-Sozialladen in Sigmaringen,&nbsp;steht seit seiner Gr\u00fcndung f\u00fcr nachhaltigen Konsum,&nbsp;gelebte Solidarit\u00e4t und ehrenamtliches Engagement.&nbsp; Hier wird Kleidung gespendet, weitergegeben und Gutes getan.&nbsp; Die Einnahmen kommen gemeinn\u00fctzigen Zwecken zugute. Beim Sommerfest&nbsp;anl\u00e4sslich des 5 j\u00e4hrigen Bestehens,&nbsp;wurde&nbsp;das ganz konkret: Spenden in H\u00f6he von 13.000 \u20ac wurden an mehrere gemeinn\u00fctzige Organisationen, unter &hellip; <p class=\"link-more\"><a href=\"https:\/\/nfs-sigmaringen.de\/?p=4461\" class=\"more-link\"><span class=\"screen-reader-text\">\u201eSpende f\u00fcr die Notfallseelsorge\u201c <\/span>weiterlesen<\/a><\/p><\/div><\/li>\n<li><div class=\"wp-block-latest-posts__featured-image aligncenter\"><img decoding=\"async\" width=\"525\" height=\"387\" src=\"https:\/\/nfs-sigmaringen.de\/wp-content\/uploads\/2025\/06\/Leitungskonferenz-BW-2025-1024x755.jpg\" class=\"attachment-large size-large wp-post-image\" alt=\"\" style=\"max-width:768px;max-height:768px;\" srcset=\"https:\/\/nfs-sigmaringen.de\/wp-content\/uploads\/2025\/06\/Leitungskonferenz-BW-2025-1024x755.jpg 1024w, https:\/\/nfs-sigmaringen.de\/wp-content\/uploads\/2025\/06\/Leitungskonferenz-BW-2025-300x221.jpg 300w, https:\/\/nfs-sigmaringen.de\/wp-content\/uploads\/2025\/06\/Leitungskonferenz-BW-2025-768x566.jpg 768w, https:\/\/nfs-sigmaringen.de\/wp-content\/uploads\/2025\/06\/Leitungskonferenz-BW-2025-1536x1133.jpg 1536w, https:\/\/nfs-sigmaringen.de\/wp-content\/uploads\/2025\/06\/Leitungskonferenz-BW-2025-2048x1510.jpg 2048w\" sizes=\"100vw\" \/><\/div><a class=\"wp-block-latest-posts__post-title\" href=\"https:\/\/nfs-sigmaringen.de\/?p=4424\">Konferenz der Verantwortlichen f\u00fcr die Notfallseelsorge in Baden-W\u00fcrttemberg\u00a0\u00a0<\/a><time datetime=\"2025-06-09T21:17:42+02:00\" class=\"wp-block-latest-posts__post-date\">9. Juni 2025<\/time><div class=\"wp-block-latest-posts__post-excerpt\">Am 2. und 3. Juni 2025 fand in der Evangelischen Akademie in Bad Boll die Leitungskonferenz der Notfallseelsorgesystem in Baden-W\u00fcrttemberg statt. Verantwortliche und F\u00fchrungskr\u00e4fte der Notfallseelsorge (NFS) aus den Landeskirchen in Baden und W\u00fcrttemberg sowie den Di\u00f6zesen Rottenburg-Stuttgart und Freiburg trafen sich, um aktuelle Entwicklungen zu besprechen, Erfahrungen auszutauschen.&nbsp;&nbsp; Die &hellip; <p class=\"link-more\"><a href=\"https:\/\/nfs-sigmaringen.de\/?p=4424\" class=\"more-link\"><span class=\"screen-reader-text\">\u201eKonferenz der Verantwortlichen f\u00fcr die Notfallseelsorge in Baden-W\u00fcrttemberg\u00a0\u00a0\u201c <\/span>weiterlesen<\/a><\/p><\/div><\/li>\n<li><div class=\"wp-block-latest-posts__featured-image aligncenter\"><img decoding=\"async\" width=\"525\" height=\"606\" src=\"https:\/\/nfs-sigmaringen.de\/wp-content\/uploads\/2025\/05\/img_1291-2-1-887x1024.jpg\" class=\"attachment-large size-large wp-post-image\" alt=\"\" style=\"max-width:768px;max-height:768px;\" srcset=\"https:\/\/nfs-sigmaringen.de\/wp-content\/uploads\/2025\/05\/img_1291-2-1-887x1024.jpg 887w, https:\/\/nfs-sigmaringen.de\/wp-content\/uploads\/2025\/05\/img_1291-2-1-260x300.jpg 260w, https:\/\/nfs-sigmaringen.de\/wp-content\/uploads\/2025\/05\/img_1291-2-1-768x887.jpg 768w, https:\/\/nfs-sigmaringen.de\/wp-content\/uploads\/2025\/05\/img_1291-2-1-1330x1536.jpg 1330w, https:\/\/nfs-sigmaringen.de\/wp-content\/uploads\/2025\/05\/img_1291-2-1.jpg 1692w\" sizes=\"100vw\" \/><\/div><a class=\"wp-block-latest-posts__post-title\" href=\"https:\/\/nfs-sigmaringen.de\/?p=4406\">Als Fachberater PSNV im F\u00fchrungsstab<\/a><time datetime=\"2025-05-29T11:24:07+02:00\" class=\"wp-block-latest-posts__post-date\">29. Mai 2025<\/time><div class=\"wp-block-latest-posts__post-excerpt\">Damit wir im Einsatzfall im F\u00fchrungsstab unsere Funktion als FacheraterIn PSNV qualifiziert wahrnehmen k\u00f6nnen, nehmen unsere Mitglieder der PSNV-F\u00fchrungsgruppe abwechselnd an \u00dcbungen und Ausbildungsabenden der Stabsgruppen teil.Gestern \u00fcbte die Stabsgruppe Ost des Landkreises Sigmaringen in den R\u00e4umlichkeiten der Feuerwehr Bad Saulgau.<\/div><\/li>\n<li><div class=\"wp-block-latest-posts__featured-image aligncenter\"><img decoding=\"async\" width=\"525\" height=\"597\" src=\"https:\/\/nfs-sigmaringen.de\/wp-content\/uploads\/2025\/05\/20250504_163743827_iOSa-900x1024.jpg\" class=\"attachment-large size-large wp-post-image\" alt=\"\" style=\"max-width:768px;max-height:768px;\" srcset=\"https:\/\/nfs-sigmaringen.de\/wp-content\/uploads\/2025\/05\/20250504_163743827_iOSa-900x1024.jpg 900w, https:\/\/nfs-sigmaringen.de\/wp-content\/uploads\/2025\/05\/20250504_163743827_iOSa-264x300.jpg 264w, https:\/\/nfs-sigmaringen.de\/wp-content\/uploads\/2025\/05\/20250504_163743827_iOSa-768x874.jpg 768w, https:\/\/nfs-sigmaringen.de\/wp-content\/uploads\/2025\/05\/20250504_163743827_iOSa-1350x1536.jpg 1350w, https:\/\/nfs-sigmaringen.de\/wp-content\/uploads\/2025\/05\/20250504_163743827_iOSa.jpg 1512w\" sizes=\"100vw\" \/><\/div><a class=\"wp-block-latest-posts__post-title\" href=\"https:\/\/nfs-sigmaringen.de\/?p=4389\">Notfallseelsorge sichtbar beim Florianstag<\/a><time datetime=\"2025-05-04T17:06:00+02:00\" class=\"wp-block-latest-posts__post-date\">4. Mai 2025<\/time><div class=\"wp-block-latest-posts__post-excerpt\">Beim Florianstag der Freiwilligen Feuerwehr Sigmaringen zeigten Notfallseelsorger, die selbst Teil dieser Wehr sind, wie vielf\u00e4ltig ihr Engagement ist. Am Infostand stellten sie ihre Aufgaben vor, f\u00fchrten Gespr\u00e4che und machten deutlich: Notfallseelsorge ist mehr als stille Begleitung im Ernstfall \u2013 sie ist Teil der Gemeinschaft. Als fester Bestandteil des Feuerwehrwesens &hellip; <p class=\"link-more\"><a href=\"https:\/\/nfs-sigmaringen.de\/?p=4389\" class=\"more-link\"><span class=\"screen-reader-text\">\u201eNotfallseelsorge sichtbar beim Florianstag\u201c <\/span>weiterlesen<\/a><\/p><\/div><\/li>\n<li><div class=\"wp-block-latest-posts__featured-image aligncenter\"><img decoding=\"async\" width=\"525\" height=\"288\" src=\"https:\/\/nfs-sigmaringen.de\/wp-content\/uploads\/2025\/05\/20250428_193109-1-1024x561.jpg\" class=\"attachment-large size-large wp-post-image\" alt=\"\" style=\"max-width:768px;max-height:768px;\" srcset=\"https:\/\/nfs-sigmaringen.de\/wp-content\/uploads\/2025\/05\/20250428_193109-1-1024x561.jpg 1024w, https:\/\/nfs-sigmaringen.de\/wp-content\/uploads\/2025\/05\/20250428_193109-1-300x164.jpg 300w, https:\/\/nfs-sigmaringen.de\/wp-content\/uploads\/2025\/05\/20250428_193109-1-768x421.jpg 768w, https:\/\/nfs-sigmaringen.de\/wp-content\/uploads\/2025\/05\/20250428_193109-1-1536x842.jpg 1536w, https:\/\/nfs-sigmaringen.de\/wp-content\/uploads\/2025\/05\/20250428_193109-1.jpg 2000w\" sizes=\"100vw\" \/><\/div><a class=\"wp-block-latest-posts__post-title\" href=\"https:\/\/nfs-sigmaringen.de\/?p=4381\">Montagsm\u00e4nner Pfullendorf spenden<\/a><time datetime=\"2025-05-03T23:22:00+02:00\" class=\"wp-block-latest-posts__post-date\">3. Mai 2025<\/time><div class=\"wp-block-latest-posts__post-excerpt\">Mit einer Spende in H\u00f6he von 300 Euro haben die Montagsm\u00e4nner Pfullendorf&nbsp;vom Turnverein Pfullendorf&nbsp;ein deutliches Zeichen der Anerkennung und Unterst\u00fctzung f\u00fcr die wichtige Arbeit der Notfallseelsorge im Landkreis Sigmaringen gesetzt. Die symbolische \u00dcbergabe der Spende fand am&nbsp;3. Mai 2025&nbsp;im Rahmen&nbsp;des&nbsp;w\u00f6chentlichen&nbsp;Spiels&nbsp;der&nbsp;Montagsm\u00e4nner statt. Die Summe wurde&nbsp;bei einer Besenwirtschaft w\u00e4hrend der Fasnet&nbsp;gesammelt und &hellip; <p class=\"link-more\"><a href=\"https:\/\/nfs-sigmaringen.de\/?p=4381\" class=\"more-link\"><span class=\"screen-reader-text\">\u201eMontagsm\u00e4nner Pfullendorf spenden\u201c <\/span>weiterlesen<\/a><\/p><\/div><\/li>\n<li><div class=\"wp-block-latest-posts__featured-image aligncenter\"><img decoding=\"async\" width=\"525\" height=\"394\" src=\"https:\/\/nfs-sigmaringen.de\/wp-content\/uploads\/2025\/04\/img_1036-1-1024x768.jpg\" class=\"attachment-large size-large wp-post-image\" alt=\"\" style=\"max-width:768px;max-height:768px;\" srcset=\"https:\/\/nfs-sigmaringen.de\/wp-content\/uploads\/2025\/04\/img_1036-1-1024x768.jpg 1024w, https:\/\/nfs-sigmaringen.de\/wp-content\/uploads\/2025\/04\/img_1036-1-300x225.jpg 300w, https:\/\/nfs-sigmaringen.de\/wp-content\/uploads\/2025\/04\/img_1036-1-768x576.jpg 768w, https:\/\/nfs-sigmaringen.de\/wp-content\/uploads\/2025\/04\/img_1036-1-1536x1152.jpg 1536w, https:\/\/nfs-sigmaringen.de\/wp-content\/uploads\/2025\/04\/img_1036-1.jpg 2000w\" sizes=\"100vw\" \/><\/div><a class=\"wp-block-latest-posts__post-title\" href=\"https:\/\/nfs-sigmaringen.de\/?p=4339\">270 Eins\u00e4tze in PSNV-B<\/a><time datetime=\"2025-04-18T16:04:09+02:00\" class=\"wp-block-latest-posts__post-date\">18. April 2025<\/time><div class=\"wp-block-latest-posts__post-excerpt\"><\/div><\/li>\n<li><div class=\"wp-block-latest-posts__featured-image aligncenter\"><img decoding=\"async\" width=\"525\" height=\"279\" src=\"https:\/\/nfs-sigmaringen.de\/wp-content\/uploads\/2025\/05\/IMG-20250416-WA0001-1024x545.jpg\" class=\"attachment-large size-large wp-post-image\" alt=\"\" style=\"max-width:768px;max-height:768px;\" srcset=\"https:\/\/nfs-sigmaringen.de\/wp-content\/uploads\/2025\/05\/IMG-20250416-WA0001-1024x545.jpg 1024w, https:\/\/nfs-sigmaringen.de\/wp-content\/uploads\/2025\/05\/IMG-20250416-WA0001-300x160.jpg 300w, https:\/\/nfs-sigmaringen.de\/wp-content\/uploads\/2025\/05\/IMG-20250416-WA0001-768x409.jpg 768w, https:\/\/nfs-sigmaringen.de\/wp-content\/uploads\/2025\/05\/IMG-20250416-WA0001-1536x817.jpg 1536w, https:\/\/nfs-sigmaringen.de\/wp-content\/uploads\/2025\/05\/IMG-20250416-WA0001-2048x1090.jpg 2048w\" sizes=\"100vw\" \/><\/div><a class=\"wp-block-latest-posts__post-title\" href=\"https:\/\/nfs-sigmaringen.de\/?p=4358\">SbE-Team stellt sich bei DLRG Ortsgruppe Sigmaringen vor<\/a><time datetime=\"2025-04-16T22:03:50+02:00\" class=\"wp-block-latest-posts__post-date\">16. April 2025<\/time><div class=\"wp-block-latest-posts__post-excerpt\">Beim \u00dcbungsabend der DLRG-Einsatzkr\u00e4fte der Ortsgruppe Sigmaringen informierten Winfried Fritz und Bernd Weinmann \u00fcber das System der Psychosozialen Notfallversorgung (PSNV). Dabei wurde zwischen PSNV-B (f\u00fcr Betroffene) und PSNV-E (f\u00fcr Einsatzkr\u00e4fte) unterschieden. Zentrales Thema war der richtige Umgang mit Einsatzstress: Wie erkenne ich Belastung \u2013 bei mir selbst und anderen? Wie &hellip; <p class=\"link-more\"><a href=\"https:\/\/nfs-sigmaringen.de\/?p=4358\" class=\"more-link\"><span class=\"screen-reader-text\">\u201eSbE-Team stellt sich bei DLRG Ortsgruppe Sigmaringen vor\u201c <\/span>weiterlesen<\/a><\/p><\/div><\/li>\n<li><div class=\"wp-block-latest-posts__featured-image aligncenter\"><img decoding=\"async\" width=\"525\" height=\"274\" src=\"https:\/\/nfs-sigmaringen.de\/wp-content\/uploads\/2025\/04\/img_1011-1-1024x535.jpg\" class=\"attachment-large size-large wp-post-image\" alt=\"\" style=\"max-width:768px;max-height:768px;\" srcset=\"https:\/\/nfs-sigmaringen.de\/wp-content\/uploads\/2025\/04\/img_1011-1-1024x535.jpg 1024w, https:\/\/nfs-sigmaringen.de\/wp-content\/uploads\/2025\/04\/img_1011-1-300x157.jpg 300w, https:\/\/nfs-sigmaringen.de\/wp-content\/uploads\/2025\/04\/img_1011-1-768x401.jpg 768w, https:\/\/nfs-sigmaringen.de\/wp-content\/uploads\/2025\/04\/img_1011-1-1536x802.jpg 1536w, https:\/\/nfs-sigmaringen.de\/wp-content\/uploads\/2025\/04\/img_1011-1.jpg 2000w\" sizes=\"100vw\" \/><\/div><a class=\"wp-block-latest-posts__post-title\" href=\"https:\/\/nfs-sigmaringen.de\/?p=4285\">PSNV Sigmaringen bei Haupt\u00fcbung in Pfullendorf<\/a><time datetime=\"2025-04-13T11:50:17+02:00\" class=\"wp-block-latest-posts__post-date\">13. April 2025<\/time><div class=\"wp-block-latest-posts__post-excerpt\">PSNV-Staffel und Fachberater PSNV wirken bei der Haupt\u00fcbung der FFW Pfullendorf mit.Im Rahmen der sehr herausfordernden \u00dcbungsabschnitte konnten die MitabeiterInnen der PSNV Sigmaringen ihre F\u00e4higkeiten unter Beweis stellen. Kommandant Dieter M\u00fcller hatte mit seiner Vorbereitungsgruppe auch bewusst die PSNV mit eingeplant, um das Zusammenspiel der BOS-Einheiten in komplexen Lagen zu &hellip; <p class=\"link-more\"><a href=\"https:\/\/nfs-sigmaringen.de\/?p=4285\" class=\"more-link\"><span class=\"screen-reader-text\">\u201ePSNV Sigmaringen bei Haupt\u00fcbung in Pfullendorf\u201c <\/span>weiterlesen<\/a><\/p><\/div><\/li>\n<li><div class=\"wp-block-latest-posts__featured-image aligncenter\"><img decoding=\"async\" width=\"525\" height=\"269\" src=\"https:\/\/nfs-sigmaringen.de\/wp-content\/uploads\/2025\/04\/img_0805-2-1-1024x524.jpg\" class=\"attachment-large size-large wp-post-image\" alt=\"\" style=\"max-width:768px;max-height:768px;\" srcset=\"https:\/\/nfs-sigmaringen.de\/wp-content\/uploads\/2025\/04\/img_0805-2-1-1024x524.jpg 1024w, https:\/\/nfs-sigmaringen.de\/wp-content\/uploads\/2025\/04\/img_0805-2-1-300x154.jpg 300w, https:\/\/nfs-sigmaringen.de\/wp-content\/uploads\/2025\/04\/img_0805-2-1-768x393.jpg 768w, https:\/\/nfs-sigmaringen.de\/wp-content\/uploads\/2025\/04\/img_0805-2-1-1536x786.jpg 1536w, https:\/\/nfs-sigmaringen.de\/wp-content\/uploads\/2025\/04\/img_0805-2-1.jpg 2000w\" sizes=\"100vw\" \/><\/div><a class=\"wp-block-latest-posts__post-title\" href=\"https:\/\/nfs-sigmaringen.de\/?p=4269\">Gugge Kreenheinstetten unterst\u00fctzt PSNV Sigmaringen<\/a><time datetime=\"2025-04-05T16:54:54+02:00\" class=\"wp-block-latest-posts__post-date\">5. April 2025<\/time><div class=\"wp-block-latest-posts__post-excerpt\">Herzlichen Dank an die Gugge Kreenheinstetten, die mit ihrer Spendensammelaktion unsere rein ehrenamtliche Arbeit in der Psychosozialen Notfallversorgung unterst\u00fctzt. Heute fand im Rahmen des \u00dcbungstages des SbE-Teams die Spenden\u00fcbergabe statt.Herzlichen Dank f\u00fcr diese Unterst\u00fctzung unserer Arbeit.<\/div><\/li>\n<li><div class=\"wp-block-latest-posts__featured-image aligncenter\"><img decoding=\"async\" width=\"525\" height=\"394\" src=\"https:\/\/nfs-sigmaringen.de\/wp-content\/uploads\/2025\/04\/2025-HF-NFS-6-1024x768.jpeg\" class=\"attachment-large size-large wp-post-image\" alt=\"\" style=\"max-width:768px;max-height:768px;\" srcset=\"https:\/\/nfs-sigmaringen.de\/wp-content\/uploads\/2025\/04\/2025-HF-NFS-6-1024x768.jpeg 1024w, https:\/\/nfs-sigmaringen.de\/wp-content\/uploads\/2025\/04\/2025-HF-NFS-6-300x225.jpeg 300w, https:\/\/nfs-sigmaringen.de\/wp-content\/uploads\/2025\/04\/2025-HF-NFS-6-768x576.jpeg 768w, https:\/\/nfs-sigmaringen.de\/wp-content\/uploads\/2025\/04\/2025-HF-NFS-6-1536x1152.jpeg 1536w, https:\/\/nfs-sigmaringen.de\/wp-content\/uploads\/2025\/04\/2025-HF-NFS-6.jpeg 2048w\" sizes=\"100vw\" \/><\/div><a class=\"wp-block-latest-posts__post-title\" href=\"https:\/\/nfs-sigmaringen.de\/?p=4305\">Hauptversammlung der Notfallseelsorge Sigmaringen: R\u00fcckblick, Anerkennung und Weichenstellung f\u00fcr die Zukunft<\/a><time datetime=\"2025-04-03T20:30:00+02:00\" class=\"wp-block-latest-posts__post-date\">3. April 2025<\/time><div class=\"wp-block-latest-posts__post-excerpt\">Me\u00dfkirch \u2013 Am 3. April 2025 fand die j\u00e4hrliche Hauptversammlung der Arbeitsgemeinschaft Notfallseelsorge im Landkreis Sigmaringen im Feuerwehrhaus Me\u00dfkirch statt. Alle Sektionen der AG Notfallseelsorge waren vertreten. Neben zahlreichen Mitgliedern aus dem gesamten Kreisgebiet waren auch G\u00e4ste aus Kirche, Politik, der Blaulichtfamilie und benachbarten PSNV-Systemen anwesend. Begr\u00fc\u00dft wurden die Anwesenden &hellip; <p class=\"link-more\"><a href=\"https:\/\/nfs-sigmaringen.de\/?p=4305\" class=\"more-link\"><span class=\"screen-reader-text\">\u201eHauptversammlung der Notfallseelsorge Sigmaringen: R\u00fcckblick, Anerkennung und Weichenstellung f\u00fcr die Zukunft\u201c <\/span>weiterlesen<\/a><\/p><\/div><\/li>\n<li><div class=\"wp-block-latest-posts__featured-image aligncenter\"><img decoding=\"async\" width=\"525\" height=\"404\" src=\"https:\/\/nfs-sigmaringen.de\/wp-content\/uploads\/2025\/04\/1000197008-1-1024x788.jpg\" class=\"attachment-large size-large wp-post-image\" alt=\"\" style=\"max-width:768px;max-height:768px;\" srcset=\"https:\/\/nfs-sigmaringen.de\/wp-content\/uploads\/2025\/04\/1000197008-1-1024x788.jpg 1024w, https:\/\/nfs-sigmaringen.de\/wp-content\/uploads\/2025\/04\/1000197008-1-300x231.jpg 300w, https:\/\/nfs-sigmaringen.de\/wp-content\/uploads\/2025\/04\/1000197008-1-768x591.jpg 768w, https:\/\/nfs-sigmaringen.de\/wp-content\/uploads\/2025\/04\/1000197008-1-1536x1183.jpg 1536w, https:\/\/nfs-sigmaringen.de\/wp-content\/uploads\/2025\/04\/1000197008-1.jpg 2000w\" sizes=\"100vw\" \/><\/div><a class=\"wp-block-latest-posts__post-title\" href=\"https:\/\/nfs-sigmaringen.de\/?p=4301\">Chorus B unterst\u00fctzt PSNV Sigmaringen<\/a><time datetime=\"2025-03-31T21:22:00+02:00\" class=\"wp-block-latest-posts__post-date\">31. M\u00e4rz 2025<\/time><div class=\"wp-block-latest-posts__post-excerpt\">Die Notfallseelsorge bedankt sich ganz herzlich bei den S\u00e4ngerInnen und S\u00e4nger des Chorus-B. Diese haben zum wiederholten Male die Spenden ihres Konzertes f\u00fcr uns gespendet. Der Chorus-B ist eine der Gruppen, welche die NFS seit Jahren kontinuierlich unterst\u00fctzt und uns zwischenzeitlich zu guten Freunden geworden sind&#8230;. Vielen herzlichen Dank Euch &hellip; <p class=\"link-more\"><a href=\"https:\/\/nfs-sigmaringen.de\/?p=4301\" class=\"more-link\"><span class=\"screen-reader-text\">\u201eChorus B unterst\u00fctzt PSNV Sigmaringen\u201c <\/span>weiterlesen<\/a><\/p><\/div><\/li>\n<li><div class=\"wp-block-latest-posts__featured-image aligncenter\"><img decoding=\"async\" width=\"525\" height=\"525\" src=\"https:\/\/nfs-sigmaringen.de\/wp-content\/uploads\/2025\/03\/img_0774-1-1024x1024.png\" class=\"attachment-large size-large wp-post-image\" alt=\"\" style=\"max-width:768px;max-height:768px;\" srcset=\"https:\/\/nfs-sigmaringen.de\/wp-content\/uploads\/2025\/03\/img_0774-1-1024x1024.png 1024w, https:\/\/nfs-sigmaringen.de\/wp-content\/uploads\/2025\/03\/img_0774-1-300x300.png 300w, https:\/\/nfs-sigmaringen.de\/wp-content\/uploads\/2025\/03\/img_0774-1-150x150.png 150w, https:\/\/nfs-sigmaringen.de\/wp-content\/uploads\/2025\/03\/img_0774-1-768x767.png 768w, https:\/\/nfs-sigmaringen.de\/wp-content\/uploads\/2025\/03\/img_0774-1-1536x1534.png 1536w, https:\/\/nfs-sigmaringen.de\/wp-content\/uploads\/2025\/03\/img_0774-1-100x100.png 100w, https:\/\/nfs-sigmaringen.de\/wp-content\/uploads\/2025\/03\/img_0774-1.png 1798w\" sizes=\"100vw\" \/><\/div><a class=\"wp-block-latest-posts__post-title\" href=\"https:\/\/nfs-sigmaringen.de\/?p=4258\">Roter Heuberg 2025<\/a><time datetime=\"2025-03-30T18:40:00+02:00\" class=\"wp-block-latest-posts__post-date\">30. M\u00e4rz 2025<\/time><div class=\"wp-block-latest-posts__post-excerpt\">Am 29. und 30.3.25 beteiligten sich einige PSNV\u2018lerInnen aus dem Landkreis Sigmaringen, zwei Vertreterinnen des ENT Konstanz, die Jugendfeuerwehr Krauchenwies und ( als Meldekopf) die Feuerwehr Me\u00dfkirch mit einer Station zum Thema \u201eStress und Gewalt im Einsatz\u201c an der gro\u00dfen Feuerwehr\u00fcbung \u201eRoter Heuberg\u201c auf dem Truppen\u00fcbungsplatz Stetten akM. Es ist &hellip; <p class=\"link-more\"><a href=\"https:\/\/nfs-sigmaringen.de\/?p=4258\" class=\"more-link\"><span class=\"screen-reader-text\">\u201eRoter Heuberg 2025\u201c <\/span>weiterlesen<\/a><\/p><\/div><\/li>\n<li><div class=\"wp-block-latest-posts__featured-image aligncenter\"><img decoding=\"async\" width=\"525\" height=\"227\" src=\"https:\/\/nfs-sigmaringen.de\/wp-content\/uploads\/2025\/03\/IMG_0644-scaled-e1743279586559-1024x442.jpg\" class=\"attachment-large size-large wp-post-image\" alt=\"\" style=\"max-width:768px;max-height:768px;\" srcset=\"https:\/\/nfs-sigmaringen.de\/wp-content\/uploads\/2025\/03\/IMG_0644-scaled-e1743279586559-1024x442.jpg 1024w, https:\/\/nfs-sigmaringen.de\/wp-content\/uploads\/2025\/03\/IMG_0644-scaled-e1743279586559-300x130.jpg 300w, https:\/\/nfs-sigmaringen.de\/wp-content\/uploads\/2025\/03\/IMG_0644-scaled-e1743279586559-768x332.jpg 768w, https:\/\/nfs-sigmaringen.de\/wp-content\/uploads\/2025\/03\/IMG_0644-scaled-e1743279586559-1536x663.jpg 1536w, https:\/\/nfs-sigmaringen.de\/wp-content\/uploads\/2025\/03\/IMG_0644-scaled-e1743279586559-2048x884.jpg 2048w\" sizes=\"100vw\" \/><\/div><a class=\"wp-block-latest-posts__post-title\" href=\"https:\/\/nfs-sigmaringen.de\/?p=4244\">Grundausbildung bei der Feuerwehr absoliviert<\/a><time datetime=\"2025-03-29T21:37:59+01:00\" class=\"wp-block-latest-posts__post-date\">29. M\u00e4rz 2025<\/time><div class=\"wp-block-latest-posts__post-excerpt\">Unsere PSNV-Fachkraft, Silke Haag, hat in den letzten Monaten die komplette Grundausbildung bei der Feuerwehr Pfullendorf erfolgreich durchlaufen. Ziel war es, die Abl\u00e4ufe im Einsatz besser zu verstehen und sich gezielt auf die Schulung von Einsatzkr\u00e4ften im Bereich der Psychosozialen Notfallversorgung vorzubereiten. Immer wieder stellen sich PSNV-Fachkr\u00e4fte dieser anspruchsvollen zus\u00e4tzlichen &hellip; <p class=\"link-more\"><a href=\"https:\/\/nfs-sigmaringen.de\/?p=4244\" class=\"more-link\"><span class=\"screen-reader-text\">\u201eGrundausbildung bei der Feuerwehr absoliviert\u201c <\/span>weiterlesen<\/a><\/p><\/div><\/li>\n<li><div class=\"wp-block-latest-posts__featured-image aligncenter\"><img decoding=\"async\" width=\"525\" height=\"217\" src=\"https:\/\/nfs-sigmaringen.de\/wp-content\/uploads\/2025\/03\/img_0521-2-1-1024x424.jpg\" class=\"attachment-large size-large wp-post-image\" alt=\"\" style=\"max-width:768px;max-height:768px;\" srcset=\"https:\/\/nfs-sigmaringen.de\/wp-content\/uploads\/2025\/03\/img_0521-2-1-1024x424.jpg 1024w, https:\/\/nfs-sigmaringen.de\/wp-content\/uploads\/2025\/03\/img_0521-2-1-300x124.jpg 300w, https:\/\/nfs-sigmaringen.de\/wp-content\/uploads\/2025\/03\/img_0521-2-1-768x318.jpg 768w, https:\/\/nfs-sigmaringen.de\/wp-content\/uploads\/2025\/03\/img_0521-2-1-1536x636.jpg 1536w, https:\/\/nfs-sigmaringen.de\/wp-content\/uploads\/2025\/03\/img_0521-2-1.jpg 2000w\" sizes=\"100vw\" \/><\/div><a class=\"wp-block-latest-posts__post-title\" href=\"https:\/\/nfs-sigmaringen.de\/?p=4212\">PSNV F\u00fchrungsgruppe<\/a><time datetime=\"2025-03-19T20:29:00+01:00\" class=\"wp-block-latest-posts__post-date\">19. M\u00e4rz 2025<\/time><div class=\"wp-block-latest-posts__post-excerpt\">Das ist die PSNV-F\u00fchrungsgruppe des Landkreises Sigmaringen. Alle Teammitglieder haben an der Landesfeuerwehrschule in Bruchsal den mehrt\u00e4gigen Lehrgang \u201eLeiter\/Fachberater PSNV\u201c mit Erfolg abgelegt und stehen im Landkreis f\u00fcr die Stabsarbeit und Mitwirkung in den F\u00fchrungsgruppen zur Verf\u00fcgung.&nbsp; Die Mannschaft ist auch auf Eins\u00e4tze im Rahmen der \u00dcberlandhilfe in anderen Landkreisen &hellip; <p class=\"link-more\"><a href=\"https:\/\/nfs-sigmaringen.de\/?p=4212\" class=\"more-link\"><span class=\"screen-reader-text\">\u201ePSNV F\u00fchrungsgruppe\u201c <\/span>weiterlesen<\/a><\/p><\/div><\/li>\n<li><div class=\"wp-block-latest-posts__featured-image aligncenter\"><img decoding=\"async\" width=\"525\" height=\"295\" src=\"https:\/\/nfs-sigmaringen.de\/wp-content\/uploads\/2025\/03\/2025-03-10-Spendenuebergabe-Aach-Linz-1-1024x576.jpg\" class=\"attachment-large size-large wp-post-image\" alt=\"\" style=\"max-width:768px;max-height:768px;\" srcset=\"https:\/\/nfs-sigmaringen.de\/wp-content\/uploads\/2025\/03\/2025-03-10-Spendenuebergabe-Aach-Linz-1-1024x576.jpg 1024w, https:\/\/nfs-sigmaringen.de\/wp-content\/uploads\/2025\/03\/2025-03-10-Spendenuebergabe-Aach-Linz-1-300x169.jpg 300w, https:\/\/nfs-sigmaringen.de\/wp-content\/uploads\/2025\/03\/2025-03-10-Spendenuebergabe-Aach-Linz-1-768x432.jpg 768w, https:\/\/nfs-sigmaringen.de\/wp-content\/uploads\/2025\/03\/2025-03-10-Spendenuebergabe-Aach-Linz-1-1536x864.jpg 1536w, https:\/\/nfs-sigmaringen.de\/wp-content\/uploads\/2025\/03\/2025-03-10-Spendenuebergabe-Aach-Linz-1-2048x1152.jpg 2048w\" sizes=\"100vw\" \/><\/div><a class=\"wp-block-latest-posts__post-title\" href=\"https:\/\/nfs-sigmaringen.de\/?p=4201\">Gro\u00dfz\u00fcgige Spende der Bastelfrauen Aach-Linz f\u00fcr die Notfallseelsorge<\/a><time datetime=\"2025-03-15T15:10:53+01:00\" class=\"wp-block-latest-posts__post-date\">15. M\u00e4rz 2025<\/time><div class=\"wp-block-latest-posts__post-excerpt\">Die Bastelfrauen aus Aach-Linz haben mit viel Herzblut und Engagement nicht nur kreative Werke f\u00fcr ihren Adventsbasar gestaltet, sondern auch an die Notfallseelsorge gedacht. Den Erl\u00f6s des Basars in H\u00f6he von 1.000 Euro haben sie nun an die Psychosoziale Notfallversorgung (PSNV) gespendet. Mit dieser gro\u00dfz\u00fcgigen Unterst\u00fctzung wird die wichtige Arbeit &hellip; <p class=\"link-more\"><a href=\"https:\/\/nfs-sigmaringen.de\/?p=4201\" class=\"more-link\"><span class=\"screen-reader-text\">\u201eGro\u00dfz\u00fcgige Spende der Bastelfrauen Aach-Linz f\u00fcr die Notfallseelsorge\u201c <\/span>weiterlesen<\/a><\/p><\/div><\/li>\n<li><div class=\"wp-block-latest-posts__featured-image aligncenter\"><img decoding=\"async\" width=\"525\" height=\"347\" src=\"https:\/\/nfs-sigmaringen.de\/wp-content\/uploads\/2025\/03\/IMG_8713-1-scaled-e1741776242644-1024x677.jpeg\" class=\"attachment-large size-large wp-post-image\" alt=\"\" style=\"max-width:768px;max-height:768px;\" srcset=\"https:\/\/nfs-sigmaringen.de\/wp-content\/uploads\/2025\/03\/IMG_8713-1-scaled-e1741776242644-1024x677.jpeg 1024w, https:\/\/nfs-sigmaringen.de\/wp-content\/uploads\/2025\/03\/IMG_8713-1-scaled-e1741776242644-300x198.jpeg 300w, https:\/\/nfs-sigmaringen.de\/wp-content\/uploads\/2025\/03\/IMG_8713-1-scaled-e1741776242644-768x508.jpeg 768w, https:\/\/nfs-sigmaringen.de\/wp-content\/uploads\/2025\/03\/IMG_8713-1-scaled-e1741776242644-1536x1016.jpeg 1536w, https:\/\/nfs-sigmaringen.de\/wp-content\/uploads\/2025\/03\/IMG_8713-1-scaled-e1741776242644.jpeg 1920w\" sizes=\"100vw\" \/><\/div><a class=\"wp-block-latest-posts__post-title\" href=\"https:\/\/nfs-sigmaringen.de\/?p=4193\">Spenden\u00fcbergabe der Feuerwehr Herbertingen an die PSNV Sigmaringen\u00a0<\/a><time datetime=\"2025-03-10T13:39:00+01:00\" class=\"wp-block-latest-posts__post-date\">10. M\u00e4rz 2025<\/time><div class=\"wp-block-latest-posts__post-excerpt\">Im Rahmen eines \u00dcbungsabends der Feuerwehr Herbertingen konnte das Einsatzkr\u00e4fte-Schulungsteam der PSNV Sigmaringen, spannende Einblicke in die Psychosoziale Notfallversorgung (PSNV) geben. In diesem wichtigen Austausch ging es darum, wie die PSNV arbeitet und wie Einsatzkr\u00e4fte in belastenden Situationen unterst\u00fctzt werden k\u00f6nnen.&nbsp; Ein besonderes Highlight des Abends war die gro\u00dfz\u00fcgige Spenden\u00fcbergabe &hellip; <p class=\"link-more\"><a href=\"https:\/\/nfs-sigmaringen.de\/?p=4193\" class=\"more-link\"><span class=\"screen-reader-text\">\u201eSpenden\u00fcbergabe der Feuerwehr Herbertingen an die PSNV Sigmaringen\u00a0\u201c <\/span>weiterlesen<\/a><\/p><\/div><\/li>\n<li><div class=\"wp-block-latest-posts__featured-image aligncenter\"><img decoding=\"async\" width=\"525\" height=\"363\" src=\"https:\/\/nfs-sigmaringen.de\/wp-content\/uploads\/2025\/02\/image0_sm2-scaled-e1739385373193-1024x708.jpeg\" class=\"attachment-large size-large wp-post-image\" alt=\"\" style=\"max-width:768px;max-height:768px;\" srcset=\"https:\/\/nfs-sigmaringen.de\/wp-content\/uploads\/2025\/02\/image0_sm2-scaled-e1739385373193-1024x708.jpeg 1024w, https:\/\/nfs-sigmaringen.de\/wp-content\/uploads\/2025\/02\/image0_sm2-scaled-e1739385373193-300x207.jpeg 300w, https:\/\/nfs-sigmaringen.de\/wp-content\/uploads\/2025\/02\/image0_sm2-scaled-e1739385373193-768x531.jpeg 768w, https:\/\/nfs-sigmaringen.de\/wp-content\/uploads\/2025\/02\/image0_sm2-scaled-e1739385373193-1536x1061.jpeg 1536w, https:\/\/nfs-sigmaringen.de\/wp-content\/uploads\/2025\/02\/image0_sm2-scaled-e1739385373193.jpeg 1780w\" sizes=\"100vw\" \/><\/div><a class=\"wp-block-latest-posts__post-title\" href=\"https:\/\/nfs-sigmaringen.de\/?p=4154\">Ausbildungsabend in der Notfallseelsorge: Thema Brand<\/a><time datetime=\"2025-02-04T19:30:00+01:00\" class=\"wp-block-latest-posts__post-date\">4. Februar 2025<\/time><div class=\"wp-block-latest-posts__post-excerpt\">Wie verhalte ich mich an einem Brandort? Welche Einsatzfahrzeuge nutzt die Feuerwehr? Und wie arbeiten wir als Notfallseelsorge mit den Einsatzkr\u00e4ften zusammen? Diese Fragen standen im Mittelpunkt unseres Ausbildungsabends in Pfullendorf. Nach einer theoretischen Einheit zum Verhalten am Brandort konnten wir die Feuerwehrfahrzeuge aus n\u00e4chster N\u00e4he betrachten. Ein besonderer Dank &hellip; <p class=\"link-more\"><a href=\"https:\/\/nfs-sigmaringen.de\/?p=4154\" class=\"more-link\"><span class=\"screen-reader-text\">\u201eAusbildungsabend in der Notfallseelsorge: Thema Brand\u201c <\/span>weiterlesen<\/a><\/p><\/div><\/li>\n<li><div class=\"wp-block-latest-posts__featured-image aligncenter\"><img decoding=\"async\" width=\"525\" height=\"466\" src=\"https:\/\/nfs-sigmaringen.de\/wp-content\/uploads\/2025\/02\/20250202_103602126_iOS-1024x909.jpg\" class=\"attachment-large size-large wp-post-image\" alt=\"\" style=\"max-width:768px;max-height:768px;\" srcset=\"https:\/\/nfs-sigmaringen.de\/wp-content\/uploads\/2025\/02\/20250202_103602126_iOS-1024x909.jpg 1024w, https:\/\/nfs-sigmaringen.de\/wp-content\/uploads\/2025\/02\/20250202_103602126_iOS-300x266.jpg 300w, https:\/\/nfs-sigmaringen.de\/wp-content\/uploads\/2025\/02\/20250202_103602126_iOS-768x682.jpg 768w, https:\/\/nfs-sigmaringen.de\/wp-content\/uploads\/2025\/02\/20250202_103602126_iOS-1536x1363.jpg 1536w, https:\/\/nfs-sigmaringen.de\/wp-content\/uploads\/2025\/02\/20250202_103602126_iOS.jpg 1600w\" sizes=\"100vw\" \/><\/div><a class=\"wp-block-latest-posts__post-title\" href=\"https:\/\/nfs-sigmaringen.de\/?p=4124\">Verkehrssicherheitstage &#8211; Wir waren dabei!<\/a><time datetime=\"2025-01-31T22:46:00+01:00\" class=\"wp-block-latest-posts__post-date\">31. Januar 2025<\/time><div class=\"wp-block-latest-posts__post-excerpt\">Im Rahmen der Verkehrssicherheitstage an der Bertha-Benz-Schule und der Ludwig-Erhard-Schule pr\u00e4sentierten wir an einem Informationsstand unsere Arbeit in der Notfallseelsorge. Die Sch\u00fclerinnen und Sch\u00fcler erhielten dabei auch Einblicke in die psychischen Belastungen, denen Ersthelfer, Augenzeugen und Unfallbeteiligte nach einem schweren Unfall ausgesetzt sein k\u00f6nnen. Die Verkehrssicherheitstage bieten ein vielf\u00e4ltiges Programm &hellip; <p class=\"link-more\"><a href=\"https:\/\/nfs-sigmaringen.de\/?p=4124\" class=\"more-link\"><span class=\"screen-reader-text\">\u201eVerkehrssicherheitstage &#8211; Wir waren dabei!\u201c <\/span>weiterlesen<\/a><\/p><\/div><\/li>\n<li><div class=\"wp-block-latest-posts__featured-image aligncenter\"><img decoding=\"async\" width=\"525\" height=\"351\" src=\"https:\/\/nfs-sigmaringen.de\/wp-content\/uploads\/2025\/01\/20250129_110858576_iOS-1-1024x684.jpg\" class=\"attachment-large size-large wp-post-image\" alt=\"\" style=\"max-width:768px;max-height:768px;\" srcset=\"https:\/\/nfs-sigmaringen.de\/wp-content\/uploads\/2025\/01\/20250129_110858576_iOS-1-1024x684.jpg 1024w, https:\/\/nfs-sigmaringen.de\/wp-content\/uploads\/2025\/01\/20250129_110858576_iOS-1-300x200.jpg 300w, https:\/\/nfs-sigmaringen.de\/wp-content\/uploads\/2025\/01\/20250129_110858576_iOS-1-768x513.jpg 768w, https:\/\/nfs-sigmaringen.de\/wp-content\/uploads\/2025\/01\/20250129_110858576_iOS-1-1536x1025.jpg 1536w, https:\/\/nfs-sigmaringen.de\/wp-content\/uploads\/2025\/01\/20250129_110858576_iOS-1-2048x1367.jpg 2048w\" sizes=\"100vw\" \/><\/div><a class=\"wp-block-latest-posts__post-title\" href=\"https:\/\/nfs-sigmaringen.de\/?p=4117\">Spende des Regenbogenchor Wald<\/a><time datetime=\"2025-01-27T07:58:58+01:00\" class=\"wp-block-latest-posts__post-date\">27. Januar 2025<\/time><div class=\"wp-block-latest-posts__post-excerpt\">Der Regenbogenchor Wald erfreute im Advent mit zwei wundersch\u00f6nen und emotionalen Konzerten zahlreiche Zuh\u00f6rerInnen in den Pfarrkirchen in Wald und Sigmaringendorf. Zum Abschluss bat der Chor jeweils um Spenden f\u00fcr die Notfallseelsorge im Landkreis Sigmaringen. Elke Gehrling, Vertreterin des Leitungsteam PSNV Sigmaringen, erkl\u00e4rte im Anschluss an jedes Konzert noch etwas &hellip; <p class=\"link-more\"><a href=\"https:\/\/nfs-sigmaringen.de\/?p=4117\" class=\"more-link\"><span class=\"screen-reader-text\">\u201eSpende des Regenbogenchor Wald\u201c <\/span>weiterlesen<\/a><\/p><\/div><\/li>\n<li><div class=\"wp-block-latest-posts__featured-image aligncenter\"><img decoding=\"async\" width=\"525\" height=\"521\" src=\"https:\/\/nfs-sigmaringen.de\/wp-content\/uploads\/2025\/02\/image-20250129-131149-459-1024x1017.jpeg\" class=\"attachment-large size-large wp-post-image\" alt=\"\" style=\"max-width:768px;max-height:768px;\" srcset=\"https:\/\/nfs-sigmaringen.de\/wp-content\/uploads\/2025\/02\/image-20250129-131149-459-1024x1017.jpeg 1024w, https:\/\/nfs-sigmaringen.de\/wp-content\/uploads\/2025\/02\/image-20250129-131149-459-300x298.jpeg 300w, https:\/\/nfs-sigmaringen.de\/wp-content\/uploads\/2025\/02\/image-20250129-131149-459-150x150.jpeg 150w, https:\/\/nfs-sigmaringen.de\/wp-content\/uploads\/2025\/02\/image-20250129-131149-459-768x762.jpeg 768w, https:\/\/nfs-sigmaringen.de\/wp-content\/uploads\/2025\/02\/image-20250129-131149-459-100x100.jpeg 100w, https:\/\/nfs-sigmaringen.de\/wp-content\/uploads\/2025\/02\/image-20250129-131149-459.jpeg 1108w\" sizes=\"100vw\" \/><\/div><a class=\"wp-block-latest-posts__post-title\" href=\"https:\/\/nfs-sigmaringen.de\/?p=4131\">Erfolgreicher Abschluss der PSNV-Grundausbildung<\/a><time datetime=\"2025-01-24T12:02:16+01:00\" class=\"wp-block-latest-posts__post-date\">24. Januar 2025<\/time><div class=\"wp-block-latest-posts__post-excerpt\">Alexandra Chevalier hat vom 20.-24. Januar 2025 den letzten Teil ihrer Grundausbildung in der Psychosozialen Notfallversorgung (PSNV) abgeschlossen. Nach dem ersten einw\u00f6chigen Teil im Juni 2024 an der Landespolizeischule B\u00f6blingen und dem zweiten Teil mit praktischen Hospitationen, regelm\u00e4\u00dfigen \u00dcbungsabenden und Supervisionen, folgte nun der dritte Teil an der Landesfeuerwehrschule Bruchsal.In &hellip; <p class=\"link-more\"><a href=\"https:\/\/nfs-sigmaringen.de\/?p=4131\" class=\"more-link\"><span class=\"screen-reader-text\">\u201eErfolgreicher Abschluss der PSNV-Grundausbildung\u201c <\/span>weiterlesen<\/a><\/p><\/div><\/li>\n<li><div class=\"wp-block-latest-posts__featured-image aligncenter\"><img decoding=\"async\" width=\"525\" height=\"373\" src=\"https:\/\/nfs-sigmaringen.de\/wp-content\/uploads\/2025\/01\/20250114_111742-2-1-1024x727.jpg\" class=\"attachment-large size-large wp-post-image\" alt=\"\" style=\"max-width:768px;max-height:768px;\" srcset=\"https:\/\/nfs-sigmaringen.de\/wp-content\/uploads\/2025\/01\/20250114_111742-2-1-1024x727.jpg 1024w, https:\/\/nfs-sigmaringen.de\/wp-content\/uploads\/2025\/01\/20250114_111742-2-1-300x213.jpg 300w, https:\/\/nfs-sigmaringen.de\/wp-content\/uploads\/2025\/01\/20250114_111742-2-1-768x545.jpg 768w, https:\/\/nfs-sigmaringen.de\/wp-content\/uploads\/2025\/01\/20250114_111742-2-1-1536x1091.jpg 1536w, https:\/\/nfs-sigmaringen.de\/wp-content\/uploads\/2025\/01\/20250114_111742-2-1.jpg 2000w\" sizes=\"100vw\" \/><\/div><a class=\"wp-block-latest-posts__post-title\" href=\"https:\/\/nfs-sigmaringen.de\/?p=4112\">Vertreter*innen der PSNV Sigmaringen in Berlin<\/a><time datetime=\"2025-01-15T19:48:00+01:00\" class=\"wp-block-latest-posts__post-date\">15. Januar 2025<\/time><div class=\"wp-block-latest-posts__post-excerpt\">Ein ganz besonderes Erlebnis in Berlin! Unsere Reise war hervorragend organisiert, bereichernd und gepr\u00e4gt von spannenden Eindr\u00fccken sowie einem tollen Miteinander. Als Gruppe aus verschiedenen ehrenamtlichen Projekten der Landkreise ZAK und SIG hatten wir die M\u00f6glichkeit, neue Kontakte zu kn\u00fcpfen, Perspektiven zu erweitern und inspirierende Gespr\u00e4che zu f\u00fchren. Besonders freut &hellip; <p class=\"link-more\"><a href=\"https:\/\/nfs-sigmaringen.de\/?p=4112\" class=\"more-link\"><span class=\"screen-reader-text\">\u201eVertreter*innen der PSNV Sigmaringen in Berlin\u201c <\/span>weiterlesen<\/a><\/p><\/div><\/li>\n<li><div class=\"wp-block-latest-posts__featured-image aligncenter\"><img decoding=\"async\" width=\"525\" height=\"425\" src=\"https:\/\/nfs-sigmaringen.de\/wp-content\/uploads\/2025\/01\/IMG_9716-1024x828.jpeg\" class=\"attachment-large size-large wp-post-image\" alt=\"\" style=\"max-width:768px;max-height:768px;\" srcset=\"https:\/\/nfs-sigmaringen.de\/wp-content\/uploads\/2025\/01\/IMG_9716-1024x828.jpeg 1024w, https:\/\/nfs-sigmaringen.de\/wp-content\/uploads\/2025\/01\/IMG_9716-300x242.jpeg 300w, https:\/\/nfs-sigmaringen.de\/wp-content\/uploads\/2025\/01\/IMG_9716-768x621.jpeg 768w, https:\/\/nfs-sigmaringen.de\/wp-content\/uploads\/2025\/01\/IMG_9716-1536x1242.jpeg 1536w, https:\/\/nfs-sigmaringen.de\/wp-content\/uploads\/2025\/01\/IMG_9716.jpeg 1972w\" sizes=\"100vw\" \/><\/div><a class=\"wp-block-latest-posts__post-title\" href=\"https:\/\/nfs-sigmaringen.de\/?p=4068\">Neujahrsfr\u00fchst\u00fcck der AG Notfallseelsorge im Landkreis Sigmaringen<\/a><time datetime=\"2025-01-12T10:00:00+01:00\" class=\"wp-block-latest-posts__post-date\">12. Januar 2025<\/time><div class=\"wp-block-latest-posts__post-excerpt\">Am Sonntag, den 12. Januar 2025, fand das traditionelle Neujahrsfr\u00fchst\u00fcck der Arbeitsgemeinschaft Notfallseelsorge im Landkreis Sigmaringen statt. Alle Mitglieder sowie deren Familien, Partner und G\u00f6nner waren herzlich eingeladen, um gemeinsam das neue Jahr einzul\u00e4uten. Im Feuerwehrhaus Veringenstadt konnten wir in entspannter und geselliger Atmosph\u00e4re das neue Jahr begr\u00fc\u00dfen. Die Veranstaltung &hellip; <p class=\"link-more\"><a href=\"https:\/\/nfs-sigmaringen.de\/?p=4068\" class=\"more-link\"><span class=\"screen-reader-text\">\u201eNeujahrsfr\u00fchst\u00fcck der AG Notfallseelsorge im Landkreis Sigmaringen\u201c <\/span>weiterlesen<\/a><\/p><\/div><\/li>\n<li><div class=\"wp-block-latest-posts__featured-image aligncenter\"><img decoding=\"async\" width=\"525\" height=\"385\" src=\"https:\/\/nfs-sigmaringen.de\/wp-content\/uploads\/2024\/12\/2024-kreenheinstetten-1-1024x750.jpg\" class=\"attachment-large size-large wp-post-image\" alt=\"\" style=\"max-width:768px;max-height:768px;\" srcset=\"https:\/\/nfs-sigmaringen.de\/wp-content\/uploads\/2024\/12\/2024-kreenheinstetten-1-1024x750.jpg 1024w, https:\/\/nfs-sigmaringen.de\/wp-content\/uploads\/2024\/12\/2024-kreenheinstetten-1-300x220.jpg 300w, https:\/\/nfs-sigmaringen.de\/wp-content\/uploads\/2024\/12\/2024-kreenheinstetten-1-768x563.jpg 768w, https:\/\/nfs-sigmaringen.de\/wp-content\/uploads\/2024\/12\/2024-kreenheinstetten-1-1536x1125.jpg 1536w, https:\/\/nfs-sigmaringen.de\/wp-content\/uploads\/2024\/12\/2024-kreenheinstetten-1-2048x1500.jpg 2048w\" sizes=\"100vw\" \/><\/div><a class=\"wp-block-latest-posts__post-title\" href=\"https:\/\/nfs-sigmaringen.de\/?p=4005\">Gugge Hoi &#8211; 17. Dorfweihnacht Kreenheinstetten beschert Spende an die PSNV<\/a><time datetime=\"2024-12-15T23:02:00+01:00\" class=\"wp-block-latest-posts__post-date\">15. Dezember 2024<\/time><div class=\"wp-block-latest-posts__post-excerpt\">Am vergangenen Sonntag fand in Kreenheinstetten zum 17. Mal die traditionelle Dorfweihnacht statt. Die Guggenmusik Kreenheinstetten hatte wieder einmal mit viel Herz und Engagement zu einem besinnlichen und festlichen Abend eingeladen. Mit Gl\u00fchwein, Punsch und Geb\u00e4ck genossen die Besucher*innen die stimmungsvolle Atmosph\u00e4re auf dem festlich geschm\u00fcckten Dorfplatz. Weihnachtslieder und eine &hellip; <p class=\"link-more\"><a href=\"https:\/\/nfs-sigmaringen.de\/?p=4005\" class=\"more-link\"><span class=\"screen-reader-text\">\u201eGugge Hoi &#8211; 17. Dorfweihnacht Kreenheinstetten beschert Spende an die PSNV\u201c <\/span>weiterlesen<\/a><\/p><\/div><\/li>\n<li><div class=\"wp-block-latest-posts__featured-image aligncenter\"><img decoding=\"async\" width=\"525\" height=\"700\" src=\"https:\/\/nfs-sigmaringen.de\/wp-content\/uploads\/2024\/12\/IMG_9872-1-768x1024.jpeg\" class=\"attachment-large size-large wp-post-image\" alt=\"\" style=\"max-width:768px;max-height:768px;\" srcset=\"https:\/\/nfs-sigmaringen.de\/wp-content\/uploads\/2024\/12\/IMG_9872-1-768x1024.jpeg 768w, https:\/\/nfs-sigmaringen.de\/wp-content\/uploads\/2024\/12\/IMG_9872-1-225x300.jpeg 225w, https:\/\/nfs-sigmaringen.de\/wp-content\/uploads\/2024\/12\/IMG_9872-1-1152x1536.jpeg 1152w, https:\/\/nfs-sigmaringen.de\/wp-content\/uploads\/2024\/12\/IMG_9872-1-1536x2048.jpeg 1536w, https:\/\/nfs-sigmaringen.de\/wp-content\/uploads\/2024\/12\/IMG_9872-1-scaled.jpeg 1920w\" sizes=\"100vw\" \/><\/div><a class=\"wp-block-latest-posts__post-title\" href=\"https:\/\/nfs-sigmaringen.de\/?p=3913\">Ein starkes Team &#8211; PSNV 2024<\/a><time datetime=\"2024-12-03T10:00:00+01:00\" class=\"wp-block-latest-posts__post-date\">3. Dezember 2024<\/time><div class=\"wp-block-latest-posts__post-excerpt\">Du arbeitest in einem sozialen Beruf und hast Interesse Menschen in Krisensituationen zu helfen, dann werde Teil unseres PSNV-Teams und engagiere Dich ehrenamtlich in der psychosozialen Notfallversorgung im Landkreis Sigmaringen. Hier gibt es weitere Informationen zur Ausbildung zur PSNV-Fachkraft<\/div><\/li>\n<li><div class=\"wp-block-latest-posts__featured-image aligncenter\"><img decoding=\"async\" width=\"525\" height=\"431\" src=\"https:\/\/nfs-sigmaringen.de\/wp-content\/uploads\/2024\/12\/DSC_2532b-1024x841.jpg\" class=\"attachment-large size-large wp-post-image\" alt=\"\" style=\"max-width:768px;max-height:768px;\" srcset=\"https:\/\/nfs-sigmaringen.de\/wp-content\/uploads\/2024\/12\/DSC_2532b-1024x841.jpg 1024w, https:\/\/nfs-sigmaringen.de\/wp-content\/uploads\/2024\/12\/DSC_2532b-300x246.jpg 300w, https:\/\/nfs-sigmaringen.de\/wp-content\/uploads\/2024\/12\/DSC_2532b-768x630.jpg 768w, https:\/\/nfs-sigmaringen.de\/wp-content\/uploads\/2024\/12\/DSC_2532b-1536x1261.jpg 1536w, https:\/\/nfs-sigmaringen.de\/wp-content\/uploads\/2024\/12\/DSC_2532b-2048x1681.jpg 2048w\" sizes=\"100vw\" \/><\/div><a class=\"wp-block-latest-posts__post-title\" href=\"https:\/\/nfs-sigmaringen.de\/?p=3977\">Das Diakonie-L\u00e4dele Mengen l\u00e4dt zur Spenden\u00fcbergabe ein<\/a><time datetime=\"2024-11-28T23:06:00+01:00\" class=\"wp-block-latest-posts__post-date\">28. November 2024<\/time><div class=\"wp-block-latest-posts__post-excerpt\">Im Diakonie-L\u00e4dele Mengen werden von ehrenamtlichen Mitarbeiterinnen gespendete gebrauchte Waren, wie Kleidung, Bettw\u00e4sche, Textilien, Schuhe und Accessoires zu sehr g\u00fcnstigen Preisen auch f\u00fcr den schmalen Geldbeutel angeboten. Mit dem Erl\u00f6s des Verkaufs werden Hilfsprojekte und soziale Einrichtungen und Initiativen in unserer Region unterst\u00fctzt. Auch in diesem Jahr wurde die Notfallseelsorge &hellip; <p class=\"link-more\"><a href=\"https:\/\/nfs-sigmaringen.de\/?p=3977\" class=\"more-link\"><span class=\"screen-reader-text\">\u201eDas Diakonie-L\u00e4dele Mengen l\u00e4dt zur Spenden\u00fcbergabe ein\u201c <\/span>weiterlesen<\/a><\/p><\/div><\/li>\n<li><div class=\"wp-block-latest-posts__featured-image aligncenter\"><img decoding=\"async\" width=\"525\" height=\"394\" src=\"https:\/\/nfs-sigmaringen.de\/wp-content\/uploads\/2024\/11\/20241123_145535079_iOS-1-1024x768.jpg\" class=\"attachment-large size-large wp-post-image\" alt=\"\" style=\"max-width:768px;max-height:768px;\" srcset=\"https:\/\/nfs-sigmaringen.de\/wp-content\/uploads\/2024\/11\/20241123_145535079_iOS-1-1024x768.jpg 1024w, https:\/\/nfs-sigmaringen.de\/wp-content\/uploads\/2024\/11\/20241123_145535079_iOS-1-300x225.jpg 300w, https:\/\/nfs-sigmaringen.de\/wp-content\/uploads\/2024\/11\/20241123_145535079_iOS-1-768x576.jpg 768w, https:\/\/nfs-sigmaringen.de\/wp-content\/uploads\/2024\/11\/20241123_145535079_iOS-1-1536x1152.jpg 1536w, https:\/\/nfs-sigmaringen.de\/wp-content\/uploads\/2024\/11\/20241123_145535079_iOS-1-2048x1536.jpg 2048w\" sizes=\"100vw\" \/><\/div><a class=\"wp-block-latest-posts__post-title\" href=\"https:\/\/nfs-sigmaringen.de\/?p=3856\">Spenden\u00fcbergabe an PSNV<\/a><time datetime=\"2024-11-23T21:27:00+01:00\" class=\"wp-block-latest-posts__post-date\">23. November 2024<\/time><div class=\"wp-block-latest-posts__post-excerpt\">Im Rahmen der Kommandantendienstbesprechung des Landkreis Sigmaringen, fand die Spenden\u00fcbergabe der Feuerwehr Ostrach (vertreten durch Johannes Fularczyk und Martin Widmer) an die PSNV Sigmaringen (vertreten durch Winfried Fritz und Bernd Weinmann) statt. In einem gro\u00dfartigen Projekt riefen sie die Bev\u00f6lkerung aus der Gemeinde Ostrach auf, Schrott zu sammeln um den &hellip; <p class=\"link-more\"><a href=\"https:\/\/nfs-sigmaringen.de\/?p=3856\" class=\"more-link\"><span class=\"screen-reader-text\">\u201eSpenden\u00fcbergabe an PSNV\u201c <\/span>weiterlesen<\/a><\/p><\/div><\/li>\n<li><div class=\"wp-block-latest-posts__featured-image aligncenter\"><img decoding=\"async\" width=\"525\" height=\"394\" src=\"https:\/\/nfs-sigmaringen.de\/wp-content\/uploads\/2024\/11\/20241121_090947441_iOS-1024x768.jpg\" class=\"attachment-large size-large wp-post-image\" alt=\"\" style=\"max-width:768px;max-height:768px;\" srcset=\"https:\/\/nfs-sigmaringen.de\/wp-content\/uploads\/2024\/11\/20241121_090947441_iOS-1024x768.jpg 1024w, https:\/\/nfs-sigmaringen.de\/wp-content\/uploads\/2024\/11\/20241121_090947441_iOS-300x225.jpg 300w, https:\/\/nfs-sigmaringen.de\/wp-content\/uploads\/2024\/11\/20241121_090947441_iOS-768x576.jpg 768w, https:\/\/nfs-sigmaringen.de\/wp-content\/uploads\/2024\/11\/20241121_090947441_iOS-1536x1152.jpg 1536w, https:\/\/nfs-sigmaringen.de\/wp-content\/uploads\/2024\/11\/20241121_090947441_iOS-2048x1536.jpg 2048w\" sizes=\"100vw\" \/><\/div><a class=\"wp-block-latest-posts__post-title\" href=\"https:\/\/nfs-sigmaringen.de\/?p=3867\">Notfallseelsorge trifft sich zum j\u00e4hrlichen \u00dcbungstag in Pfullendorf<\/a><time datetime=\"2024-11-21T09:00:00+01:00\" class=\"wp-block-latest-posts__post-date\">21. November 2024<\/time><div class=\"wp-block-latest-posts__post-excerpt\">Am 21.11.2024 fand unser diesj\u00e4hriger \u00dcbungstag bei der Feuerwehr Pfullendorf im neuen Feuerwehrhaus statt. Ein Tag voller intensiver Arbeit, bereichernder Begegnungen und wertvollem Austausch \u2013 und das alles in bester Zusammenarbeit mit unseren Partnerorganisationen der Blaulichtfamilie. Was stand auf dem Plan? Kennenlernen: Neue und bekannte Gesichter trafen aufeinander, um die &hellip; <p class=\"link-more\"><a href=\"https:\/\/nfs-sigmaringen.de\/?p=3867\" class=\"more-link\"><span class=\"screen-reader-text\">\u201eNotfallseelsorge trifft sich zum j\u00e4hrlichen \u00dcbungstag in Pfullendorf\u201c <\/span>weiterlesen<\/a><\/p><\/div><\/li>\n<li><div class=\"wp-block-latest-posts__featured-image aligncenter\"><img decoding=\"async\" width=\"525\" height=\"264\" src=\"https:\/\/nfs-sigmaringen.de\/wp-content\/uploads\/2024\/11\/IMG_9800-1024x514.jpg\" class=\"attachment-large size-large wp-post-image\" alt=\"\" style=\"max-width:768px;max-height:768px;\" srcset=\"https:\/\/nfs-sigmaringen.de\/wp-content\/uploads\/2024\/11\/IMG_9800-1024x514.jpg 1024w, https:\/\/nfs-sigmaringen.de\/wp-content\/uploads\/2024\/11\/IMG_9800-300x151.jpg 300w, https:\/\/nfs-sigmaringen.de\/wp-content\/uploads\/2024\/11\/IMG_9800-768x386.jpg 768w, https:\/\/nfs-sigmaringen.de\/wp-content\/uploads\/2024\/11\/IMG_9800-1536x772.jpg 1536w, https:\/\/nfs-sigmaringen.de\/wp-content\/uploads\/2024\/11\/IMG_9800-2048x1029.jpg 2048w\" sizes=\"100vw\" \/><\/div><a class=\"wp-block-latest-posts__post-title\" href=\"https:\/\/nfs-sigmaringen.de\/?p=3825\">SbE-Team w\u00e4hlt Einsatzkoordinatorin und Fachlichen Leiter<\/a><time datetime=\"2024-11-16T20:25:57+01:00\" class=\"wp-block-latest-posts__post-date\">16. November 2024<\/time><div class=\"wp-block-latest-posts__post-excerpt\">Das SbE-Team Sigmaringen hat im Rahmen seines letzten \u00dcbungstages die neue Sektionsleitung gew\u00e4hlt. Im Rahmen des \u00dcbungstages wurden zun\u00e4chst die Einsatzstandards f\u00fcr Einzelgespr\u00e4che wiederholt, wie sie im Rahmen der bundesweiten Ausbildung durch die SbE-Bundesvereinigung gelehrt werden. Im Rollenspiel bot sich dann f\u00fcr alle die Gelegenheit, das Besprochene erneut im Gespr\u00e4ch &hellip; <p class=\"link-more\"><a href=\"https:\/\/nfs-sigmaringen.de\/?p=3825\" class=\"more-link\"><span class=\"screen-reader-text\">\u201eSbE-Team w\u00e4hlt Einsatzkoordinatorin und Fachlichen Leiter\u201c <\/span>weiterlesen<\/a><\/p><\/div><\/li>\n<li><div class=\"wp-block-latest-posts__featured-image aligncenter\"><img decoding=\"async\" width=\"525\" height=\"313\" src=\"https:\/\/nfs-sigmaringen.de\/wp-content\/uploads\/2024\/11\/IMG_7769-1-1024x610.jpg\" class=\"attachment-large size-large wp-post-image\" alt=\"\" style=\"max-width:768px;max-height:768px;\" srcset=\"https:\/\/nfs-sigmaringen.de\/wp-content\/uploads\/2024\/11\/IMG_7769-1-1024x610.jpg 1024w, https:\/\/nfs-sigmaringen.de\/wp-content\/uploads\/2024\/11\/IMG_7769-1-300x179.jpg 300w, https:\/\/nfs-sigmaringen.de\/wp-content\/uploads\/2024\/11\/IMG_7769-1-768x458.jpg 768w, https:\/\/nfs-sigmaringen.de\/wp-content\/uploads\/2024\/11\/IMG_7769-1-1536x915.jpg 1536w, https:\/\/nfs-sigmaringen.de\/wp-content\/uploads\/2024\/11\/IMG_7769-1-2048x1221.jpg 2048w\" sizes=\"100vw\" \/><\/div><a class=\"wp-block-latest-posts__post-title\" href=\"https:\/\/nfs-sigmaringen.de\/?p=3906\">\u00dcbungstag Einsatzkr\u00e4fteschulung bei der Polizei Sigmaringen<\/a><time datetime=\"2024-11-11T12:34:00+01:00\" class=\"wp-block-latest-posts__post-date\">11. November 2024<\/time><div class=\"wp-block-latest-posts__post-excerpt\">Das Polizeirevier Sigmaringen hat mit der Psychosozialen Notfallversorgung (PSNV) des Landkreises Sigmaringen zusammen eine Fortbildung durchgef\u00fchrt, bei der es darum ging, gemeinsam die Standards f\u00fcr die \u00dcberbringung von Todesnachrichten abzusprechen und einzu\u00fcben. Vorbereitet wurde dieser Vormittag vom Einsatzkr\u00e4fteschulungsteam der Notfallseelsorge Sigmaringen. Da im Einsatz oft keine Zeit f\u00fcr solche Absprachen &hellip; <p class=\"link-more\"><a href=\"https:\/\/nfs-sigmaringen.de\/?p=3906\" class=\"more-link\"><span class=\"screen-reader-text\">\u201e\u00dcbungstag Einsatzkr\u00e4fteschulung bei der Polizei Sigmaringen\u201c <\/span>weiterlesen<\/a><\/p><\/div><\/li>\n<li><div class=\"wp-block-latest-posts__featured-image aligncenter\"><img decoding=\"async\" width=\"525\" height=\"237\" src=\"https:\/\/nfs-sigmaringen.de\/wp-content\/uploads\/2024\/11\/2024-11-09-Foto-1024x462.jpg\" class=\"attachment-large size-large wp-post-image\" alt=\"\" style=\"max-width:768px;max-height:768px;\" srcset=\"https:\/\/nfs-sigmaringen.de\/wp-content\/uploads\/2024\/11\/2024-11-09-Foto-1024x462.jpg 1024w, https:\/\/nfs-sigmaringen.de\/wp-content\/uploads\/2024\/11\/2024-11-09-Foto-300x135.jpg 300w, https:\/\/nfs-sigmaringen.de\/wp-content\/uploads\/2024\/11\/2024-11-09-Foto-768x347.jpg 768w, https:\/\/nfs-sigmaringen.de\/wp-content\/uploads\/2024\/11\/2024-11-09-Foto-1536x693.jpg 1536w, https:\/\/nfs-sigmaringen.de\/wp-content\/uploads\/2024\/11\/2024-11-09-Foto.jpg 1968w\" sizes=\"100vw\" \/><\/div><a class=\"wp-block-latest-posts__post-title\" href=\"https:\/\/nfs-sigmaringen.de\/?p=3869\">Spendenerhalt: Feiern f\u00fcr den guten Zweck<\/a><time datetime=\"2024-11-09T21:47:58+01:00\" class=\"wp-block-latest-posts__post-date\">9. November 2024<\/time><div class=\"wp-block-latest-posts__post-excerpt\">Wir sind sehr dankbar f\u00fcr die gro\u00dfz\u00fcgige Unterst\u00fctzung der &#8222;Grotte &amp; Stein Revival-Party&#8220; in Sigmaringendorf! Durch die Spende von 500 \u20ac, die aus den Eintrittsgeldern generiert wurde, k\u00f6nnen wir Menschen in Krisensituationen zur Seite stehen. Ein gro\u00dfer Dank gilt den Veranstaltern und G\u00e4sten \u2013 ohne Spenden wie diese w\u00e4re unsere &hellip; <p class=\"link-more\"><a href=\"https:\/\/nfs-sigmaringen.de\/?p=3869\" class=\"more-link\"><span class=\"screen-reader-text\">\u201eSpendenerhalt: Feiern f\u00fcr den guten Zweck\u201c <\/span>weiterlesen<\/a><\/p><\/div><\/li>\n<li><div class=\"wp-block-latest-posts__featured-image aligncenter\"><img decoding=\"async\" width=\"525\" height=\"204\" src=\"https:\/\/nfs-sigmaringen.de\/wp-content\/uploads\/2024\/10\/2024-10-26-HUe-VS-01b-1024x397.jpg\" class=\"attachment-large size-large wp-post-image\" alt=\"\" style=\"max-width:768px;max-height:768px;\" srcset=\"https:\/\/nfs-sigmaringen.de\/wp-content\/uploads\/2024\/10\/2024-10-26-HUe-VS-01b-1024x397.jpg 1024w, https:\/\/nfs-sigmaringen.de\/wp-content\/uploads\/2024\/10\/2024-10-26-HUe-VS-01b-300x116.jpg 300w, https:\/\/nfs-sigmaringen.de\/wp-content\/uploads\/2024\/10\/2024-10-26-HUe-VS-01b-768x298.jpg 768w, https:\/\/nfs-sigmaringen.de\/wp-content\/uploads\/2024\/10\/2024-10-26-HUe-VS-01b-1536x595.jpg 1536w, https:\/\/nfs-sigmaringen.de\/wp-content\/uploads\/2024\/10\/2024-10-26-HUe-VS-01b.jpg 1574w\" sizes=\"100vw\" \/><\/div><a class=\"wp-block-latest-posts__post-title\" href=\"https:\/\/nfs-sigmaringen.de\/?p=3868\">Jahreshaupt\u00fcbung der Freiwilligen Feuerwehr Veringenstadt<\/a><time datetime=\"2024-10-26T16:00:00+02:00\" class=\"wp-block-latest-posts__post-date\">26. Oktober 2024<\/time><div class=\"wp-block-latest-posts__post-excerpt\">Als PSNV-Team begleiteten wir die Jahreshaupt\u00fcbung der Freiwilligen Feuerwehr Veringenstadt. Bei einem realistischen Zugungl\u00fccksszenario betreuten wir Betroffene und standen der Feuerwehrf\u00fchrung beratend zur Seite. Diese \u00dcbungen zeigen, wie wichtig ein starkes Netzwerk in Krisensituationen ist.<\/div><\/li>\n<li><div class=\"wp-block-latest-posts__featured-image aligncenter\"><img decoding=\"async\" width=\"525\" height=\"394\" src=\"https:\/\/nfs-sigmaringen.de\/wp-content\/uploads\/2024\/10\/IMG_6566-1-1024x768.jpg\" class=\"attachment-large size-large wp-post-image\" alt=\"\" style=\"max-width:768px;max-height:768px;\" srcset=\"https:\/\/nfs-sigmaringen.de\/wp-content\/uploads\/2024\/10\/IMG_6566-1-1024x768.jpg 1024w, https:\/\/nfs-sigmaringen.de\/wp-content\/uploads\/2024\/10\/IMG_6566-1-300x225.jpg 300w, https:\/\/nfs-sigmaringen.de\/wp-content\/uploads\/2024\/10\/IMG_6566-1-768x576.jpg 768w, https:\/\/nfs-sigmaringen.de\/wp-content\/uploads\/2024\/10\/IMG_6566-1-1536x1152.jpg 1536w, https:\/\/nfs-sigmaringen.de\/wp-content\/uploads\/2024\/10\/IMG_6566-1-2048x1536.jpg 2048w\" sizes=\"100vw\" \/><\/div><a class=\"wp-block-latest-posts__post-title\" href=\"https:\/\/nfs-sigmaringen.de\/?p=3766\">Helden in Aktion: Helfertag an Grundschulen in Sigmaringen<\/a><time datetime=\"2024-10-24T21:01:00+02:00\" class=\"wp-block-latest-posts__post-date\">24. Oktober 2024<\/time><div class=\"wp-block-latest-posts__post-excerpt\">Am 24. Oktober 2024 stand f\u00fcr einige Klassen der Bilharzschule, der Geschwister-Scholl-Schule und der Grundschule in Laiz ein ganz besonderer Schultag auf dem Programm: Zusammen mit der Freiwilligen Feuerwehr Sigmaringen (FFW) besuchten Mitglieder der Psychosozialen Notfallversorgung (PSNV) die Kinder, um ihnen einen spannenden Einblick in die Welt der Helfer zu &hellip; <p class=\"link-more\"><a href=\"https:\/\/nfs-sigmaringen.de\/?p=3766\" class=\"more-link\"><span class=\"screen-reader-text\">\u201eHelden in Aktion: Helfertag an Grundschulen in Sigmaringen\u201c <\/span>weiterlesen<\/a><\/p><\/div><\/li>\n<li><div class=\"wp-block-latest-posts__featured-image aligncenter\"><img decoding=\"async\" width=\"525\" height=\"483\" src=\"https:\/\/nfs-sigmaringen.de\/wp-content\/uploads\/2024\/10\/IMG_2707-1024x943.jpeg\" class=\"attachment-large size-large wp-post-image\" alt=\"\" style=\"max-width:768px;max-height:768px;\" srcset=\"https:\/\/nfs-sigmaringen.de\/wp-content\/uploads\/2024\/10\/IMG_2707-1024x943.jpeg 1024w, https:\/\/nfs-sigmaringen.de\/wp-content\/uploads\/2024\/10\/IMG_2707-300x276.jpeg 300w, https:\/\/nfs-sigmaringen.de\/wp-content\/uploads\/2024\/10\/IMG_2707-768x707.jpeg 768w, https:\/\/nfs-sigmaringen.de\/wp-content\/uploads\/2024\/10\/IMG_2707-1536x1414.jpeg 1536w, https:\/\/nfs-sigmaringen.de\/wp-content\/uploads\/2024\/10\/IMG_2707-2048x1886.jpeg 2048w\" sizes=\"100vw\" \/><\/div><a class=\"wp-block-latest-posts__post-title\" href=\"https:\/\/nfs-sigmaringen.de\/?p=3775\">Ausbildungsabend: &#8222;Begleitung von Kindern und Jugendlichen in Krisensituationen&#8220;<\/a><time datetime=\"2024-10-23T22:17:02+02:00\" class=\"wp-block-latest-posts__post-date\">23. Oktober 2024<\/time><div class=\"wp-block-latest-posts__post-excerpt\">Am 23. Oktober 2024 kamen die Kameradinnen und Kameraden der Psychosozialen Notfallversorgung Sigmaringen zu einem bedeutsamen Ausbildungsabend zusammen. Im Fokus stand diesmal das Thema \u201eBegleitung von Kindern und Jugendlichen in Krisensituationen\u201c \u2013 ein Bereich, der in unserer Arbeit besondere Sensibilit\u00e4t und ein breites Fachwissen erfordert. Kinder und Jugendliche erleben Krisen &hellip; <p class=\"link-more\"><a href=\"https:\/\/nfs-sigmaringen.de\/?p=3775\" class=\"more-link\"><span class=\"screen-reader-text\">\u201eAusbildungsabend: &#8222;Begleitung von Kindern und Jugendlichen in Krisensituationen&#8220;\u201c <\/span>weiterlesen<\/a><\/p><\/div><\/li>\n<li><div class=\"wp-block-latest-posts__featured-image aligncenter\"><img decoding=\"async\" width=\"525\" height=\"317\" src=\"https:\/\/nfs-sigmaringen.de\/wp-content\/uploads\/2024\/10\/2024-10-12-SbE-ENT-04-1024x618.jpg\" class=\"attachment-large size-large wp-post-image\" alt=\"\" style=\"max-width:768px;max-height:768px;\" srcset=\"https:\/\/nfs-sigmaringen.de\/wp-content\/uploads\/2024\/10\/2024-10-12-SbE-ENT-04-1024x618.jpg 1024w, https:\/\/nfs-sigmaringen.de\/wp-content\/uploads\/2024\/10\/2024-10-12-SbE-ENT-04-300x181.jpg 300w, https:\/\/nfs-sigmaringen.de\/wp-content\/uploads\/2024\/10\/2024-10-12-SbE-ENT-04-768x464.jpg 768w, https:\/\/nfs-sigmaringen.de\/wp-content\/uploads\/2024\/10\/2024-10-12-SbE-ENT-04-1536x927.jpg 1536w, https:\/\/nfs-sigmaringen.de\/wp-content\/uploads\/2024\/10\/2024-10-12-SbE-ENT-04-2048x1236.jpg 2048w\" sizes=\"100vw\" \/><\/div><a class=\"wp-block-latest-posts__post-title\" href=\"https:\/\/nfs-sigmaringen.de\/?p=3723\">SbE-\u00dcbungstag mit ENT Konstanz<\/a><time datetime=\"2024-10-12T21:06:18+02:00\" class=\"wp-block-latest-posts__post-date\">12. Oktober 2024<\/time><div class=\"wp-block-latest-posts__post-excerpt\">Das ENT Konstanz und das SbE-Team Sigmaringen verbindet zwischenzeitlich eine langj\u00e4hrige Freundschaft. Die beiden Systeme \u00fcben j\u00e4hrlich gemeinsam einmal einen ganzen Tag und nutzen diese Gelegenheit zum fachlichen Austausch \u00fcber Methoden der Einsatznachsorge bzw. PSNV-E (Psychosoziale Notfallversorgung &#8211; Einsatzkr\u00e4fte).Dieses Jahr bereitete die Fachliche Leitung Petra Nagel-K\u00fcmmerle mit ihrem ENT Konstanz &hellip; <p class=\"link-more\"><a href=\"https:\/\/nfs-sigmaringen.de\/?p=3723\" class=\"more-link\"><span class=\"screen-reader-text\">\u201eSbE-\u00dcbungstag mit ENT Konstanz\u201c <\/span>weiterlesen<\/a><\/p><\/div><\/li>\n<li><div class=\"wp-block-latest-posts__featured-image aligncenter\"><img decoding=\"async\" width=\"525\" height=\"238\" src=\"https:\/\/nfs-sigmaringen.de\/wp-content\/uploads\/2024\/10\/Leiter_PSNV_Bruchsal_2024b-1024x464.jpg\" class=\"attachment-large size-large wp-post-image\" alt=\"\" style=\"max-width:768px;max-height:768px;\" srcset=\"https:\/\/nfs-sigmaringen.de\/wp-content\/uploads\/2024\/10\/Leiter_PSNV_Bruchsal_2024b-1024x464.jpg 1024w, https:\/\/nfs-sigmaringen.de\/wp-content\/uploads\/2024\/10\/Leiter_PSNV_Bruchsal_2024b-300x136.jpg 300w, https:\/\/nfs-sigmaringen.de\/wp-content\/uploads\/2024\/10\/Leiter_PSNV_Bruchsal_2024b-768x348.jpg 768w, https:\/\/nfs-sigmaringen.de\/wp-content\/uploads\/2024\/10\/Leiter_PSNV_Bruchsal_2024b-1536x696.jpg 1536w, https:\/\/nfs-sigmaringen.de\/wp-content\/uploads\/2024\/10\/Leiter_PSNV_Bruchsal_2024b.jpg 1597w\" sizes=\"100vw\" \/><\/div><a class=\"wp-block-latest-posts__post-title\" href=\"https:\/\/nfs-sigmaringen.de\/?p=3712\">Neue Fachberater\/ Leiter PSNV<\/a><time datetime=\"2024-10-11T22:29:38+02:00\" class=\"wp-block-latest-posts__post-date\">11. Oktober 2024<\/time><div class=\"wp-block-latest-posts__post-excerpt\">Das PSNV-System Sigmaringen hat drei neue Fachberater \/ Leiter PSNV. An der Landesfeuerwehrschule in Bruchsal absolvierten Kathrin R\u00f6mer, Thomas Haueisen und Bastian Kiner den einw\u00f6chigen Ausbildungsabschnitt zum Fachberater \/ Leiter PSNV, der auf die Mitarbeit in F\u00fchrungsgruppen und F\u00fchrungsst\u00e4ben vorbereitet. Nach diesem Ausbildungsabschnitt k\u00f6nnen nun die drei neu ausgebildeten Fachberater &hellip; <p class=\"link-more\"><a href=\"https:\/\/nfs-sigmaringen.de\/?p=3712\" class=\"more-link\"><span class=\"screen-reader-text\">\u201eNeue Fachberater\/ Leiter PSNV\u201c <\/span>weiterlesen<\/a><\/p><\/div><\/li>\n<li><div class=\"wp-block-latest-posts__featured-image aligncenter\"><img decoding=\"async\" width=\"525\" height=\"394\" src=\"https:\/\/nfs-sigmaringen.de\/wp-content\/uploads\/2024\/10\/P1200852-1024x768.jpg\" class=\"attachment-large size-large wp-post-image\" alt=\"\" style=\"max-width:768px;max-height:768px;\" srcset=\"https:\/\/nfs-sigmaringen.de\/wp-content\/uploads\/2024\/10\/P1200852-1024x768.jpg 1024w, https:\/\/nfs-sigmaringen.de\/wp-content\/uploads\/2024\/10\/P1200852-300x225.jpg 300w, https:\/\/nfs-sigmaringen.de\/wp-content\/uploads\/2024\/10\/P1200852-768x576.jpg 768w, https:\/\/nfs-sigmaringen.de\/wp-content\/uploads\/2024\/10\/P1200852-1536x1152.jpg 1536w, https:\/\/nfs-sigmaringen.de\/wp-content\/uploads\/2024\/10\/P1200852-2048x1536.jpg 2048w\" sizes=\"100vw\" \/><\/div><a class=\"wp-block-latest-posts__post-title\" href=\"https:\/\/nfs-sigmaringen.de\/?p=3690\">PSNV-Staffel \u00fcbt im Rahmen der Katastrophenschutz\u00fcbung<\/a><time datetime=\"2024-10-03T08:17:33+02:00\" class=\"wp-block-latest-posts__post-date\">3. Oktober 2024<\/time><div class=\"wp-block-latest-posts__post-excerpt\">Am Tag der Deutschen Einheit nahmen eine PSNV-Staffel der PSNV-Sigmaringen an einer der Katastrophenschutz\u00fcbung des Landkreises teil, bei der eine Kollision zwischen einem PKW und einem Zug auf der Strecke zwischen Mengen und Herbertingen sowie ein weiterer Verkehrsunfall simuliert wurden. Unsere PSNV-Fachkr\u00e4fte \u00fcbten den Einsatz in einer komplexen Lage als &hellip; <p class=\"link-more\"><a href=\"https:\/\/nfs-sigmaringen.de\/?p=3690\" class=\"more-link\"><span class=\"screen-reader-text\">\u201ePSNV-Staffel \u00fcbt im Rahmen der Katastrophenschutz\u00fcbung\u201c <\/span>weiterlesen<\/a><\/p><\/div><\/li>\n<li><div class=\"wp-block-latest-posts__featured-image aligncenter\"><img decoding=\"async\" width=\"525\" height=\"394\" src=\"https:\/\/nfs-sigmaringen.de\/wp-content\/uploads\/2024\/10\/IMG_9663-1024x768.jpg\" class=\"attachment-large size-large wp-post-image\" alt=\"\" style=\"max-width:768px;max-height:768px;\" srcset=\"https:\/\/nfs-sigmaringen.de\/wp-content\/uploads\/2024\/10\/IMG_9663-1024x768.jpg 1024w, https:\/\/nfs-sigmaringen.de\/wp-content\/uploads\/2024\/10\/IMG_9663-300x225.jpg 300w, https:\/\/nfs-sigmaringen.de\/wp-content\/uploads\/2024\/10\/IMG_9663-768x576.jpg 768w, https:\/\/nfs-sigmaringen.de\/wp-content\/uploads\/2024\/10\/IMG_9663-1536x1152.jpg 1536w, https:\/\/nfs-sigmaringen.de\/wp-content\/uploads\/2024\/10\/IMG_9663-2048x1536.jpg 2048w\" sizes=\"100vw\" \/><\/div><a class=\"wp-block-latest-posts__post-title\" href=\"https:\/\/nfs-sigmaringen.de\/?p=3677\">Socialmedia-Team der PSNV startet seine Arbeit<\/a><time datetime=\"2024-10-01T15:36:57+02:00\" class=\"wp-block-latest-posts__post-date\">1. Oktober 2024<\/time><div class=\"wp-block-latest-posts__post-excerpt\">Das Socialmedia-Team der PSNV Sigmaringen hat seine Arbeit aufgenommen. Als Team werden den verantwortlichen MitarbeiterInnen zuk\u00fcnftig die Arbeit der PSNV-Sigmaringen auf Instagram, Facebook und auf der Homepage vorstellen.<\/div><\/li>\n<li><div class=\"wp-block-latest-posts__featured-image aligncenter\"><img decoding=\"async\" width=\"525\" height=\"297\" src=\"https:\/\/nfs-sigmaringen.de\/wp-content\/uploads\/2024\/09\/2024-09-01-pfullywood-bereitschaft-01a-1024x580.jpg\" class=\"attachment-large size-large wp-post-image\" alt=\"\" style=\"max-width:768px;max-height:768px;\" srcset=\"https:\/\/nfs-sigmaringen.de\/wp-content\/uploads\/2024\/09\/2024-09-01-pfullywood-bereitschaft-01a-1024x580.jpg 1024w, https:\/\/nfs-sigmaringen.de\/wp-content\/uploads\/2024\/09\/2024-09-01-pfullywood-bereitschaft-01a-300x170.jpg 300w, https:\/\/nfs-sigmaringen.de\/wp-content\/uploads\/2024\/09\/2024-09-01-pfullywood-bereitschaft-01a-768x435.jpg 768w, https:\/\/nfs-sigmaringen.de\/wp-content\/uploads\/2024\/09\/2024-09-01-pfullywood-bereitschaft-01a-1536x870.jpg 1536w, https:\/\/nfs-sigmaringen.de\/wp-content\/uploads\/2024\/09\/2024-09-01-pfullywood-bereitschaft-01a.jpg 1600w\" sizes=\"100vw\" \/><\/div><a class=\"wp-block-latest-posts__post-title\" href=\"https:\/\/nfs-sigmaringen.de\/?p=3651\">PSNV-Bereitschaft  bei PFULLYWOOD-Festival<\/a><time datetime=\"2024-09-01T16:42:00+02:00\" class=\"wp-block-latest-posts__post-date\">1. September 2024<\/time><div class=\"wp-block-latest-posts__post-excerpt\">Vergangene Woche war die PSNV (Psychosoziale Notfallversorgung) im Rahmen von zwei gro\u00dfen Konzerten in Pfullendorf \u2013 Santiano und Andreas Gabalier \u2013 im Bereitschaftsdienst aktiv. Eine PSNV-Leiterin war im Einsatzstab als Fachberaterin eingesetzt und auf den Veranstaltungsfl\u00e4chen waren PSNV-Fachkr\u00e4fte von uns pr\u00e4sent, um im Bedarfsfall als psychosoziale Unterst\u00fctzung eingesetzt werden zu &hellip; <p class=\"link-more\"><a href=\"https:\/\/nfs-sigmaringen.de\/?p=3651\" class=\"more-link\"><span class=\"screen-reader-text\">\u201ePSNV-Bereitschaft  bei PFULLYWOOD-Festival\u201c <\/span>weiterlesen<\/a><\/p><\/div><\/li>\n<li><div class=\"wp-block-latest-posts__featured-image aligncenter\"><img decoding=\"async\" width=\"525\" height=\"282\" src=\"https:\/\/nfs-sigmaringen.de\/wp-content\/uploads\/2024\/07\/2024-07-07-nfs-ommerfest-01-1024x550.jpg\" class=\"attachment-large size-large wp-post-image\" alt=\"\" style=\"max-width:768px;max-height:768px;\" srcset=\"https:\/\/nfs-sigmaringen.de\/wp-content\/uploads\/2024\/07\/2024-07-07-nfs-ommerfest-01-1024x550.jpg 1024w, https:\/\/nfs-sigmaringen.de\/wp-content\/uploads\/2024\/07\/2024-07-07-nfs-ommerfest-01-300x161.jpg 300w, https:\/\/nfs-sigmaringen.de\/wp-content\/uploads\/2024\/07\/2024-07-07-nfs-ommerfest-01-768x412.jpg 768w, https:\/\/nfs-sigmaringen.de\/wp-content\/uploads\/2024\/07\/2024-07-07-nfs-ommerfest-01-1536x824.jpg 1536w, https:\/\/nfs-sigmaringen.de\/wp-content\/uploads\/2024\/07\/2024-07-07-nfs-ommerfest-01-2048x1099.jpg 2048w\" sizes=\"100vw\" \/><\/div><a class=\"wp-block-latest-posts__post-title\" href=\"https:\/\/nfs-sigmaringen.de\/?p=3551\">Sommerfest der Notfallseelsorge Sigmaringen<\/a><time datetime=\"2024-07-07T19:19:00+02:00\" class=\"wp-block-latest-posts__post-date\">7. Juli 2024<\/time><div class=\"wp-block-latest-posts__post-excerpt\">Am Sonntagnachmittag (07.07.2024) fand das bereits traditionelle Sommerfest der NFS auf der romantischen Ruine in Hornstein statt. Wahrscheinlich wei\u00df der liebe Gott, wieviel Engagement die Notfallseelsorgerinnen und Seelsorger in ihre T\u00e4tigkeit einbringen, so dass er den Nachmittag mit viel Sonnenschein bereicherte. Bei Kaffee und Kuchen, gek\u00fchlten Getr\u00e4nken und Leckereien vom &hellip; <p class=\"link-more\"><a href=\"https:\/\/nfs-sigmaringen.de\/?p=3551\" class=\"more-link\"><span class=\"screen-reader-text\">\u201eSommerfest der Notfallseelsorge Sigmaringen\u201c <\/span>weiterlesen<\/a><\/p><\/div><\/li>\n<li><div class=\"wp-block-latest-posts__featured-image aligncenter\"><img decoding=\"async\" width=\"525\" height=\"426\" src=\"https:\/\/nfs-sigmaringen.de\/wp-content\/uploads\/2024\/07\/2024-07-06-Stand-Pfullendorf-01-1024x831.jpg\" class=\"attachment-large size-large wp-post-image\" alt=\"\" style=\"max-width:768px;max-height:768px;\" srcset=\"https:\/\/nfs-sigmaringen.de\/wp-content\/uploads\/2024\/07\/2024-07-06-Stand-Pfullendorf-01-1024x831.jpg 1024w, https:\/\/nfs-sigmaringen.de\/wp-content\/uploads\/2024\/07\/2024-07-06-Stand-Pfullendorf-01-300x243.jpg 300w, https:\/\/nfs-sigmaringen.de\/wp-content\/uploads\/2024\/07\/2024-07-06-Stand-Pfullendorf-01-768x623.jpg 768w, https:\/\/nfs-sigmaringen.de\/wp-content\/uploads\/2024\/07\/2024-07-06-Stand-Pfullendorf-01.jpg 1536w\" sizes=\"100vw\" \/><\/div><a class=\"wp-block-latest-posts__post-title\" href=\"https:\/\/nfs-sigmaringen.de\/?p=3563\">Stand der NFS beim Tag der offenen T\u00fcr in Pfullendorf<\/a><time datetime=\"2024-07-06T17:36:00+02:00\" class=\"wp-block-latest-posts__post-date\">6. Juli 2024<\/time><div class=\"wp-block-latest-posts__post-excerpt\">Im Rahmen der Neugestaltung des Feuerwehrhauses in Pfullendorf fand ein Tag der offenen T\u00fcr statt, welcher von der Bev\u00f6lkerung in gro\u00dfem Umfang in Anspruch genommen wurde.Neben der Besichtigung von den Fahrzeugen und dem neuen Geb\u00e4ude fanden auch verschiedene Vorf\u00fchrungen statt.Die NFS hat diesen Tag mit einem Infostand bereichert. Verschiedene Kolleginnen &hellip; <p class=\"link-more\"><a href=\"https:\/\/nfs-sigmaringen.de\/?p=3563\" class=\"more-link\"><span class=\"screen-reader-text\">\u201eStand der NFS beim Tag der offenen T\u00fcr in Pfullendorf\u201c <\/span>weiterlesen<\/a><\/p><\/div><\/li>\n<li><div class=\"wp-block-latest-posts__featured-image aligncenter\"><img decoding=\"async\" width=\"525\" height=\"271\" src=\"https:\/\/nfs-sigmaringen.de\/wp-content\/uploads\/2024\/07\/2024-07-05-Frauentreffen-FFW-1024x529.jpg\" class=\"attachment-large size-large wp-post-image\" alt=\"\" style=\"max-width:768px;max-height:768px;\" srcset=\"https:\/\/nfs-sigmaringen.de\/wp-content\/uploads\/2024\/07\/2024-07-05-Frauentreffen-FFW-1024x529.jpg 1024w, https:\/\/nfs-sigmaringen.de\/wp-content\/uploads\/2024\/07\/2024-07-05-Frauentreffen-FFW-300x155.jpg 300w, https:\/\/nfs-sigmaringen.de\/wp-content\/uploads\/2024\/07\/2024-07-05-Frauentreffen-FFW-768x397.jpg 768w, https:\/\/nfs-sigmaringen.de\/wp-content\/uploads\/2024\/07\/2024-07-05-Frauentreffen-FFW-1536x794.jpg 1536w, https:\/\/nfs-sigmaringen.de\/wp-content\/uploads\/2024\/07\/2024-07-05-Frauentreffen-FFW-2048x1058.jpg 2048w\" sizes=\"100vw\" \/><\/div><a class=\"wp-block-latest-posts__post-title\" href=\"https:\/\/nfs-sigmaringen.de\/?p=3544\">Treffen der Feuerwehrfrauen des Landkreises<\/a><time datetime=\"2024-07-05T20:00:00+02:00\" class=\"wp-block-latest-posts__post-date\">5. Juli 2024<\/time><div class=\"wp-block-latest-posts__post-excerpt\">Ein Anfang ist gemacht\u2026 Am Freitag, 05.07.2024 gab es einen ersten Frauenabend der Feuerwehrfrauen aus dem Landkreis Sigmaringen. Feuerwehrkommandant Tobias Lumb und Kreisbrandmeister Michael Reitter begr\u00fc\u00dften die 21 Kameradinnen im Feuerwehrger\u00e4tehaus in Me\u00dfkirch. Daniela Stroppel als Vertreterin des Kreisfeuerwehrverbandes lud dazu ein sich gegenseitig Kennen zu lernen und sich \u00fcber &hellip; <p class=\"link-more\"><a href=\"https:\/\/nfs-sigmaringen.de\/?p=3544\" class=\"more-link\"><span class=\"screen-reader-text\">\u201eTreffen der Feuerwehrfrauen des Landkreises\u201c <\/span>weiterlesen<\/a><\/p><\/div><\/li>\n<li><div class=\"wp-block-latest-posts__featured-image aligncenter\"><img decoding=\"async\" width=\"525\" height=\"329\" src=\"https:\/\/nfs-sigmaringen.de\/wp-content\/uploads\/2024\/06\/20240604-NFS-Sektionsversammlung-1024x641.jpg\" class=\"attachment-large size-large wp-post-image\" alt=\"\" style=\"max-width:768px;max-height:768px;\" srcset=\"https:\/\/nfs-sigmaringen.de\/wp-content\/uploads\/2024\/06\/20240604-NFS-Sektionsversammlung-1024x641.jpg 1024w, https:\/\/nfs-sigmaringen.de\/wp-content\/uploads\/2024\/06\/20240604-NFS-Sektionsversammlung-300x188.jpg 300w, https:\/\/nfs-sigmaringen.de\/wp-content\/uploads\/2024\/06\/20240604-NFS-Sektionsversammlung-768x481.jpg 768w, https:\/\/nfs-sigmaringen.de\/wp-content\/uploads\/2024\/06\/20240604-NFS-Sektionsversammlung-1536x962.jpg 1536w, https:\/\/nfs-sigmaringen.de\/wp-content\/uploads\/2024\/06\/20240604-NFS-Sektionsversammlung-2048x1283.jpg 2048w\" sizes=\"100vw\" \/><\/div><a class=\"wp-block-latest-posts__post-title\" href=\"https:\/\/nfs-sigmaringen.de\/?p=3495\">Sportforum im LK Sigmaringen \u00fcberreicht der Notfallseelsorge eine gro\u00dfz\u00fcgige Spende<\/a><time datetime=\"2024-06-22T12:44:34+02:00\" class=\"wp-block-latest-posts__post-date\">22. Juni 2024<\/time><div class=\"wp-block-latest-posts__post-excerpt\">Im Rahmen einer Versammlung der Notfallseelsorge \u00fcberreichten Altlandrat Dirk Gaerte und Klaus Rennwanz eine Spende des Sportforums im Landkreis Sigmaringen in H\u00f6he von 1000,-\u20ac. Die Vertreter der Notfallseelsorge, welche ausschlie\u00dflich \u00fcber Spenden finanziert wird, \u00a0bedankten sich herzlich f\u00fcr die gro\u00dfz\u00fcgige Spende. Im Jahr 2023 waren die Notfallseelsorgerinnen und Notfallseelsorger 241 &hellip; <p class=\"link-more\"><a href=\"https:\/\/nfs-sigmaringen.de\/?p=3495\" class=\"more-link\"><span class=\"screen-reader-text\">\u201eSportforum im LK Sigmaringen \u00fcberreicht der Notfallseelsorge eine gro\u00dfz\u00fcgige Spende\u201c <\/span>weiterlesen<\/a><\/p><\/div><\/li>\n<li><div class=\"wp-block-latest-posts__featured-image aligncenter\"><img decoding=\"async\" width=\"525\" height=\"267\" src=\"https:\/\/nfs-sigmaringen.de\/wp-content\/uploads\/2024\/04\/2024-04-13-roter-heuberg-05-1024x520.jpg\" class=\"attachment-large size-large wp-post-image\" alt=\"\" style=\"max-width:768px;max-height:768px;\" srcset=\"https:\/\/nfs-sigmaringen.de\/wp-content\/uploads\/2024\/04\/2024-04-13-roter-heuberg-05-1024x520.jpg 1024w, https:\/\/nfs-sigmaringen.de\/wp-content\/uploads\/2024\/04\/2024-04-13-roter-heuberg-05-300x152.jpg 300w, https:\/\/nfs-sigmaringen.de\/wp-content\/uploads\/2024\/04\/2024-04-13-roter-heuberg-05-768x390.jpg 768w, https:\/\/nfs-sigmaringen.de\/wp-content\/uploads\/2024\/04\/2024-04-13-roter-heuberg-05-1536x781.jpg 1536w, https:\/\/nfs-sigmaringen.de\/wp-content\/uploads\/2024\/04\/2024-04-13-roter-heuberg-05-2048x1041.jpg 2048w\" sizes=\"100vw\" \/><\/div><a class=\"wp-block-latest-posts__post-title\" href=\"https:\/\/nfs-sigmaringen.de\/?p=3353\">Roter Heuberg 2024<\/a><time datetime=\"2024-04-14T17:09:18+02:00\" class=\"wp-block-latest-posts__post-date\">14. April 2024<\/time><div class=\"wp-block-latest-posts__post-excerpt\">PSNV fordert die Routinen der Einsatzkr\u00e4fte mit ver\u00e4ndertem Szenario Wie jedes Jahr fand an einem Wochenende rund um Ostern auf dem Truppen\u00fcbungsplatz bei Stetten a.k.M. die gro\u00dfe Feuerwehr\u00fcbung \u201eRoter Heuberg\u201c statt. Zwei Tage lang \u00fcbten mehr als 800 Einsatzkr\u00e4fte ganz unterschiedliche Einsatzszenarien wie z.B. Geb\u00e4udebrand, Fahrzeugbrand, Technische Hilfe, Menschenrettung, Notfall-T\u00fcr\u00f6ffnung, &hellip; <p class=\"link-more\"><a href=\"https:\/\/nfs-sigmaringen.de\/?p=3353\" class=\"more-link\"><span class=\"screen-reader-text\">\u201eRoter Heuberg 2024\u201c <\/span>weiterlesen<\/a><\/p><\/div><\/li>\n<li><div class=\"wp-block-latest-posts__featured-image aligncenter\"><img decoding=\"async\" width=\"525\" height=\"314\" src=\"https:\/\/nfs-sigmaringen.de\/wp-content\/uploads\/2024\/04\/2024-03-24-krauchenwies-01-1024x613.jpg\" class=\"attachment-large size-large wp-post-image\" alt=\"\" style=\"max-width:768px;max-height:768px;\" srcset=\"https:\/\/nfs-sigmaringen.de\/wp-content\/uploads\/2024\/04\/2024-03-24-krauchenwies-01-1024x613.jpg 1024w, https:\/\/nfs-sigmaringen.de\/wp-content\/uploads\/2024\/04\/2024-03-24-krauchenwies-01-300x180.jpg 300w, https:\/\/nfs-sigmaringen.de\/wp-content\/uploads\/2024\/04\/2024-03-24-krauchenwies-01-768x460.jpg 768w, https:\/\/nfs-sigmaringen.de\/wp-content\/uploads\/2024\/04\/2024-03-24-krauchenwies-01-1536x920.jpg 1536w, https:\/\/nfs-sigmaringen.de\/wp-content\/uploads\/2024\/04\/2024-03-24-krauchenwies-01-2000x1200.jpg 2000w, https:\/\/nfs-sigmaringen.de\/wp-content\/uploads\/2024\/04\/2024-03-24-krauchenwies-01.jpg 2042w\" sizes=\"100vw\" \/><\/div><a class=\"wp-block-latest-posts__post-title\" href=\"https:\/\/nfs-sigmaringen.de\/?p=3375\">Fachberaterin PSNV unterst\u00fctzt F\u00fchrungsgruppe<\/a><time datetime=\"2024-04-13T20:20:47+02:00\" class=\"wp-block-latest-posts__post-date\">13. April 2024<\/time><div class=\"wp-block-latest-posts__post-excerpt\">Mitte April \u00fcbte die Gesamtfeuerwehr Krauchenwies auf dem Gel\u00e4nde der Firma Tegometall einen Brandeinsatz. Bei diesem \u201egedachten\u201c Szenario kam auch die F\u00fchrungsgruppe Region Sigmaringen zum Einsatz. Die PSNV Sigmaringen nutzte die M\u00f6glichkeit, hier die Rolle des Fachberaters PSNV zu \u00fcben. Ulrika Burth brachte sich als PSNV B ein und begleitete &hellip; <p class=\"link-more\"><a href=\"https:\/\/nfs-sigmaringen.de\/?p=3375\" class=\"more-link\"><span class=\"screen-reader-text\">\u201eFachberaterin PSNV unterst\u00fctzt F\u00fchrungsgruppe\u201c <\/span>weiterlesen<\/a><\/p><\/div><\/li>\n<li><div class=\"wp-block-latest-posts__featured-image aligncenter\"><img decoding=\"async\" width=\"525\" height=\"394\" src=\"https:\/\/nfs-sigmaringen.de\/wp-content\/uploads\/2024\/04\/2024-hv-psnv-001-1024x768.jpg\" class=\"attachment-large size-large wp-post-image\" alt=\"\" style=\"max-width:768px;max-height:768px;\" srcset=\"https:\/\/nfs-sigmaringen.de\/wp-content\/uploads\/2024\/04\/2024-hv-psnv-001-1024x768.jpg 1024w, https:\/\/nfs-sigmaringen.de\/wp-content\/uploads\/2024\/04\/2024-hv-psnv-001-300x225.jpg 300w, https:\/\/nfs-sigmaringen.de\/wp-content\/uploads\/2024\/04\/2024-hv-psnv-001-768x576.jpg 768w, https:\/\/nfs-sigmaringen.de\/wp-content\/uploads\/2024\/04\/2024-hv-psnv-001-1536x1152.jpg 1536w, https:\/\/nfs-sigmaringen.de\/wp-content\/uploads\/2024\/04\/2024-hv-psnv-001-2048x1536.jpg 2048w\" sizes=\"100vw\" \/><\/div><a class=\"wp-block-latest-posts__post-title\" href=\"https:\/\/nfs-sigmaringen.de\/?p=3316\">Hauptversammlung 2024 der Notfallseelsorge Sigmaringen<\/a><time datetime=\"2024-04-11T22:54:01+02:00\" class=\"wp-block-latest-posts__post-date\">11. April 2024<\/time><div class=\"wp-block-latest-posts__post-excerpt\">Die AG Notfallseelsorge hat am 11. April 2024 zur Jahreshauptversammlung in das Gemeindehaus nach Inzigkofen eingeladen. Der Sprecher der Notfallseelsorge Winfried Fritz begr\u00fcsste neben zahlreichen Ehreng\u00e4sten, unter ihnen B\u00fcrgermeister Bernd Gombold, Polizeipr\u00e4sident Uwe St\u00fcrmer, stell. Kreisbrandmeister Dieter M\u00fcller und den Kreisfeuerwehrverbandsvorsitzenden Friedrich Sauter auch Vertreter der Kirchen, weiterer Hilfsorganisationen und &hellip; <p class=\"link-more\"><a href=\"https:\/\/nfs-sigmaringen.de\/?p=3316\" class=\"more-link\"><span class=\"screen-reader-text\">\u201eHauptversammlung 2024 der Notfallseelsorge Sigmaringen\u201c <\/span>weiterlesen<\/a><\/p><\/div><\/li>\n<li><div class=\"wp-block-latest-posts__featured-image aligncenter\"><img decoding=\"async\" width=\"525\" height=\"353\" src=\"https:\/\/nfs-sigmaringen.de\/wp-content\/uploads\/2024\/03\/2024-03-15-VB-L-PSNV-01-1024x689.jpg\" class=\"attachment-large size-large wp-post-image\" alt=\"\" style=\"max-width:768px;max-height:768px;\" srcset=\"https:\/\/nfs-sigmaringen.de\/wp-content\/uploads\/2024\/03\/2024-03-15-VB-L-PSNV-01-1024x689.jpg 1024w, https:\/\/nfs-sigmaringen.de\/wp-content\/uploads\/2024\/03\/2024-03-15-VB-L-PSNV-01-300x202.jpg 300w, https:\/\/nfs-sigmaringen.de\/wp-content\/uploads\/2024\/03\/2024-03-15-VB-L-PSNV-01-768x517.jpg 768w, https:\/\/nfs-sigmaringen.de\/wp-content\/uploads\/2024\/03\/2024-03-15-VB-L-PSNV-01-1536x1033.jpg 1536w, https:\/\/nfs-sigmaringen.de\/wp-content\/uploads\/2024\/03\/2024-03-15-VB-L-PSNV-01-2048x1378.jpg 2048w\" sizes=\"100vw\" \/><\/div><a class=\"wp-block-latest-posts__post-title\" href=\"https:\/\/nfs-sigmaringen.de\/?p=3245\">Vorbereitung auf die F\u00fchrungsausbildung Leiter\/Fachberater PSNV<\/a><time datetime=\"2024-03-15T19:29:30+01:00\" class=\"wp-block-latest-posts__post-date\">15. M\u00e4rz 2024<\/time><div class=\"wp-block-latest-posts__post-excerpt\">In gr\u00f6\u00dferen Einsatzszenarien mit mehreren PSNV-Kr\u00e4ften, \u00fcbernehmen vor Ort jeweils daf\u00fcr ausgebildete Leiter PSNV die Einsatzkoordination bzw. stellen sich der Einsatzleitung als Fachberater PSNV zur Verf\u00fcgung. Da die PSNV-Fachkr\u00e4fte keine Gruppenf\u00fchrer-bzw Zugf\u00fchrerausbildung bei der Feuerwehr durchlaufen, werden die erfahrenen NotfallseelsorgerInnen im Rahmen eines Vorbereitungskurses auf die anschlie\u00dfende F\u00fchrungsausbildung an der &hellip; <p class=\"link-more\"><a href=\"https:\/\/nfs-sigmaringen.de\/?p=3245\" class=\"more-link\"><span class=\"screen-reader-text\">\u201eVorbereitung auf die F\u00fchrungsausbildung Leiter\/Fachberater PSNV\u201c <\/span>weiterlesen<\/a><\/p><\/div><\/li>\n<li><div class=\"wp-block-latest-posts__featured-image aligncenter\"><img decoding=\"async\" width=\"525\" height=\"270\" src=\"https:\/\/nfs-sigmaringen.de\/wp-content\/uploads\/2024\/02\/2023-PSNV-1b-1024x526.jpg\" class=\"attachment-large size-large wp-post-image\" alt=\"\" style=\"max-width:768px;max-height:768px;\" srcset=\"https:\/\/nfs-sigmaringen.de\/wp-content\/uploads\/2024\/02\/2023-PSNV-1b-1024x526.jpg 1024w, https:\/\/nfs-sigmaringen.de\/wp-content\/uploads\/2024\/02\/2023-PSNV-1b-300x154.jpg 300w, https:\/\/nfs-sigmaringen.de\/wp-content\/uploads\/2024\/02\/2023-PSNV-1b-768x394.jpg 768w, https:\/\/nfs-sigmaringen.de\/wp-content\/uploads\/2024\/02\/2023-PSNV-1b-1536x789.jpg 1536w, https:\/\/nfs-sigmaringen.de\/wp-content\/uploads\/2024\/02\/2023-PSNV-1b.jpg 1751w\" sizes=\"100vw\" \/><\/div><a class=\"wp-block-latest-posts__post-title\" href=\"https:\/\/nfs-sigmaringen.de\/?p=3231\">Einsatzzahlen in 2023 erneut auf sehr hohem Niveau<\/a><time datetime=\"2024-02-26T22:28:00+01:00\" class=\"wp-block-latest-posts__post-date\">26. Februar 2024<\/time><div class=\"wp-block-latest-posts__post-excerpt\">Auch im Jahr 2023 war das PSNV-B Team der Notfallseelsorge Sigmaringen mit 241 Eins\u00e4tzen erneut stark gefordert. Dieses hohe Einsatzaufkommen l\u00e4sst sich nur mit einem engagierten Team bewerkstelligen. Zwischenzeitlich sind 39 NotfallseelsorgerInnen aktiv oder bereiten sich auf die Einsatzt\u00e4tigkeit vor. Um jederzeit sofort 2 NotfallseelsorgerInnen in den Einsatz schicken zu &hellip; <p class=\"link-more\"><a href=\"https:\/\/nfs-sigmaringen.de\/?p=3231\" class=\"more-link\"><span class=\"screen-reader-text\">\u201eEinsatzzahlen in 2023 erneut auf sehr hohem Niveau\u201c <\/span>weiterlesen<\/a><\/p><\/div><\/li>\n<li><div class=\"wp-block-latest-posts__featured-image aligncenter\"><img decoding=\"async\" width=\"525\" height=\"332\" src=\"https:\/\/nfs-sigmaringen.de\/wp-content\/uploads\/2024\/03\/IMG_6311-1024x648.jpg\" class=\"attachment-large size-large wp-post-image\" alt=\"\" style=\"max-width:768px;max-height:768px;\" srcset=\"https:\/\/nfs-sigmaringen.de\/wp-content\/uploads\/2024\/03\/IMG_6311-1024x648.jpg 1024w, https:\/\/nfs-sigmaringen.de\/wp-content\/uploads\/2024\/03\/IMG_6311-300x190.jpg 300w, https:\/\/nfs-sigmaringen.de\/wp-content\/uploads\/2024\/03\/IMG_6311-768x486.jpg 768w, https:\/\/nfs-sigmaringen.de\/wp-content\/uploads\/2024\/03\/IMG_6311-1536x972.jpg 1536w, https:\/\/nfs-sigmaringen.de\/wp-content\/uploads\/2024\/03\/IMG_6311-2048x1297.jpg 2048w\" sizes=\"100vw\" \/><\/div><a class=\"wp-block-latest-posts__post-title\" href=\"https:\/\/nfs-sigmaringen.de\/?p=3286\">SbE-Team bereitet sich auf Eins\u00e4tze vor<\/a><time datetime=\"2024-02-24T21:20:00+01:00\" class=\"wp-block-latest-posts__post-date\">24. Februar 2024<\/time><div class=\"wp-block-latest-posts__post-excerpt\">Das SbE-Team ist im Landkreis zust\u00e4ndig f\u00fcr die Psychosoziale Notfallversorgung von Einsatzkr\u00e4ften. Dazu trainieren die Teammitglieder regelm\u00e4\u00dfig die Interventionsformen und bereiten sich so auf die Eins\u00e4tze vor in denen Einsatzkr\u00e4fte mit au\u00dfergew\u00f6hnlich belastenden Ereignissen konfrontiert waren.<\/div><\/li>\n<li><div class=\"wp-block-latest-posts__featured-image aligncenter\"><img decoding=\"async\" width=\"525\" height=\"313\" src=\"https:\/\/nfs-sigmaringen.de\/wp-content\/uploads\/2024\/02\/KFV_HV-2024-b-1024x611.jpg\" class=\"attachment-large size-large wp-post-image\" alt=\"\" style=\"max-width:768px;max-height:768px;\" srcset=\"https:\/\/nfs-sigmaringen.de\/wp-content\/uploads\/2024\/02\/KFV_HV-2024-b-1024x611.jpg 1024w, https:\/\/nfs-sigmaringen.de\/wp-content\/uploads\/2024\/02\/KFV_HV-2024-b-300x179.jpg 300w, https:\/\/nfs-sigmaringen.de\/wp-content\/uploads\/2024\/02\/KFV_HV-2024-b-768x458.jpg 768w, https:\/\/nfs-sigmaringen.de\/wp-content\/uploads\/2024\/02\/KFV_HV-2024-b-1536x917.jpg 1536w, https:\/\/nfs-sigmaringen.de\/wp-content\/uploads\/2024\/02\/KFV_HV-2024-b-2048x1222.jpg 2048w\" sizes=\"100vw\" \/><\/div><a class=\"wp-block-latest-posts__post-title\" href=\"https:\/\/nfs-sigmaringen.de\/?p=3181\">T\u00e4tigkeitsbericht bei Kreisfeuerwehrverband Sigmaringen vorgestellt<\/a><time datetime=\"2024-02-16T23:15:00+01:00\" class=\"wp-block-latest-posts__post-date\">16. Februar 2024<\/time><div class=\"wp-block-latest-posts__post-excerpt\">Vertreter des Leitungsteams der Notfallseelsorge Sigmaringen waren auch dieses Jahr bei der Hauptversammlung des Kreisfeuerwehrverbandes Sigmaringen vertreten und stellten in diesem Rahmen ihren T\u00e4tigkeitsbericht f\u00fcr das Jahr 2023 vor. Winfried Fritz erl\u00e4uterte die Einsatzzahlen des vergangenen Jahres und die aktuellen Projekte. Er verwies insbesondere darauf, dass mit 241 Eins\u00e4tzen in &hellip; <p class=\"link-more\"><a href=\"https:\/\/nfs-sigmaringen.de\/?p=3181\" class=\"more-link\"><span class=\"screen-reader-text\">\u201eT\u00e4tigkeitsbericht bei Kreisfeuerwehrverband Sigmaringen vorgestellt\u201c <\/span>weiterlesen<\/a><\/p><\/div><\/li>\n<li><div class=\"wp-block-latest-posts__featured-image aligncenter\"><img decoding=\"async\" width=\"525\" height=\"343\" src=\"https:\/\/nfs-sigmaringen.de\/wp-content\/uploads\/2024\/01\/2024-01-26-GrundausbildungNFS-01-1024x669.jpg\" class=\"attachment-large size-large wp-post-image\" alt=\"\" style=\"max-width:768px;max-height:768px;\" srcset=\"https:\/\/nfs-sigmaringen.de\/wp-content\/uploads\/2024\/01\/2024-01-26-GrundausbildungNFS-01-1024x669.jpg 1024w, https:\/\/nfs-sigmaringen.de\/wp-content\/uploads\/2024\/01\/2024-01-26-GrundausbildungNFS-01-300x196.jpg 300w, https:\/\/nfs-sigmaringen.de\/wp-content\/uploads\/2024\/01\/2024-01-26-GrundausbildungNFS-01-768x502.jpg 768w, https:\/\/nfs-sigmaringen.de\/wp-content\/uploads\/2024\/01\/2024-01-26-GrundausbildungNFS-01-1536x1003.jpg 1536w, https:\/\/nfs-sigmaringen.de\/wp-content\/uploads\/2024\/01\/2024-01-26-GrundausbildungNFS-01.jpg 1600w\" sizes=\"100vw\" \/><\/div><a class=\"wp-block-latest-posts__post-title\" href=\"https:\/\/nfs-sigmaringen.de\/?p=3159\">Grundausbildung PSNV abgeschlossen<\/a><time datetime=\"2024-01-26T19:48:56+01:00\" class=\"wp-block-latest-posts__post-date\">26. Januar 2024<\/time><div class=\"wp-block-latest-posts__post-excerpt\">Im Januar 2024 absolvierten 3 unsere NotfallseelsorgerInnen den letzten Teil der Grundausbildung an der Landesfeuerwehrschule in Burchsal. Philip Heger, Silke Haag und Nina Sturm konnten in dieser letzten Woche viel lehrreiches f\u00fcr ihre zuk\u00fcnftigen Eins\u00e4tze mitnehmen. Themenschwerpunkte waren u.a. die Kooperation mit der Feuerwehr, das Themas Psychohygiene der HelferInnen, Umgang &hellip; <p class=\"link-more\"><a href=\"https:\/\/nfs-sigmaringen.de\/?p=3159\" class=\"more-link\"><span class=\"screen-reader-text\">\u201eGrundausbildung PSNV abgeschlossen\u201c <\/span>weiterlesen<\/a><\/p><\/div><\/li>\n<li><div class=\"wp-block-latest-posts__featured-image aligncenter\"><img decoding=\"async\" width=\"525\" height=\"243\" src=\"https:\/\/nfs-sigmaringen.de\/wp-content\/uploads\/2024\/01\/IMG_8974b-1024x473.jpg\" class=\"attachment-large size-large wp-post-image\" alt=\"\" style=\"max-width:768px;max-height:768px;\" srcset=\"https:\/\/nfs-sigmaringen.de\/wp-content\/uploads\/2024\/01\/IMG_8974b-1024x473.jpg 1024w, https:\/\/nfs-sigmaringen.de\/wp-content\/uploads\/2024\/01\/IMG_8974b-300x139.jpg 300w, https:\/\/nfs-sigmaringen.de\/wp-content\/uploads\/2024\/01\/IMG_8974b-768x355.jpg 768w, https:\/\/nfs-sigmaringen.de\/wp-content\/uploads\/2024\/01\/IMG_8974b-1536x709.jpg 1536w, https:\/\/nfs-sigmaringen.de\/wp-content\/uploads\/2024\/01\/IMG_8974b-2048x946.jpg 2048w\" sizes=\"100vw\" \/><\/div><a class=\"wp-block-latest-posts__post-title\" href=\"https:\/\/nfs-sigmaringen.de\/?p=3135\">Neujahrsbrunch<\/a><time datetime=\"2024-01-14T17:07:31+01:00\" class=\"wp-block-latest-posts__post-date\">14. Januar 2024<\/time><div class=\"wp-block-latest-posts__post-excerpt\">Zum zweiten Mal f\u00fchrte die AG Notfallseelsorge einen Neujahrsbrunch f\u00fcr Mitarbeitende und deren Familie durch.Eine gro\u00dfe Anzahl der Mitarbeitenden fanden sich im Haus der Begegnung in Inneringen ein. Familie Pr\u00f6bstle hatte gemeinsam mit Steffi G\u00e4ble vom Leitungsteam alles bestens organisiert. F\u00fcr das leibliche Wohl sorgte Christine Schmid wie immer in &hellip; <p class=\"link-more\"><a href=\"https:\/\/nfs-sigmaringen.de\/?p=3135\" class=\"more-link\"><span class=\"screen-reader-text\">\u201eNeujahrsbrunch\u201c <\/span>weiterlesen<\/a><\/p><\/div><\/li>\n<li><div class=\"wp-block-latest-posts__featured-image aligncenter\"><img decoding=\"async\" width=\"525\" height=\"229\" src=\"https:\/\/nfs-sigmaringen.de\/wp-content\/uploads\/2023\/12\/DSC_6781b-1024x447.jpg\" class=\"attachment-large size-large wp-post-image\" alt=\"\" style=\"max-width:768px;max-height:768px;\" srcset=\"https:\/\/nfs-sigmaringen.de\/wp-content\/uploads\/2023\/12\/DSC_6781b-1024x447.jpg 1024w, https:\/\/nfs-sigmaringen.de\/wp-content\/uploads\/2023\/12\/DSC_6781b-300x131.jpg 300w, https:\/\/nfs-sigmaringen.de\/wp-content\/uploads\/2023\/12\/DSC_6781b-768x336.jpg 768w, https:\/\/nfs-sigmaringen.de\/wp-content\/uploads\/2023\/12\/DSC_6781b-1536x671.jpg 1536w, https:\/\/nfs-sigmaringen.de\/wp-content\/uploads\/2023\/12\/DSC_6781b.jpg 1920w\" sizes=\"100vw\" \/><\/div><a class=\"wp-block-latest-posts__post-title\" href=\"https:\/\/nfs-sigmaringen.de\/?p=3083\">Vorweihnachtliche \u00dcberraschung und Wertsch\u00e4tzung f\u00fcr ehrenamtliche Arbeit<\/a><time datetime=\"2023-12-15T22:49:47+01:00\" class=\"wp-block-latest-posts__post-date\">15. Dezember 2023<\/time><div class=\"wp-block-latest-posts__post-excerpt\">Am 15. Dezember 2023 lud das Diakoniel\u00e4dele Mengen zur Spenden\u00fcbergabe in den Gemeindesaal der Paulusgemeinde in Mengen. Jedes Jahr erwirtschaftet es durch den Verkauf gespendeter Waren \u2013 wie Kleidung, Bettw\u00e4sche, Textilien, Schuhe \u2013 Gewinne, die f\u00fcr gemeinn\u00fctzige Zwecke und Menschen in Not weitergegeben werden. 2023 wurde auch der AG Notfallseelsorge &hellip; <p class=\"link-more\"><a href=\"https:\/\/nfs-sigmaringen.de\/?p=3083\" class=\"more-link\"><span class=\"screen-reader-text\">\u201eVorweihnachtliche \u00dcberraschung und Wertsch\u00e4tzung f\u00fcr ehrenamtliche Arbeit\u201c <\/span>weiterlesen<\/a><\/p><\/div><\/li>\n<li><div class=\"wp-block-latest-posts__featured-image aligncenter\"><img decoding=\"async\" width=\"525\" height=\"351\" src=\"https:\/\/nfs-sigmaringen.de\/wp-content\/uploads\/2023\/11\/2023-11-25-Stabsuebung-Foto-3-1024x684.jpg\" class=\"attachment-large size-large wp-post-image\" alt=\"\" style=\"max-width:768px;max-height:768px;\" srcset=\"https:\/\/nfs-sigmaringen.de\/wp-content\/uploads\/2023\/11\/2023-11-25-Stabsuebung-Foto-3-1024x684.jpg 1024w, https:\/\/nfs-sigmaringen.de\/wp-content\/uploads\/2023\/11\/2023-11-25-Stabsuebung-Foto-3-300x200.jpg 300w, https:\/\/nfs-sigmaringen.de\/wp-content\/uploads\/2023\/11\/2023-11-25-Stabsuebung-Foto-3-768x513.jpg 768w, https:\/\/nfs-sigmaringen.de\/wp-content\/uploads\/2023\/11\/2023-11-25-Stabsuebung-Foto-3-1536x1026.jpg 1536w, https:\/\/nfs-sigmaringen.de\/wp-content\/uploads\/2023\/11\/2023-11-25-Stabsuebung-Foto-3-2048x1368.jpg 2048w\" sizes=\"100vw\" \/><\/div><a class=\"wp-block-latest-posts__post-title\" href=\"https:\/\/nfs-sigmaringen.de\/?p=3047\">Mitwirkung der FachberaterInnen PSNV im F\u00fchrungsstab des Landkreises Sigmaringen<\/a><time datetime=\"2023-11-25T19:29:07+01:00\" class=\"wp-block-latest-posts__post-date\">25. November 2023<\/time><div class=\"wp-block-latest-posts__post-excerpt\">Wegen eines drohenden Unwetters hat Kreisbrandmeister Michael Reitter am Samstag den F\u00fchrungsstab und die F\u00fchrungsstabsgruppen im Landratsamt Sigmaringen einberufen \u2013gl\u00fccklicherweise aber nicht anl\u00e4sslich eines Ernstfalls, sondern f\u00fcr eine gro\u00df angelegte \u00dcbung des neu organisierten Krisenstabs im Landkreis. Daran beteiligt waren mehr als 300 Einsatzkr\u00e4fte der Feuerwehren, \u00dcbungsdarsteller, Notfallseelsorgende und Vertreterinnen &hellip; <p class=\"link-more\"><a href=\"https:\/\/nfs-sigmaringen.de\/?p=3047\" class=\"more-link\"><span class=\"screen-reader-text\">\u201eMitwirkung der FachberaterInnen PSNV im F\u00fchrungsstab des Landkreises Sigmaringen\u201c <\/span>weiterlesen<\/a><\/p><\/div><\/li>\n<li><div class=\"wp-block-latest-posts__featured-image aligncenter\"><img decoding=\"async\" width=\"525\" height=\"250\" src=\"https:\/\/nfs-sigmaringen.de\/wp-content\/uploads\/2023\/11\/2023-11-21-uebungstag-psnv-1024x487.jpg\" class=\"attachment-large size-large wp-post-image\" alt=\"\" style=\"max-width:768px;max-height:768px;\" srcset=\"https:\/\/nfs-sigmaringen.de\/wp-content\/uploads\/2023\/11\/2023-11-21-uebungstag-psnv-1024x487.jpg 1024w, https:\/\/nfs-sigmaringen.de\/wp-content\/uploads\/2023\/11\/2023-11-21-uebungstag-psnv-300x143.jpg 300w, https:\/\/nfs-sigmaringen.de\/wp-content\/uploads\/2023\/11\/2023-11-21-uebungstag-psnv-768x365.jpg 768w, https:\/\/nfs-sigmaringen.de\/wp-content\/uploads\/2023\/11\/2023-11-21-uebungstag-psnv-1536x730.jpg 1536w, https:\/\/nfs-sigmaringen.de\/wp-content\/uploads\/2023\/11\/2023-11-21-uebungstag-psnv-2048x974.jpg 2048w\" sizes=\"100vw\" \/><\/div><a class=\"wp-block-latest-posts__post-title\" href=\"https:\/\/nfs-sigmaringen.de\/?p=3010\">Erfolgreicher \u00dcbungstag der Notfallseelsorge Sigmaringen: Gemeinsam unterst\u00fctzen nach Gewalt<\/a><time datetime=\"2023-11-21T19:12:27+01:00\" class=\"wp-block-latest-posts__post-date\">21. November 2023<\/time><div class=\"wp-block-latest-posts__post-excerpt\">Am 21.11.2023 fand in Sigmaringen ein intensiver \u00dcbungstag der Notfallseelsorge statt, der sich auf die Themen Rollen, Aufgaben und Kooperation bei Eins\u00e4tzen im Kontext von Gewalt konzentrierte. Die Veranstaltung bot eine Plattform f\u00fcr Experten aus verschiedenen Bereichen, um ihr Wissen und ihre Erfahrungen zu teilen und die Zusammenarbeit in Krisensituationen &hellip; <p class=\"link-more\"><a href=\"https:\/\/nfs-sigmaringen.de\/?p=3010\" class=\"more-link\"><span class=\"screen-reader-text\">\u201eErfolgreicher \u00dcbungstag der Notfallseelsorge Sigmaringen: Gemeinsam unterst\u00fctzen nach Gewalt\u201c <\/span>weiterlesen<\/a><\/p><\/div><\/li>\n<li><div class=\"wp-block-latest-posts__featured-image aligncenter\"><img decoding=\"async\" width=\"525\" height=\"319\" src=\"https:\/\/nfs-sigmaringen.de\/wp-content\/uploads\/2023\/11\/2023-sbe-gewalt-2-1024x623.jpg\" class=\"attachment-large size-large wp-post-image\" alt=\"\" style=\"max-width:768px;max-height:768px;\" srcset=\"https:\/\/nfs-sigmaringen.de\/wp-content\/uploads\/2023\/11\/2023-sbe-gewalt-2-1024x623.jpg 1024w, https:\/\/nfs-sigmaringen.de\/wp-content\/uploads\/2023\/11\/2023-sbe-gewalt-2-300x182.jpg 300w, https:\/\/nfs-sigmaringen.de\/wp-content\/uploads\/2023\/11\/2023-sbe-gewalt-2-768x467.jpg 768w, https:\/\/nfs-sigmaringen.de\/wp-content\/uploads\/2023\/11\/2023-sbe-gewalt-2-1536x934.jpg 1536w, https:\/\/nfs-sigmaringen.de\/wp-content\/uploads\/2023\/11\/2023-sbe-gewalt-2-2048x1245.jpg 2048w\" sizes=\"100vw\" \/><\/div><a class=\"wp-block-latest-posts__post-title\" href=\"https:\/\/nfs-sigmaringen.de\/?p=3033\">SbE-Modul: Gewalt gegen Einsatzkr\u00e4fte<\/a><time datetime=\"2023-10-20T21:14:00+02:00\" class=\"wp-block-latest-posts__post-date\">20. Oktober 2023<\/time><div class=\"wp-block-latest-posts__post-excerpt\">Das SbE-Team Sigmaringen begleitet Einsatzkr\u00e4fte in und nach belastenden Eins\u00e4tzen. Da Einsatzkr\u00e4fte immer wieder auch Gewalt ausgesetzt sein k\u00f6nnen, bereitete sich das SbE-Team auf die Nachbearbeitung speziell solcher Eins\u00e4tze im Rahmen einer zweit\u00e4gigen Schulung intensiv vor. Feuerwehrseelsorger Olaf Engelbrecht, von der Berufsfeuerwehr Braunschweig, konnte als Dozent der Bundesvereinigung SbE e.V. &hellip; <p class=\"link-more\"><a href=\"https:\/\/nfs-sigmaringen.de\/?p=3033\" class=\"more-link\"><span class=\"screen-reader-text\">\u201eSbE-Modul: Gewalt gegen Einsatzkr\u00e4fte\u201c <\/span>weiterlesen<\/a><\/p><\/div><\/li>\n<li><div class=\"wp-block-latest-posts__featured-image aligncenter\"><img decoding=\"async\" width=\"525\" height=\"344\" src=\"https:\/\/nfs-sigmaringen.de\/wp-content\/uploads\/2023\/10\/sbe-ent-2023-1024x671.jpg\" class=\"attachment-large size-large wp-post-image\" alt=\"\" style=\"max-width:768px;max-height:768px;\" srcset=\"https:\/\/nfs-sigmaringen.de\/wp-content\/uploads\/2023\/10\/sbe-ent-2023-1024x671.jpg 1024w, https:\/\/nfs-sigmaringen.de\/wp-content\/uploads\/2023\/10\/sbe-ent-2023-300x197.jpg 300w, https:\/\/nfs-sigmaringen.de\/wp-content\/uploads\/2023\/10\/sbe-ent-2023-768x504.jpg 768w, https:\/\/nfs-sigmaringen.de\/wp-content\/uploads\/2023\/10\/sbe-ent-2023-1536x1007.jpg 1536w, https:\/\/nfs-sigmaringen.de\/wp-content\/uploads\/2023\/10\/sbe-ent-2023-2048x1343.jpg 2048w\" sizes=\"100vw\" \/><\/div><a class=\"wp-block-latest-posts__post-title\" href=\"https:\/\/nfs-sigmaringen.de\/?p=2963\">Einsatz-Nachsorge-Team (ENT) Konstanz \u00fcbt mit SbE-Team<\/a><time datetime=\"2023-10-14T20:08:23+02:00\" class=\"wp-block-latest-posts__post-date\">14. Oktober 2023<\/time><div class=\"wp-block-latest-posts__post-excerpt\">In diesem Jahr \u00fcbte das SbE-Team Sigmaringen erneut mit dem ENT-Konstanz die Zusammenarbeit in der Psychosozialen Notfallversorgung f\u00fcr Einsatzkr\u00e4fte. Beide Teams sind nach den gleichen bundesweiten SbE-Standards ausgebildet und darauf spezialisiert mit Gro\u00dfgruppen von Einsatzkr\u00e4ften oder in Einzelsettings Gespr\u00e4chsangebote zur Entlastung anzubieten. In diesem Jahr stand besonders das Ein\u00fcben der &hellip; <p class=\"link-more\"><a href=\"https:\/\/nfs-sigmaringen.de\/?p=2963\" class=\"more-link\"><span class=\"screen-reader-text\">\u201eEinsatz-Nachsorge-Team (ENT) Konstanz \u00fcbt mit SbE-Team\u201c <\/span>weiterlesen<\/a><\/p><\/div><\/li>\n<li><div class=\"wp-block-latest-posts__featured-image aligncenter\"><img decoding=\"async\" width=\"525\" height=\"401\" src=\"https:\/\/nfs-sigmaringen.de\/wp-content\/uploads\/2023\/10\/image-20231007-211736-1-1024x782.jpeg\" class=\"attachment-large size-large wp-post-image\" alt=\"\" style=\"max-width:768px;max-height:768px;\" srcset=\"https:\/\/nfs-sigmaringen.de\/wp-content\/uploads\/2023\/10\/image-20231007-211736-1-1024x782.jpeg 1024w, https:\/\/nfs-sigmaringen.de\/wp-content\/uploads\/2023\/10\/image-20231007-211736-1-300x229.jpeg 300w, https:\/\/nfs-sigmaringen.de\/wp-content\/uploads\/2023\/10\/image-20231007-211736-1-768x587.jpeg 768w, https:\/\/nfs-sigmaringen.de\/wp-content\/uploads\/2023\/10\/image-20231007-211736-1-1536x1173.jpeg 1536w, https:\/\/nfs-sigmaringen.de\/wp-content\/uploads\/2023\/10\/image-20231007-211736-1.jpeg 1600w\" sizes=\"100vw\" \/><\/div><a class=\"wp-block-latest-posts__post-title\" href=\"https:\/\/nfs-sigmaringen.de\/?p=2937\">PSNV-B-Staffel \u00fcbt im Rahmen der Katastrophenschutz\u00fcbung des Landkreises<\/a><time datetime=\"2023-10-07T21:35:11+02:00\" class=\"wp-block-latest-posts__post-date\">7. Oktober 2023<\/time><div class=\"wp-block-latest-posts__post-excerpt\">Im Rahmen der neu erarbeiteten Alarm- und Ausr\u00fcckordnung f\u00fcr die Psychosoziale Notfallversorgung im Landkreis Sigmaringen wurde festgelegt, dass bei gr\u00f6\u00dferen Schadensereignissen oder bei \u00dcberlandhilfe k\u00fcnftig in Staffelbesatzung ausger\u00fcckt wird. Bei der diesj\u00e4hrigen Katastrophenschutz\u00fcbung konnte das PSNV-Team unter Leitung von Steffi G\u00e4ble diese neue Formation \u00fcben. Die NotfallseelsorgerInnen fahren \u00fcblicherweise einzeln &hellip; <p class=\"link-more\"><a href=\"https:\/\/nfs-sigmaringen.de\/?p=2937\" class=\"more-link\"><span class=\"screen-reader-text\">\u201ePSNV-B-Staffel \u00fcbt im Rahmen der Katastrophenschutz\u00fcbung des Landkreises\u201c <\/span>weiterlesen<\/a><\/p><\/div><\/li>\n<li><div class=\"wp-block-latest-posts__featured-image aligncenter\"><img decoding=\"async\" width=\"525\" height=\"329\" src=\"https:\/\/nfs-sigmaringen.de\/wp-content\/uploads\/2023\/10\/2023-gespraechsfuehrung-haag-titel-b-1024x642.jpg\" class=\"attachment-large size-large wp-post-image\" alt=\"\" style=\"max-width:768px;max-height:768px;\" srcset=\"https:\/\/nfs-sigmaringen.de\/wp-content\/uploads\/2023\/10\/2023-gespraechsfuehrung-haag-titel-b-1024x642.jpg 1024w, https:\/\/nfs-sigmaringen.de\/wp-content\/uploads\/2023\/10\/2023-gespraechsfuehrung-haag-titel-b-300x188.jpg 300w, https:\/\/nfs-sigmaringen.de\/wp-content\/uploads\/2023\/10\/2023-gespraechsfuehrung-haag-titel-b-768x481.jpg 768w, https:\/\/nfs-sigmaringen.de\/wp-content\/uploads\/2023\/10\/2023-gespraechsfuehrung-haag-titel-b-1536x963.jpg 1536w, https:\/\/nfs-sigmaringen.de\/wp-content\/uploads\/2023\/10\/2023-gespraechsfuehrung-haag-titel-b-2048x1284.jpg 2048w\" sizes=\"100vw\" \/><\/div><a class=\"wp-block-latest-posts__post-title\" href=\"https:\/\/nfs-sigmaringen.de\/?p=2923\">Abschluss des Intensivkurses Seelsorgerliche Begleitung<\/a><time datetime=\"2023-09-29T22:46:00+02:00\" class=\"wp-block-latest-posts__post-date\">29. September 2023<\/time><div class=\"wp-block-latest-posts__post-excerpt\">Im Rahmen und als Grundlage der Ausbildung zur Notfallseelsorge hat Silke Haag den Seelsorglichen Gespr\u00e4chsf\u00fchrungskurs in Hegne besucht. Von Januar 2023 &#8211; September 2023 lernte sie die Kommunikation bei der die Personenzentrierte Gespr\u00e4chsf\u00fchrung im Vordergrund steht. Bei der Gespr\u00e4chsf\u00fchrung in Seelsorgegespr\u00e4chen wurden zwei selbstgef\u00fchrte Gespr\u00e4che dokumentiert und in der Gruppe &hellip; <p class=\"link-more\"><a href=\"https:\/\/nfs-sigmaringen.de\/?p=2923\" class=\"more-link\"><span class=\"screen-reader-text\">\u201eAbschluss des Intensivkurses Seelsorgerliche Begleitung\u201c <\/span>weiterlesen<\/a><\/p><\/div><\/li>\n<li><div class=\"wp-block-latest-posts__featured-image aligncenter\"><img decoding=\"async\" width=\"525\" height=\"328\" src=\"https:\/\/nfs-sigmaringen.de\/wp-content\/uploads\/2023\/09\/20230924-infostand-pfd-b-1024x640.jpg\" class=\"attachment-large size-large wp-post-image\" alt=\"\" style=\"max-width:768px;max-height:768px;\" srcset=\"https:\/\/nfs-sigmaringen.de\/wp-content\/uploads\/2023\/09\/20230924-infostand-pfd-b-1024x640.jpg 1024w, https:\/\/nfs-sigmaringen.de\/wp-content\/uploads\/2023\/09\/20230924-infostand-pfd-b-300x188.jpg 300w, https:\/\/nfs-sigmaringen.de\/wp-content\/uploads\/2023\/09\/20230924-infostand-pfd-b-768x480.jpg 768w, https:\/\/nfs-sigmaringen.de\/wp-content\/uploads\/2023\/09\/20230924-infostand-pfd-b-1536x961.jpg 1536w, https:\/\/nfs-sigmaringen.de\/wp-content\/uploads\/2023\/09\/20230924-infostand-pfd-b-2048x1281.jpg 2048w\" sizes=\"100vw\" \/><\/div><a class=\"wp-block-latest-posts__post-title\" href=\"https:\/\/nfs-sigmaringen.de\/?p=2916\">Infostand beim Schlachtfest der FFW Pfullendorf<\/a><time datetime=\"2023-09-24T22:26:00+02:00\" class=\"wp-block-latest-posts__post-date\">24. September 2023<\/time><div class=\"wp-block-latest-posts__post-excerpt\">Dieses Jahr war es endlich mal wieder soweit. Die Pfullendorfer Feuerwehr lud zum traditionellen Schlachfest in den Seepark. Auch die Notfallseelsorge war mit einem Stand vertreten und konnte einige Gespr\u00e4che mit Besucher*innen und&nbsp; Kamerad*innen f\u00fchren und so \u00fcber die Arbeit in der Psychosozialen Notfallversorgung aufkl\u00e4ren. Daneben war unter anderem ein &hellip; <p class=\"link-more\"><a href=\"https:\/\/nfs-sigmaringen.de\/?p=2916\" class=\"more-link\"><span class=\"screen-reader-text\">\u201eInfostand beim Schlachtfest der FFW Pfullendorf\u201c <\/span>weiterlesen<\/a><\/p><\/div><\/li>\n<li><div class=\"wp-block-latest-posts__featured-image aligncenter\"><img decoding=\"async\" width=\"525\" height=\"394\" src=\"https:\/\/nfs-sigmaringen.de\/wp-content\/uploads\/2023\/08\/IMG_8561-1024x768.jpg\" class=\"attachment-large size-large wp-post-image\" alt=\"\" style=\"max-width:768px;max-height:768px;\" srcset=\"https:\/\/nfs-sigmaringen.de\/wp-content\/uploads\/2023\/08\/IMG_8561-1024x768.jpg 1024w, https:\/\/nfs-sigmaringen.de\/wp-content\/uploads\/2023\/08\/IMG_8561-300x225.jpg 300w, https:\/\/nfs-sigmaringen.de\/wp-content\/uploads\/2023\/08\/IMG_8561-768x576.jpg 768w, https:\/\/nfs-sigmaringen.de\/wp-content\/uploads\/2023\/08\/IMG_8561-1536x1152.jpg 1536w, https:\/\/nfs-sigmaringen.de\/wp-content\/uploads\/2023\/08\/IMG_8561-2048x1536.jpg 2048w\" sizes=\"100vw\" \/><\/div><a class=\"wp-block-latest-posts__post-title\" href=\"https:\/\/nfs-sigmaringen.de\/?p=2793\">PSNV-Team des Landkreises Sigmaringen mit Flutmedaille ausgezeichnet<\/a><time datetime=\"2023-08-02T22:13:36+02:00\" class=\"wp-block-latest-posts__post-date\">2. August 2023<\/time><div class=\"wp-block-latest-posts__post-excerpt\">Im Nachgang zur Flutkatastrophe im Ahrtal im Juli 2021 waren einige Haupt- und Ehrenamtler aus den Landkreisen Sigmaringen und Ravensburg, sowie dem Bodenseekreis im Einsatz. In Anerkennung ihrer geleisteten Arbeit im Flutgebiet verlieh am 2. August 2023 Regierungspr\u00e4sident Klaus Tappeser, unterst\u00fctzt von Landr\u00e4tin Stefanie B\u00fcrkle, den Landr\u00e4ten Luca Wilhelm Prayon &hellip; <p class=\"link-more\"><a href=\"https:\/\/nfs-sigmaringen.de\/?p=2793\" class=\"more-link\"><span class=\"screen-reader-text\">\u201ePSNV-Team des Landkreises Sigmaringen mit Flutmedaille ausgezeichnet\u201c <\/span>weiterlesen<\/a><\/p><\/div><\/li>\n<li><div class=\"wp-block-latest-posts__featured-image aligncenter\"><img decoding=\"async\" width=\"525\" height=\"343\" src=\"https:\/\/nfs-sigmaringen.de\/wp-content\/uploads\/2023\/07\/2023-blaulichttag-2-1024x669.jpg\" class=\"attachment-large size-large wp-post-image\" alt=\"\" style=\"max-width:768px;max-height:768px;\" srcset=\"https:\/\/nfs-sigmaringen.de\/wp-content\/uploads\/2023\/07\/2023-blaulichttag-2-1024x669.jpg 1024w, https:\/\/nfs-sigmaringen.de\/wp-content\/uploads\/2023\/07\/2023-blaulichttag-2-300x196.jpg 300w, https:\/\/nfs-sigmaringen.de\/wp-content\/uploads\/2023\/07\/2023-blaulichttag-2-768x502.jpg 768w, https:\/\/nfs-sigmaringen.de\/wp-content\/uploads\/2023\/07\/2023-blaulichttag-2-1536x1004.jpg 1536w, https:\/\/nfs-sigmaringen.de\/wp-content\/uploads\/2023\/07\/2023-blaulichttag-2-2048x1338.jpg 2048w\" sizes=\"100vw\" \/><\/div><a class=\"wp-block-latest-posts__post-title\" href=\"https:\/\/nfs-sigmaringen.de\/?p=2740\">Notfallseelsorge beim Blaulichttag der Feuerwehr Sigmaringen<\/a><time datetime=\"2023-07-08T12:54:56+02:00\" class=\"wp-block-latest-posts__post-date\">8. Juli 2023<\/time><div class=\"wp-block-latest-posts__post-excerpt\">Mama, was macht eigentlich so ein gro\u00dfer Hund beim Stand der Notfallseelsorge? Darf ich den streicheln? So oder so \u00e4hnlich h\u00f6rte man es ganz oft am Informationsstand der Notfallseelsorge beim Blaulichttag der Feuerwehr Sigmaringen am 8. Juli 2023. \u00dcber den Begleithund \u201eLinus\u201c ergaben sich schnell Gespr\u00e4che mit den Eltern und &hellip; <p class=\"link-more\"><a href=\"https:\/\/nfs-sigmaringen.de\/?p=2740\" class=\"more-link\"><span class=\"screen-reader-text\">\u201eNotfallseelsorge beim Blaulichttag der Feuerwehr Sigmaringen\u201c <\/span>weiterlesen<\/a><\/p><\/div><\/li>\n<li><div class=\"wp-block-latest-posts__featured-image aligncenter\"><img decoding=\"async\" width=\"525\" height=\"394\" src=\"https:\/\/nfs-sigmaringen.de\/wp-content\/uploads\/2023\/07\/2023-sommerfest-chorusB-1024x768.jpg\" class=\"attachment-large size-large wp-post-image\" alt=\"\" style=\"max-width:768px;max-height:768px;\" srcset=\"https:\/\/nfs-sigmaringen.de\/wp-content\/uploads\/2023\/07\/2023-sommerfest-chorusB-1024x768.jpg 1024w, https:\/\/nfs-sigmaringen.de\/wp-content\/uploads\/2023\/07\/2023-sommerfest-chorusB-300x225.jpg 300w, https:\/\/nfs-sigmaringen.de\/wp-content\/uploads\/2023\/07\/2023-sommerfest-chorusB-768x576.jpg 768w, https:\/\/nfs-sigmaringen.de\/wp-content\/uploads\/2023\/07\/2023-sommerfest-chorusB-1536x1152.jpg 1536w, https:\/\/nfs-sigmaringen.de\/wp-content\/uploads\/2023\/07\/2023-sommerfest-chorusB-2048x1536.jpg 2048w\" sizes=\"100vw\" \/><\/div><a class=\"wp-block-latest-posts__post-title\" href=\"https:\/\/nfs-sigmaringen.de\/?p=2751\">Sommerfest der Notfallseelsorge auf Ruine Hornstein<\/a><time datetime=\"2023-07-02T15:04:06+02:00\" class=\"wp-block-latest-posts__post-date\">2. Juli 2023<\/time><div class=\"wp-block-latest-posts__post-excerpt\">Das Sommerfest der AG Notfallseelsorge im Landkreis Sigmaringen fand am 2. Juli 2023 statt. Diese Veranstaltung bot den Mitgliedern, die sich in der Psychosozialen Notfallversorgung ehrenamtlich engagieren, eine Gelegenheit, ohne den \u00fcblichen Einsatzstress zusammenzukommen und sich auszutauschen. Das Fest wurde auf der Ruine Hornstein ausgerichtet. Bei diesem Treffen konnten sich &hellip; <p class=\"link-more\"><a href=\"https:\/\/nfs-sigmaringen.de\/?p=2751\" class=\"more-link\"><span class=\"screen-reader-text\">\u201eSommerfest der Notfallseelsorge auf Ruine Hornstein\u201c <\/span>weiterlesen<\/a><\/p><\/div><\/li>\n<li><div class=\"wp-block-latest-posts__featured-image aligncenter\"><img decoding=\"async\" width=\"525\" height=\"309\" src=\"https:\/\/nfs-sigmaringen.de\/wp-content\/uploads\/2023\/06\/grundkurs-psnv-2023-1-1024x602.jpg\" class=\"attachment-large size-large wp-post-image\" alt=\"\" style=\"max-width:768px;max-height:768px;\" srcset=\"https:\/\/nfs-sigmaringen.de\/wp-content\/uploads\/2023\/06\/grundkurs-psnv-2023-1-1024x602.jpg 1024w, https:\/\/nfs-sigmaringen.de\/wp-content\/uploads\/2023\/06\/grundkurs-psnv-2023-1-300x176.jpg 300w, https:\/\/nfs-sigmaringen.de\/wp-content\/uploads\/2023\/06\/grundkurs-psnv-2023-1-768x452.jpg 768w, https:\/\/nfs-sigmaringen.de\/wp-content\/uploads\/2023\/06\/grundkurs-psnv-2023-1-1536x903.jpg 1536w, https:\/\/nfs-sigmaringen.de\/wp-content\/uploads\/2023\/06\/grundkurs-psnv-2023-1-2048x1204.jpg 2048w\" sizes=\"100vw\" \/><\/div><a class=\"wp-block-latest-posts__post-title\" href=\"https:\/\/nfs-sigmaringen.de\/?p=2680\">Grundkurs PSNV erfolgreich beendet<\/a><time datetime=\"2023-06-17T11:35:59+02:00\" class=\"wp-block-latest-posts__post-date\">17. Juni 2023<\/time><div class=\"wp-block-latest-posts__post-excerpt\">Im Juni 2023 haben 4 angehende Notfallseelsorger\/innen unserer Abteilung den ersten Teil des Grunkurses im Kloster Kirchberg in Sulz am Neckar absolviert. Auf dem Kurs waren, Silke Haag, Nina Sturm, Philip Heger und Susanne Sambale. Themenschwerpunkte des Ausbildungsbausteins waren insbesondere Grundlagen der Psychotraumatologie, die Zusammenarbeit mit Rettungsdienst und Polizei, Rechtsgrundlagen &hellip; <p class=\"link-more\"><a href=\"https:\/\/nfs-sigmaringen.de\/?p=2680\" class=\"more-link\"><span class=\"screen-reader-text\">\u201eGrundkurs PSNV erfolgreich beendet\u201c <\/span>weiterlesen<\/a><\/p><\/div><\/li>\n<li><div class=\"wp-block-latest-posts__featured-image aligncenter\"><img decoding=\"async\" width=\"525\" height=\"218\" src=\"https:\/\/nfs-sigmaringen.de\/wp-content\/uploads\/2023\/06\/2023-psnv-b-sektion-01-1024x426.jpg\" class=\"attachment-large size-large wp-post-image\" alt=\"\" style=\"max-width:768px;max-height:768px;\" srcset=\"https:\/\/nfs-sigmaringen.de\/wp-content\/uploads\/2023\/06\/2023-psnv-b-sektion-01-1024x426.jpg 1024w, https:\/\/nfs-sigmaringen.de\/wp-content\/uploads\/2023\/06\/2023-psnv-b-sektion-01-300x125.jpg 300w, https:\/\/nfs-sigmaringen.de\/wp-content\/uploads\/2023\/06\/2023-psnv-b-sektion-01-768x319.jpg 768w, https:\/\/nfs-sigmaringen.de\/wp-content\/uploads\/2023\/06\/2023-psnv-b-sektion-01-1536x638.jpg 1536w, https:\/\/nfs-sigmaringen.de\/wp-content\/uploads\/2023\/06\/2023-psnv-b-sektion-01-2048x851.jpg 2048w\" sizes=\"100vw\" \/><\/div><a class=\"wp-block-latest-posts__post-title\" href=\"https:\/\/nfs-sigmaringen.de\/?p=2686\">Sektionsversammlung der diensthabenden NotfallseelsorgerInnen (PSNV-B)<\/a><time datetime=\"2023-06-14T11:59:24+02:00\" class=\"wp-block-latest-posts__post-date\">14. Juni 2023<\/time><div class=\"wp-block-latest-posts__post-excerpt\">Am 14.06.2023 fand die Sektionsversammlung der diensthabenden NotfallseelsorgerInnen statt. Alle zwei Jahre werden in diesem Rahmen die Wahlen der Leitung des PSNV-B-Teams durchgef\u00fchrt. Wiedergew\u00e4hlt wurden Winfried Fritz, Steffi G\u00e4ble und Johannes Schramm. Die drei Gew\u00e4hlten vertreten im Leitungsteam der AG Notfallseelsorge die Sektion und bilden mit den Leitungen und Einsatzkoordinatoren, &hellip; <p class=\"link-more\"><a href=\"https:\/\/nfs-sigmaringen.de\/?p=2686\" class=\"more-link\"><span class=\"screen-reader-text\">\u201eSektionsversammlung der diensthabenden NotfallseelsorgerInnen (PSNV-B)\u201c <\/span>weiterlesen<\/a><\/p><\/div><\/li>\n<li><div class=\"wp-block-latest-posts__featured-image aligncenter\"><img decoding=\"async\" width=\"525\" height=\"394\" src=\"https:\/\/nfs-sigmaringen.de\/wp-content\/uploads\/2023\/06\/IMG_20230602_120551-1024x769.jpg\" class=\"attachment-large size-large wp-post-image\" alt=\"\" style=\"max-width:768px;max-height:768px;\" srcset=\"https:\/\/nfs-sigmaringen.de\/wp-content\/uploads\/2023\/06\/IMG_20230602_120551-1024x769.jpg 1024w, https:\/\/nfs-sigmaringen.de\/wp-content\/uploads\/2023\/06\/IMG_20230602_120551-300x225.jpg 300w, https:\/\/nfs-sigmaringen.de\/wp-content\/uploads\/2023\/06\/IMG_20230602_120551-768x577.jpg 768w, https:\/\/nfs-sigmaringen.de\/wp-content\/uploads\/2023\/06\/IMG_20230602_120551-1536x1153.jpg 1536w, https:\/\/nfs-sigmaringen.de\/wp-content\/uploads\/2023\/06\/IMG_20230602_120551-2048x1538.jpg 2048w\" sizes=\"100vw\" \/><\/div><a class=\"wp-block-latest-posts__post-title\" href=\"https:\/\/nfs-sigmaringen.de\/?p=2640\">Spendenaktion DM-Markt Sigmaringen f\u00fcr PSNV<\/a><time datetime=\"2023-06-02T19:56:48+02:00\" class=\"wp-block-latest-posts__post-date\">2. Juni 2023<\/time><div class=\"wp-block-latest-posts__post-excerpt\">DM-Markt Sigmaringen machte zum 50. Geburtstag von DM eine Spendenaktion, bei welcher sich verschiedene Organisationen vorstellen konnten. Die Notfallseelsorge des Landkreises Sigmaringen pr\u00e4sentierte sich an mehreren Tagen und erhielt hierf\u00fcr einen Spendengutschein in H\u00f6he von 400 \u20ac. Vielen Dank an DM-Sigmaringen.<\/div><\/li>\n<li><div class=\"wp-block-latest-posts__featured-image aligncenter\"><img decoding=\"async\" width=\"525\" height=\"388\" src=\"https:\/\/nfs-sigmaringen.de\/wp-content\/uploads\/2023\/06\/2023-05-buko-nfs-1024x757.jpg\" class=\"attachment-large size-large wp-post-image\" alt=\"\" style=\"max-width:768px;max-height:768px;\" srcset=\"https:\/\/nfs-sigmaringen.de\/wp-content\/uploads\/2023\/06\/2023-05-buko-nfs-1024x757.jpg 1024w, https:\/\/nfs-sigmaringen.de\/wp-content\/uploads\/2023\/06\/2023-05-buko-nfs-300x222.jpg 300w, https:\/\/nfs-sigmaringen.de\/wp-content\/uploads\/2023\/06\/2023-05-buko-nfs-768x568.jpg 768w, https:\/\/nfs-sigmaringen.de\/wp-content\/uploads\/2023\/06\/2023-05-buko-nfs-1536x1135.jpg 1536w, https:\/\/nfs-sigmaringen.de\/wp-content\/uploads\/2023\/06\/2023-05-buko-nfs-2048x1514.jpg 2048w\" sizes=\"100vw\" \/><\/div><a class=\"wp-block-latest-posts__post-title\" href=\"https:\/\/nfs-sigmaringen.de\/?p=2646\">Teilnahme am 20. Bundeskongress Notfallseelsorge in Erfurt<\/a><time datetime=\"2023-05-23T20:00:50+02:00\" class=\"wp-block-latest-posts__post-date\">23. Mai 2023<\/time><div class=\"wp-block-latest-posts__post-excerpt\">Artikel folgt.<\/div><\/li>\n<li><div class=\"wp-block-latest-posts__featured-image aligncenter\"><img decoding=\"async\" width=\"525\" height=\"253\" src=\"https:\/\/nfs-sigmaringen.de\/wp-content\/uploads\/2023\/05\/2023-hv-nfs-01-1024x493.jpg\" class=\"attachment-large size-large wp-post-image\" alt=\"\" style=\"max-width:768px;max-height:768px;\" srcset=\"https:\/\/nfs-sigmaringen.de\/wp-content\/uploads\/2023\/05\/2023-hv-nfs-01-1024x493.jpg 1024w, https:\/\/nfs-sigmaringen.de\/wp-content\/uploads\/2023\/05\/2023-hv-nfs-01-300x144.jpg 300w, https:\/\/nfs-sigmaringen.de\/wp-content\/uploads\/2023\/05\/2023-hv-nfs-01-768x370.jpg 768w, https:\/\/nfs-sigmaringen.de\/wp-content\/uploads\/2023\/05\/2023-hv-nfs-01-1536x739.jpg 1536w, https:\/\/nfs-sigmaringen.de\/wp-content\/uploads\/2023\/05\/2023-hv-nfs-01-2048x985.jpg 2048w\" sizes=\"100vw\" \/><\/div><a class=\"wp-block-latest-posts__post-title\" href=\"https:\/\/nfs-sigmaringen.de\/?p=2561\">Notfallseelsorge Hauptversammlung 2023<\/a><time datetime=\"2023-04-27T20:22:44+02:00\" class=\"wp-block-latest-posts__post-date\">27. April 2023<\/time><div class=\"wp-block-latest-posts__post-excerpt\">Im Feuerwehrger\u00e4tehaus von Hohentengen fand die diesj\u00e4hrige Hauptversammlung der Arbeitsgemeinschaft (AG) Notfallseelsorge im Landkreis Sigmaringen statt. Winfried Fritz, der Sprecher der AG Notfallseelsorge, und B\u00fcrgermeister Peter Rainer, der das Treffen als Hausherr im Feuerwehrger\u00e4tehaus begr\u00fc\u00dfte, er\u00f6ffneten die Veranstaltung. Die Sitzung begann mit Berichten aus den verschiedenen Sektionen der AG Notfallseelsorge, &hellip; <p class=\"link-more\"><a href=\"https:\/\/nfs-sigmaringen.de\/?p=2561\" class=\"more-link\"><span class=\"screen-reader-text\">\u201eNotfallseelsorge Hauptversammlung 2023\u201c <\/span>weiterlesen<\/a><\/p><\/div><\/li>\n<li><div class=\"wp-block-latest-posts__featured-image aligncenter\"><img decoding=\"async\" width=\"525\" height=\"285\" src=\"https:\/\/nfs-sigmaringen.de\/wp-content\/uploads\/2023\/04\/2023-sbe-iv-beitragsbild-1024x556.jpg\" class=\"attachment-large size-large wp-post-image\" alt=\"\" style=\"max-width:768px;max-height:768px;\" srcset=\"https:\/\/nfs-sigmaringen.de\/wp-content\/uploads\/2023\/04\/2023-sbe-iv-beitragsbild-1024x556.jpg 1024w, https:\/\/nfs-sigmaringen.de\/wp-content\/uploads\/2023\/04\/2023-sbe-iv-beitragsbild-300x163.jpg 300w, https:\/\/nfs-sigmaringen.de\/wp-content\/uploads\/2023\/04\/2023-sbe-iv-beitragsbild-768x417.jpg 768w, https:\/\/nfs-sigmaringen.de\/wp-content\/uploads\/2023\/04\/2023-sbe-iv-beitragsbild-1536x834.jpg 1536w, https:\/\/nfs-sigmaringen.de\/wp-content\/uploads\/2023\/04\/2023-sbe-iv-beitragsbild-2048x1112.jpg 2048w\" sizes=\"100vw\" \/><\/div><a class=\"wp-block-latest-posts__post-title\" href=\"https:\/\/nfs-sigmaringen.de\/?p=2545\">SbE-Baustein IV erfolgreich besucht<\/a><time datetime=\"2023-04-23T13:10:02+02:00\" class=\"wp-block-latest-posts__post-date\">23. April 2023<\/time><div class=\"wp-block-latest-posts__post-excerpt\">Das Wochenende vom 21.-.23.4.2023 haben drei unserer Kolleginnen, Josef Mertel, Bastian Kiner und Johannes Schramm, bei sch\u00f6nstem Sonnenschein in den R\u00e4umen der Feuerwehr Bad Waldsee verbracht. Dort besch\u00e4ftigten sie sich im Rahmen ihrer SbE-Ausbildung im Modul 4 mit den Themen Schuld, Aggression und Suizid. Schwere Kost, um f\u00fcr die Begleitung &hellip; <p class=\"link-more\"><a href=\"https:\/\/nfs-sigmaringen.de\/?p=2545\" class=\"more-link\"><span class=\"screen-reader-text\">\u201eSbE-Baustein IV erfolgreich besucht\u201c <\/span>weiterlesen<\/a><\/p><\/div><\/li>\n<li><div class=\"wp-block-latest-posts__featured-image aligncenter\"><img decoding=\"async\" width=\"525\" height=\"289\" src=\"https:\/\/nfs-sigmaringen.de\/wp-content\/uploads\/2023\/04\/2023-roter-heuberg-1-1024x563.jpg\" class=\"attachment-large size-large wp-post-image\" alt=\"\" style=\"max-width:768px;max-height:768px;\" srcset=\"https:\/\/nfs-sigmaringen.de\/wp-content\/uploads\/2023\/04\/2023-roter-heuberg-1-1024x563.jpg 1024w, https:\/\/nfs-sigmaringen.de\/wp-content\/uploads\/2023\/04\/2023-roter-heuberg-1-300x165.jpg 300w, https:\/\/nfs-sigmaringen.de\/wp-content\/uploads\/2023\/04\/2023-roter-heuberg-1-768x422.jpg 768w, https:\/\/nfs-sigmaringen.de\/wp-content\/uploads\/2023\/04\/2023-roter-heuberg-1-1536x844.jpg 1536w, https:\/\/nfs-sigmaringen.de\/wp-content\/uploads\/2023\/04\/2023-roter-heuberg-1-2048x1125.jpg 2048w\" sizes=\"100vw\" \/><\/div><a class=\"wp-block-latest-posts__post-title\" href=\"https:\/\/nfs-sigmaringen.de\/?p=2512\">PSNV LK Sigmaringen stellt eine Station beim \u00dcbungswochenende<\/a><time datetime=\"2023-04-02T20:41:58+02:00\" class=\"wp-block-latest-posts__post-date\">2. April 2023<\/time><div class=\"wp-block-latest-posts__post-excerpt\">Jedes Jahr findet am Wochenende vor Ostern auf dem Truppen\u00fcbungsplatz die gro\u00dfe Feuerwehr\u00fcbung &#8222;Roter Heuberg&#8220; statt. Es ist ein zweit\u00e4giges \u00dcbungsprogramm \u00fcber verschiedenste Stationen mit \u00dcbungsszenarien f\u00fcr Feuerwehren mit &nbsp;wasserf\u00fchrenden L\u00f6schfahrzeugen, z.B. Geb\u00e4udebrand, Fahrzeugbrand, Technische Hilfe, Menschenrettung, Notfall-T\u00fcr\u00f6ffnung, Vornahme von tragbaren Leitern, Absturzsicherung, Fahrzeug-Gel\u00e4ndebahn, Wald- und Fl\u00e4chenbrandbek\u00e4mpfung und Sonderlagen. In &hellip; <p class=\"link-more\"><a href=\"https:\/\/nfs-sigmaringen.de\/?p=2512\" class=\"more-link\"><span class=\"screen-reader-text\">\u201ePSNV LK Sigmaringen stellt eine Station beim \u00dcbungswochenende\u201c <\/span>weiterlesen<\/a><\/p><\/div><\/li>\n<li><div class=\"wp-block-latest-posts__featured-image aligncenter\"><img decoding=\"async\" width=\"525\" height=\"301\" src=\"https:\/\/nfs-sigmaringen.de\/wp-content\/uploads\/2023\/03\/2023-03-coquelin-2-1024x588.jpg\" class=\"attachment-large size-large wp-post-image\" alt=\"\" style=\"max-width:768px;max-height:768px;\" srcset=\"https:\/\/nfs-sigmaringen.de\/wp-content\/uploads\/2023\/03\/2023-03-coquelin-2-1024x588.jpg 1024w, https:\/\/nfs-sigmaringen.de\/wp-content\/uploads\/2023\/03\/2023-03-coquelin-2-300x172.jpg 300w, https:\/\/nfs-sigmaringen.de\/wp-content\/uploads\/2023\/03\/2023-03-coquelin-2-768x441.jpg 768w, https:\/\/nfs-sigmaringen.de\/wp-content\/uploads\/2023\/03\/2023-03-coquelin-2-1536x882.jpg 1536w, https:\/\/nfs-sigmaringen.de\/wp-content\/uploads\/2023\/03\/2023-03-coquelin-2-2048x1176.jpg 2048w\" sizes=\"100vw\" \/><\/div><a class=\"wp-block-latest-posts__post-title\" href=\"https:\/\/nfs-sigmaringen.de\/?p=2488\">Neue MitararbeiterInnen in der Notfallseelsorge wurden in ihren Wehren aufgenommen<\/a><time datetime=\"2023-03-25T20:09:00+01:00\" class=\"wp-block-latest-posts__post-date\">25. M\u00e4rz 2023<\/time><div class=\"wp-block-latest-posts__post-excerpt\">In diesem Jahr starten wieder vier Personen in die umfangreiche Ausbildung zum\/zur NotfallseelsorgerIn (zum Ausbildungskonzept). Der erste Schritt ist hierbei die Verpflichtung bei der \u00f6rtlichen Feuerwehr in der Funktion als Fachberater\/in Seelsorge. Maximilian Coquelin wurde in die Feuerwehr Scheer aufgenommen und f\u00fcr diese besondere Aufgabe verpflichtet. In der Sigmaringer Feuerwehr &hellip; <p class=\"link-more\"><a href=\"https:\/\/nfs-sigmaringen.de\/?p=2488\" class=\"more-link\"><span class=\"screen-reader-text\">\u201eNeue MitararbeiterInnen in der Notfallseelsorge wurden in ihren Wehren aufgenommen\u201c <\/span>weiterlesen<\/a><\/p><\/div><\/li>\n<li><div class=\"wp-block-latest-posts__featured-image aligncenter\"><img decoding=\"async\" width=\"525\" height=\"394\" src=\"https:\/\/nfs-sigmaringen.de\/wp-content\/uploads\/2023\/02\/2023-02-24-kfv-leitungsteam-1024x768.jpg\" class=\"attachment-large size-large wp-post-image\" alt=\"\" style=\"max-width:768px;max-height:768px;\" srcset=\"https:\/\/nfs-sigmaringen.de\/wp-content\/uploads\/2023\/02\/2023-02-24-kfv-leitungsteam-1024x768.jpg 1024w, https:\/\/nfs-sigmaringen.de\/wp-content\/uploads\/2023\/02\/2023-02-24-kfv-leitungsteam-300x225.jpg 300w, https:\/\/nfs-sigmaringen.de\/wp-content\/uploads\/2023\/02\/2023-02-24-kfv-leitungsteam-768x576.jpg 768w, https:\/\/nfs-sigmaringen.de\/wp-content\/uploads\/2023\/02\/2023-02-24-kfv-leitungsteam-1536x1152.jpg 1536w, https:\/\/nfs-sigmaringen.de\/wp-content\/uploads\/2023\/02\/2023-02-24-kfv-leitungsteam-2048x1536.jpg 2048w\" sizes=\"100vw\" \/><\/div><a class=\"wp-block-latest-posts__post-title\" href=\"https:\/\/nfs-sigmaringen.de\/?p=2447\">Leitungsteam vertritt die Notfallseelsorge beim Kreisfeuerwehrverband Sigmaringen<\/a><time datetime=\"2023-02-24T20:15:00+01:00\" class=\"wp-block-latest-posts__post-date\">24. Februar 2023<\/time><div class=\"wp-block-latest-posts__post-excerpt\">Das Leitungsteam der Notfallseelsorge ist durch den Sprecher Winfried Fritz im Ausschuss des Kreisfeuerwehrverbandes Landkreis Sigmaringen (KFV) dauerhaft vertreten. Auch in diesem Jahr haben die Mitglieder des Leitungsteams wieder an der Hauptversammlung des KFV teilgenommen. Landesfeuerwehrseelsorger Edwin M\u00fcller \u00fcbernahm in diesem Rahmen das Totengedenken und Winfried Fritz stellte die Einsatzzahlen &hellip; <p class=\"link-more\"><a href=\"https:\/\/nfs-sigmaringen.de\/?p=2447\" class=\"more-link\"><span class=\"screen-reader-text\">\u201eLeitungsteam vertritt die Notfallseelsorge beim Kreisfeuerwehrverband Sigmaringen\u201c <\/span>weiterlesen<\/a><\/p><\/div><\/li>\n<li><div class=\"wp-block-latest-posts__featured-image aligncenter\"><img decoding=\"async\" width=\"525\" height=\"285\" src=\"https:\/\/nfs-sigmaringen.de\/wp-content\/uploads\/2023\/02\/2023-ausbildung-psnv-sig-2-1024x556.jpg\" class=\"attachment-large size-large wp-post-image\" alt=\"\" style=\"max-width:768px;max-height:768px;\" srcset=\"https:\/\/nfs-sigmaringen.de\/wp-content\/uploads\/2023\/02\/2023-ausbildung-psnv-sig-2-1024x556.jpg 1024w, https:\/\/nfs-sigmaringen.de\/wp-content\/uploads\/2023\/02\/2023-ausbildung-psnv-sig-2-300x163.jpg 300w, https:\/\/nfs-sigmaringen.de\/wp-content\/uploads\/2023\/02\/2023-ausbildung-psnv-sig-2-768x417.jpg 768w, https:\/\/nfs-sigmaringen.de\/wp-content\/uploads\/2023\/02\/2023-ausbildung-psnv-sig-2-1536x834.jpg 1536w, https:\/\/nfs-sigmaringen.de\/wp-content\/uploads\/2023\/02\/2023-ausbildung-psnv-sig-2-2048x1113.jpg 2048w\" sizes=\"100vw\" \/><\/div><a class=\"wp-block-latest-posts__post-title\" href=\"https:\/\/nfs-sigmaringen.de\/?p=2430\">Neuer Ausbildungskurs f\u00fcr PSNV-B gestartet<\/a><time datetime=\"2023-02-19T12:14:04+01:00\" class=\"wp-block-latest-posts__post-date\">19. Februar 2023<\/time><div class=\"wp-block-latest-posts__post-excerpt\">Mit einem ersten Fortbildungsabend rund um das Thema Notfallseelsorge, haben Mitte Februar sechs angehende Notfallseelsorgerinnen und Notfallseelsorger ihre ca. zweij\u00e4hrige Ausbildung begonnen. Die Ausbildung geschieht im Landkreis Sigmaringen in verschiedenen Ausbildungseinheiten und Kursen. Je nach beruflicher Qualifikation ist parallel zu den vor Ort stattfinden Ausbildungsmodulen zun\u00e4chst noch eine Zusatzqualifikation in &hellip; <p class=\"link-more\"><a href=\"https:\/\/nfs-sigmaringen.de\/?p=2430\" class=\"more-link\"><span class=\"screen-reader-text\">\u201eNeuer Ausbildungskurs f\u00fcr PSNV-B gestartet\u201c <\/span>weiterlesen<\/a><\/p><\/div><\/li>\n<li><div class=\"wp-block-latest-posts__featured-image aligncenter\"><img decoding=\"async\" width=\"525\" height=\"258\" src=\"https:\/\/nfs-sigmaringen.de\/wp-content\/uploads\/2023\/02\/2023-Fasnet-Bereitschaft-07-e1675623782418-1024x504.jpg\" class=\"attachment-large size-large wp-post-image\" alt=\"\" style=\"max-width:768px;max-height:768px;\" srcset=\"https:\/\/nfs-sigmaringen.de\/wp-content\/uploads\/2023\/02\/2023-Fasnet-Bereitschaft-07-e1675623782418-1024x504.jpg 1024w, https:\/\/nfs-sigmaringen.de\/wp-content\/uploads\/2023\/02\/2023-Fasnet-Bereitschaft-07-e1675623782418-300x148.jpg 300w, https:\/\/nfs-sigmaringen.de\/wp-content\/uploads\/2023\/02\/2023-Fasnet-Bereitschaft-07-e1675623782418-768x378.jpg 768w, https:\/\/nfs-sigmaringen.de\/wp-content\/uploads\/2023\/02\/2023-Fasnet-Bereitschaft-07-e1675623782418.jpg 1200w\" sizes=\"100vw\" \/><\/div><a class=\"wp-block-latest-posts__post-title\" href=\"https:\/\/nfs-sigmaringen.de\/?p=2383\">PSNV-Bereitschaft bei Jubil\u00e4ums-Narrentreffen<\/a><time datetime=\"2023-02-05T20:04:06+01:00\" class=\"wp-block-latest-posts__post-date\">5. Februar 2023<\/time><div class=\"wp-block-latest-posts__post-excerpt\">Das Team der Psychosozialen Notfallversorgung (PSNV) Sigmaringen hat f\u00fcr das Jubil\u00e4ums-Narrentreffen des Vetter Guser eine st\u00e4ndige Bereitschaft im Feuerwehrger\u00e4tehaus bereitgestellt, um bei psycho-sozialen Notf\u00e4llen sofort &nbsp;vor Ort sein zu k\u00f6nnen. Diese Bereitschaft, bestehend aus einem Leiter PSNV und zwei PSNV-Mitarbeitern, geh\u00f6rt zwischenzeitlich bei Gro\u00dfveranstaltungen mit mehreren tausend TeilnehmerInnen zum Standard &hellip; <p class=\"link-more\"><a href=\"https:\/\/nfs-sigmaringen.de\/?p=2383\" class=\"more-link\"><span class=\"screen-reader-text\">\u201ePSNV-Bereitschaft bei Jubil\u00e4ums-Narrentreffen\u201c <\/span>weiterlesen<\/a><\/p><\/div><\/li>\n<li><div class=\"wp-block-latest-posts__featured-image aligncenter\"><img decoding=\"async\" width=\"525\" height=\"394\" src=\"https:\/\/nfs-sigmaringen.de\/wp-content\/uploads\/2023\/01\/2023-statistik-a.jpg\" class=\"attachment-large size-large wp-post-image\" alt=\"\" style=\"max-width:768px;max-height:768px;\" srcset=\"https:\/\/nfs-sigmaringen.de\/wp-content\/uploads\/2023\/01\/2023-statistik-a.jpg 960w, https:\/\/nfs-sigmaringen.de\/wp-content\/uploads\/2023\/01\/2023-statistik-a-300x225.jpg 300w, https:\/\/nfs-sigmaringen.de\/wp-content\/uploads\/2023\/01\/2023-statistik-a-768x576.jpg 768w\" sizes=\"100vw\" \/><\/div><a class=\"wp-block-latest-posts__post-title\" href=\"https:\/\/nfs-sigmaringen.de\/?p=2367\">Jahresstatistik 2023 der PSNV-Sigmaringen<\/a><time datetime=\"2023-01-29T18:22:12+01:00\" class=\"wp-block-latest-posts__post-date\">29. Januar 2023<\/time><div class=\"wp-block-latest-posts__post-excerpt\">Die Psychosoziale Notfallversorgung im Landkreis Sigmaringen hatte im Jahr 2023 eine Vielzahl von herausfordernden Eins\u00e4tzen. In der \u00fcber 20-j\u00e4hrigen Geschichte der Notfallseelsorge gab es erstmals mit 243 Eins\u00e4tzen eine deutliche Steigerung gegen\u00fcber den Vorjahre. Es ist wichtig zu betonen, dass jeder dieser Eins\u00e4tze f\u00fcr die Betroffenen und ihre Familien schwierig &hellip; <p class=\"link-more\"><a href=\"https:\/\/nfs-sigmaringen.de\/?p=2367\" class=\"more-link\"><span class=\"screen-reader-text\">\u201eJahresstatistik 2023 der PSNV-Sigmaringen\u201c <\/span>weiterlesen<\/a><\/p><\/div><\/li>\n<li><div class=\"wp-block-latest-posts__featured-image aligncenter\"><img decoding=\"async\" width=\"525\" height=\"255\" src=\"https:\/\/nfs-sigmaringen.de\/wp-content\/uploads\/2023\/01\/2023-grundkurs-nfs-b-1024x498.jpg\" class=\"attachment-large size-large wp-post-image\" alt=\"\" style=\"max-width:768px;max-height:768px;\" srcset=\"https:\/\/nfs-sigmaringen.de\/wp-content\/uploads\/2023\/01\/2023-grundkurs-nfs-b-1024x498.jpg 1024w, https:\/\/nfs-sigmaringen.de\/wp-content\/uploads\/2023\/01\/2023-grundkurs-nfs-b-300x146.jpg 300w, https:\/\/nfs-sigmaringen.de\/wp-content\/uploads\/2023\/01\/2023-grundkurs-nfs-b-768x373.jpg 768w, https:\/\/nfs-sigmaringen.de\/wp-content\/uploads\/2023\/01\/2023-grundkurs-nfs-b-1536x747.jpg 1536w, https:\/\/nfs-sigmaringen.de\/wp-content\/uploads\/2023\/01\/2023-grundkurs-nfs-b-2048x996.jpg 2048w\" sizes=\"100vw\" \/><\/div><a class=\"wp-block-latest-posts__post-title\" href=\"https:\/\/nfs-sigmaringen.de\/?p=2357\">Grundkurs Notfallseelsorge an der Landesfeuerwehrschule<\/a><time datetime=\"2023-01-27T16:18:17+01:00\" class=\"wp-block-latest-posts__post-date\">27. Januar 2023<\/time><div class=\"wp-block-latest-posts__post-excerpt\">Karina Halder hat am Grundkurs f\u00fcr Notfallseelsorger*innen an der Landesfeuerwehrschule in Bruchsal teilgenommen. Der Kurs hatte das Ziel, die Teilnehmer*innen, nach der Phase der regionalen Fortbildungen nun weiter auf ihre Arbeit als Notfallseelsorger*innen vorzubereiten und ihnen die notwendigen Kenntnisse und F\u00e4higkeiten zu vermitteln. W\u00e4hrend des Kurses wurden Themen behandelt, die &hellip; <p class=\"link-more\"><a href=\"https:\/\/nfs-sigmaringen.de\/?p=2357\" class=\"more-link\"><span class=\"screen-reader-text\">\u201eGrundkurs Notfallseelsorge an der Landesfeuerwehrschule\u201c <\/span>weiterlesen<\/a><\/p><\/div><\/li>\n<li><div class=\"wp-block-latest-posts__featured-image aligncenter\"><img decoding=\"async\" width=\"525\" height=\"263\" src=\"https:\/\/nfs-sigmaringen.de\/wp-content\/uploads\/2023\/01\/2023-01-brunch-1-1024x512.jpg\" class=\"attachment-large size-large wp-post-image\" alt=\"\" style=\"max-width:768px;max-height:768px;\" srcset=\"https:\/\/nfs-sigmaringen.de\/wp-content\/uploads\/2023\/01\/2023-01-brunch-1-1024x512.jpg 1024w, https:\/\/nfs-sigmaringen.de\/wp-content\/uploads\/2023\/01\/2023-01-brunch-1-300x150.jpg 300w, https:\/\/nfs-sigmaringen.de\/wp-content\/uploads\/2023\/01\/2023-01-brunch-1-768x384.jpg 768w, https:\/\/nfs-sigmaringen.de\/wp-content\/uploads\/2023\/01\/2023-01-brunch-1-1536x768.jpg 1536w, https:\/\/nfs-sigmaringen.de\/wp-content\/uploads\/2023\/01\/2023-01-brunch-1-2048x1024.jpg 2048w\" sizes=\"100vw\" \/><\/div><a class=\"wp-block-latest-posts__post-title\" href=\"https:\/\/nfs-sigmaringen.de\/?p=2342\">Dankesch\u00f6n an alle Mitarbeiter*innen der AG Notfallseelsorge<\/a><time datetime=\"2023-01-22T21:06:42+01:00\" class=\"wp-block-latest-posts__post-date\">22. Januar 2023<\/time><div class=\"wp-block-latest-posts__post-excerpt\">Zum Jahresbeginn 2023 hat die AG-Notfallseelsorge alle Mitarbeitenden der drei Sektionen mit ihren Angeh\u00f6rigen zu einem Neujahrsbrunch eingeladen. Die Notfallseelsorger*innen, die Mitarbeiter*innen des Einsatzkr\u00e4fteschulungsteams und des SbE-Teams trafen sich in Pfullendorf im Kath. Gemeindehaus zu einem Brunch. Es war eine gute Gelegenheit, dass die Mitarbeitenden der Sektionen mit ihren Angeh\u00f6rigen &hellip; <p class=\"link-more\"><a href=\"https:\/\/nfs-sigmaringen.de\/?p=2342\" class=\"more-link\"><span class=\"screen-reader-text\">\u201eDankesch\u00f6n an alle Mitarbeiter*innen der AG Notfallseelsorge\u201c <\/span>weiterlesen<\/a><\/p><\/div><\/li>\n<li><div class=\"wp-block-latest-posts__featured-image aligncenter\"><img decoding=\"async\" width=\"525\" height=\"229\" src=\"https:\/\/nfs-sigmaringen.de\/wp-content\/uploads\/2023\/01\/2022-weihnachtsspende-vetter-1024x447.jpg\" class=\"attachment-large size-large wp-post-image\" alt=\"Scheck\u00fcbergabe bei der Firma Vetter\" style=\"max-width:768px;max-height:768px;\" srcset=\"https:\/\/nfs-sigmaringen.de\/wp-content\/uploads\/2023\/01\/2022-weihnachtsspende-vetter-1024x447.jpg 1024w, https:\/\/nfs-sigmaringen.de\/wp-content\/uploads\/2023\/01\/2022-weihnachtsspende-vetter-300x131.jpg 300w, https:\/\/nfs-sigmaringen.de\/wp-content\/uploads\/2023\/01\/2022-weihnachtsspende-vetter-768x336.jpg 768w, https:\/\/nfs-sigmaringen.de\/wp-content\/uploads\/2023\/01\/2022-weihnachtsspende-vetter-1536x671.jpg 1536w, https:\/\/nfs-sigmaringen.de\/wp-content\/uploads\/2023\/01\/2022-weihnachtsspende-vetter-2048x895.jpg 2048w\" sizes=\"100vw\" \/><\/div><a class=\"wp-block-latest-posts__post-title\" href=\"https:\/\/nfs-sigmaringen.de\/?p=2333\">Unterst\u00fctzung der ehrenamtlichen Arbeit<\/a><time datetime=\"2023-01-18T19:43:22+01:00\" class=\"wp-block-latest-posts__post-date\">18. Januar 2023<\/time><div class=\"wp-block-latest-posts__post-excerpt\">Die Arbeit der Notfallseelsorge, als ehrenamtliches System, finanziert sich ma\u00dfgeblich aus Spenden. Auch in diesem Jahr hat die Notfallseelsorge im Landkreis Sigmaringen wieder einige Spenden erhalten, mit denen es uns m\u00f6glich ist unseren t\u00e4glichen Dienst, die Einsatzkleidung, die Einsatzmaterialien, Funkger\u00e4te und die Fortbildung der Mitarbeiter*innen zu finanzieren. Wir bedanken uns &hellip; <p class=\"link-more\"><a href=\"https:\/\/nfs-sigmaringen.de\/?p=2333\" class=\"more-link\"><span class=\"screen-reader-text\">\u201eUnterst\u00fctzung der ehrenamtlichen Arbeit\u201c <\/span>weiterlesen<\/a><\/p><\/div><\/li>\n<li><div class=\"wp-block-latest-posts__featured-image aligncenter\"><img decoding=\"async\" width=\"525\" height=\"220\" src=\"https:\/\/nfs-sigmaringen.de\/wp-content\/uploads\/2022\/11\/2022-11-24-psnv-kraefte-1024x429.jpg\" class=\"attachment-large size-large wp-post-image\" alt=\"\" style=\"max-width:768px;max-height:768px;\" srcset=\"https:\/\/nfs-sigmaringen.de\/wp-content\/uploads\/2022\/11\/2022-11-24-psnv-kraefte-1024x429.jpg 1024w, https:\/\/nfs-sigmaringen.de\/wp-content\/uploads\/2022\/11\/2022-11-24-psnv-kraefte-300x126.jpg 300w, https:\/\/nfs-sigmaringen.de\/wp-content\/uploads\/2022\/11\/2022-11-24-psnv-kraefte-768x322.jpg 768w, https:\/\/nfs-sigmaringen.de\/wp-content\/uploads\/2022\/11\/2022-11-24-psnv-kraefte-1536x644.jpg 1536w, https:\/\/nfs-sigmaringen.de\/wp-content\/uploads\/2022\/11\/2022-11-24-psnv-kraefte-2048x859.jpg 2048w\" sizes=\"100vw\" \/><\/div><a class=\"wp-block-latest-posts__post-title\" href=\"https:\/\/nfs-sigmaringen.de\/?p=2231\">Neue PSNV-Kr\u00e4fte im Landkreis Sigmaringen<\/a><time datetime=\"2022-11-26T13:07:32+01:00\" class=\"wp-block-latest-posts__post-date\">26. November 2022<\/time><div class=\"wp-block-latest-posts__post-excerpt\">Die neuen PSNV-Einsatzkr\u00e4fte, Jessica B\u00fchler, Annette Kaulbarsch und Silke Tobler nahmen am dritten und abschlie\u00dfenden Kursteil f\u00fcr NotfallseelsorgerInnen der kirchlichen Systeme teil, der im Sch\u00f6nstattzentrum Liebfrauenh\u00f6he in Ergenzingen stattfand. Vom 21.11.2022 bis 24.11.2022 setzten sich die insgesamt 32 KursteilnehmerInnen aus ganz Baden-W\u00fcrttemberg mit den Themen Psychotraumatologie, Suizid, Umgang mit Sterben\/ &hellip; <p class=\"link-more\"><a href=\"https:\/\/nfs-sigmaringen.de\/?p=2231\" class=\"more-link\"><span class=\"screen-reader-text\">\u201eNeue PSNV-Kr\u00e4fte im Landkreis Sigmaringen\u201c <\/span>weiterlesen<\/a><\/p><\/div><\/li>\n<li><div class=\"wp-block-latest-posts__featured-image aligncenter\"><img decoding=\"async\" width=\"525\" height=\"291\" src=\"https:\/\/nfs-sigmaringen.de\/wp-content\/uploads\/2022\/11\/2022-psnv-uebungstag-1-1024x567.jpg\" class=\"attachment-large size-large wp-post-image\" alt=\"\" style=\"max-width:768px;max-height:768px;\" srcset=\"https:\/\/nfs-sigmaringen.de\/wp-content\/uploads\/2022\/11\/2022-psnv-uebungstag-1-1024x567.jpg 1024w, https:\/\/nfs-sigmaringen.de\/wp-content\/uploads\/2022\/11\/2022-psnv-uebungstag-1-300x166.jpg 300w, https:\/\/nfs-sigmaringen.de\/wp-content\/uploads\/2022\/11\/2022-psnv-uebungstag-1-768x426.jpg 768w, https:\/\/nfs-sigmaringen.de\/wp-content\/uploads\/2022\/11\/2022-psnv-uebungstag-1-1536x851.jpg 1536w, https:\/\/nfs-sigmaringen.de\/wp-content\/uploads\/2022\/11\/2022-psnv-uebungstag-1-2048x1135.jpg 2048w\" sizes=\"100vw\" \/><\/div><a class=\"wp-block-latest-posts__post-title\" href=\"https:\/\/nfs-sigmaringen.de\/?p=2216\">\u00dcbungstag Psychosoziale Notfallversorgung<\/a><time datetime=\"2022-11-10T12:48:00+01:00\" class=\"wp-block-latest-posts__post-date\">10. November 2022<\/time><div class=\"wp-block-latest-posts__post-excerpt\">Die MitarbeiterInnen der Psychosozialen Notfallversorgung im Landkreis Sigmaringen trafen sich zu ihrem Ausbildungs- und \u00dcbungstag im Feuerwehrger\u00e4tehaus Sigmaringen. Nach der langen Zeit der Pandemie haben alle es sehr gesch\u00e4tzt, sich wieder zur Ausbildung in Pr\u00e4senz treffen zu k\u00f6nnen. Als Themen standen insbesondere Alarmierungstrukturen und Einsatztaktische \u00dcberlegungen im Mittelpunkt des \u00dcbungstages. &hellip; <p class=\"link-more\"><a href=\"https:\/\/nfs-sigmaringen.de\/?p=2216\" class=\"more-link\"><span class=\"screen-reader-text\">\u201e\u00dcbungstag Psychosoziale Notfallversorgung\u201c <\/span>weiterlesen<\/a><\/p><\/div><\/li>\n<li><div class=\"wp-block-latest-posts__featured-image aligncenter\"><img decoding=\"async\" width=\"525\" height=\"321\" src=\"https:\/\/nfs-sigmaringen.de\/wp-content\/uploads\/2022\/10\/2022-leiter-psnv-schramm-k-1024x627.jpg\" class=\"attachment-large size-large wp-post-image\" alt=\"\" style=\"max-width:768px;max-height:768px;\" srcset=\"https:\/\/nfs-sigmaringen.de\/wp-content\/uploads\/2022\/10\/2022-leiter-psnv-schramm-k-1024x627.jpg 1024w, https:\/\/nfs-sigmaringen.de\/wp-content\/uploads\/2022\/10\/2022-leiter-psnv-schramm-k-300x184.jpg 300w, https:\/\/nfs-sigmaringen.de\/wp-content\/uploads\/2022\/10\/2022-leiter-psnv-schramm-k-768x471.jpg 768w, https:\/\/nfs-sigmaringen.de\/wp-content\/uploads\/2022\/10\/2022-leiter-psnv-schramm-k-1536x941.jpg 1536w, https:\/\/nfs-sigmaringen.de\/wp-content\/uploads\/2022\/10\/2022-leiter-psnv-schramm-k-2048x1255.jpg 2048w\" sizes=\"100vw\" \/><\/div><a class=\"wp-block-latest-posts__post-title\" href=\"https:\/\/nfs-sigmaringen.de\/?p=2132\">Neuer Leiter \/ Fachberater PSNV ausgebildet<\/a><time datetime=\"2022-10-14T21:07:00+02:00\" class=\"wp-block-latest-posts__post-date\">14. Oktober 2022<\/time><div class=\"wp-block-latest-posts__post-excerpt\">An der Landesfeuerwehrschule in Bruchsal hat Johannes Schramm den einw\u00f6chigen Ausbildungskurs zum Leiter bzw. Fachberater PSNV erfolgreich abgeschlossen. Aufbauend auf der Grundausbildung in PSNV hat er Kenntnisse und F\u00e4higkeiten erworben, um einen gr\u00f6\u00dferen&nbsp;PSNV-Einsatz zu leiten und in taktischen St\u00e4ben mitzuarbeiten zu k\u00f6nnen. Die F\u00fchrungsgruppe der PSNV-Sigmaringen freut sich \u00fcber diese &hellip; <p class=\"link-more\"><a href=\"https:\/\/nfs-sigmaringen.de\/?p=2132\" class=\"more-link\"><span class=\"screen-reader-text\">\u201eNeuer Leiter \/ Fachberater PSNV ausgebildet\u201c <\/span>weiterlesen<\/a><\/p><\/div><\/li>\n<\/ul><div style=\"display:flex; gap:10px;justify-content:center\" class=\"wps-pgfw-pdf-generate-icon__wrapper-frontend\">\n\t\t<a  href=\"https:\/\/nfs-sigmaringen.de?action=genpdf&amp;id=394\" class=\"pgfw-single-pdf-download-button\" ><img src=\"https:\/\/nfs-sigmaringen.de\/wp-content\/plugins\/pdf-generator-for-wp\/admin\/src\/images\/PDF_Tray.svg\" title=\"Generate PDF\" style=\"width:auto; height:45px;\"><\/a>\n\t\t<\/div>","protected":false},"excerpt":{"rendered":"<p>Unsere Neuigkeiten Hier finden Sie unsere neuesten Beitr\u00e4ge in chronologischer Abfolge. Sollten Sie sich f\u00fcr spezielle Bereiche unserer Arbeit interessieren, so w\u00e4hlen Sie im Menue oben die entsprechende Kategorie aus.<\/p>\n","protected":false},"author":1,"featured_media":0,"parent":0,"menu_order":0,"comment_status":"closed","ping_status":"closed","template":"","meta":{"ngg_post_thumbnail":0,"footnotes":""},"class_list":["post-394","page","type-page","status-publish","hentry"],"_links":{"self":[{"href":"https:\/\/nfs-sigmaringen.de\/index.php?rest_route=\/wp\/v2\/pages\/394","targetHints":{"allow":["GET"]}}],"collection":[{"href":"https:\/\/nfs-sigmaringen.de\/index.php?rest_route=\/wp\/v2\/pages"}],"about":[{"href":"https:\/\/nfs-sigmaringen.de\/index.php?rest_route=\/wp\/v2\/types\/page"}],"author":[{"embeddable":true,"href":"https:\/\/nfs-sigmaringen.de\/index.php?rest_route=\/wp\/v2\/users\/1"}],"replies":[{"embeddable":true,"href":"https:\/\/nfs-sigmaringen.de\/index.php?rest_route=%2Fwp%2Fv2%2Fcomments&post=394"}],"version-history":[{"count":18,"href":"https:\/\/nfs-sigmaringen.de\/index.php?rest_route=\/wp\/v2\/pages\/394\/revisions"}],"predecessor-version":[{"id":4614,"href":"https:\/\/nfs-sigmaringen.de\/index.php?rest_route=\/wp\/v2\/pages\/394\/revisions\/4614"}],"wp:attachment":[{"href":"https:\/\/nfs-sigmaringen.de\/index.php?rest_route=%2Fwp%2Fv2%2Fmedia&parent=394"}],"curies":[{"name":"wp","href":"https:\/\/api.w.org\/{rel}","templated":true}]}}